{"id":11920,"date":"2022-11-23T10:54:54","date_gmt":"2022-11-23T09:54:54","guid":{"rendered":"https:\/\/c-proactif.org\/?page_id=11920"},"modified":"2022-11-23T11:50:12","modified_gmt":"2022-11-23T10:50:12","slug":"climat-travail-priere","status":"publish","type":"page","link":"https:\/\/wp-sites.ccci.org\/c-proactif\/priere\/climat-travail-priere\/","title":{"rendered":"Enjeux climatiques : une r\u00e9ponse chr\u00e9tienne ?"},"content":{"rendered":"\t\t<div data-elementor-type=\"wp-page\" data-elementor-id=\"11920\" class=\"elementor elementor-11920\" data-elementor-post-type=\"page\">\n\t\t\t\t\t\t<section data-particle_enable=\"false\" data-particle-mobile-disabled=\"false\" class=\"elementor-section elementor-top-section elementor-element elementor-element-96254f9 elementor-section-boxed elementor-section-height-default elementor-section-height-default\" data-id=\"96254f9\" data-element_type=\"section\">\n\t\t\t\t\t\t<div class=\"elementor-container elementor-column-gap-default\">\n\t\t\t\t\t<div class=\"elementor-column elementor-col-100 elementor-top-column elementor-element elementor-element-4337449\" data-id=\"4337449\" data-element_type=\"column\">\n\t\t\t<div class=\"elementor-widget-wrap elementor-element-populated\">\n\t\t\t\t\t\t<div class=\"elementor-element elementor-element-5fc282f elementor-widget elementor-widget-text-editor\" data-id=\"5fc282f\" data-element_type=\"widget\" data-widget_type=\"text-editor.default\">\n\t\t\t\t<div class=\"elementor-widget-container\">\n\t\t\t\t\t\t\t\t\t<blockquote><p><strong>La cr\u00e9ation a \u00e9t\u00e9 soumise \u00e0 la vanit\u00e9, -non de son gr\u00e9 &#8211; (&#8230;) avec l&rsquo;esp\u00e9rance qu&rsquo;elle aussi sera affranchie de la servitude de la corruption, pour avoir part \u00e0 la libert\u00e9 de la gloire des enfants de Dieu. Or, nous savons que, jusqu&rsquo;\u00e0 ce jour, la cr\u00e9ation tout enti\u00e8re soupire et souffre les douleurs de l&rsquo;enfantement&#8230;\u00a0\u00bb Rom 8: 20-22<\/strong><\/p><\/blockquote>\t\t\t\t\t\t\t\t<\/div>\n\t\t\t\t<\/div>\n\t\t\t\t\t<\/div>\n\t\t<\/div>\n\t\t\t\t\t<\/div>\n\t\t<\/section>\n\t\t\t\t<section data-particle_enable=\"false\" data-particle-mobile-disabled=\"false\" class=\"elementor-section elementor-top-section elementor-element elementor-element-bb9429e elementor-section-boxed elementor-section-height-default elementor-section-height-default\" data-id=\"bb9429e\" data-element_type=\"section\">\n\t\t\t\t\t\t<div class=\"elementor-container elementor-column-gap-default\">\n\t\t\t\t\t<div class=\"elementor-column elementor-col-100 elementor-top-column elementor-element elementor-element-20b189f\" data-id=\"20b189f\" data-element_type=\"column\">\n\t\t\t<div class=\"elementor-widget-wrap elementor-element-populated\">\n\t\t\t\t\t\t<div class=\"elementor-element elementor-element-19a0d44 elementor-widget elementor-widget-image\" data-id=\"19a0d44\" data-element_type=\"widget\" data-widget_type=\"image.default\">\n\t\t\t\t<div class=\"elementor-widget-container\">\n\t\t\t\t\t\t\t\t\t\t\t\t\t\t\t\t<a href=\"https:\/\/youtu.be\/6fR4_sRnS7g\" target=\"_blank\">\n\t\t\t\t\t\t\t<img fetchpriority=\"high\" decoding=\"async\" width=\"1186\" height=\"664\" src=\"https:\/\/wp-sites.ccci.org\/c-proactif\/wp-content\/uploads\/sites\/393\/2022\/11\/photo-climat.png\" class=\"attachment-full size-full wp-image-11923\" alt=\"\" srcset=\"https:\/\/wp-sites.ccci.org\/c-proactif\/wp-content\/uploads\/sites\/393\/2022\/11\/photo-climat.png 1186w, https:\/\/wp-sites.ccci.org\/c-proactif\/wp-content\/uploads\/sites\/393\/2022\/11\/photo-climat.png?resize=300,168 300w, https:\/\/wp-sites.ccci.org\/c-proactif\/wp-content\/uploads\/sites\/393\/2022\/11\/photo-climat.png?resize=768,430 768w, https:\/\/wp-sites.ccci.org\/c-proactif\/wp-content\/uploads\/sites\/393\/2022\/11\/photo-climat.png?resize=1024,573 1024w\" sizes=\"(max-width: 1186px) 100vw, 1186px\" \/>\t\t\t\t\t\t\t\t<\/a>\n\t\t\t\t\t\t\t\t\t\t\t\t\t\t\t<\/div>\n\t\t\t\t<\/div>\n\t\t\t\t\t<\/div>\n\t\t<\/div>\n\t\t\t\t\t<\/div>\n\t\t<\/section>\n\t\t\t\t<section data-particle_enable=\"false\" data-particle-mobile-disabled=\"false\" class=\"elementor-section elementor-top-section elementor-element elementor-element-d479aa3 elementor-section-boxed elementor-section-height-default elementor-section-height-default\" data-id=\"d479aa3\" data-element_type=\"section\">\n\t\t\t\t\t\t<div class=\"elementor-container elementor-column-gap-default\">\n\t\t\t\t\t<div class=\"elementor-column elementor-col-66 elementor-top-column elementor-element elementor-element-a4111b9\" data-id=\"a4111b9\" data-element_type=\"column\">\n\t\t\t<div class=\"elementor-widget-wrap elementor-element-populated\">\n\t\t\t\t\t\t<div class=\"elementor-element elementor-element-88061f2 elementor-widget elementor-widget-text-editor\" data-id=\"88061f2\" data-element_type=\"widget\" data-widget_type=\"text-editor.default\">\n\t\t\t\t<div class=\"elementor-widget-container\">\n\t\t\t\t\t\t\t\t\t<p>Alors que les nations se concertent \u00e0 la COP 27, nous avons voulu nous interroger sur la r\u00e9ponse sp\u00e9cifique de l&rsquo;Eglise aux questions du climat. Au del\u00e0 de l&rsquo;anxi\u00e9t\u00e9, du d\u00e9faitisme, de l&rsquo;attente f\u00e9brile du retour de J\u00e9sus &#8230;<\/p><ul><li><strong>Quelle est notre responsabilit\u00e9 ?\u00a0<\/strong><\/li><li><strong>C<\/strong><strong style=\"font-size: 16px\">omment pouvons prier pour toutes ces questions ? <\/strong><\/li><li><strong style=\"font-size: 16px\">Et aussi comment agir ?\u00a0\u00a0<\/strong><\/li><\/ul><p>En tant que membres du r\u00e9seau C-PROACTIF, qui avons \u00e0 coeur de \u00ab\u00a0penser notre travail\u00a0\u00bb pour mieux discerner les attentes de Dieu pour notre temps, nous avons demand\u00e9 \u00e0 l&rsquo;association A ROCHA, qui travaille sur ce th\u00e8me depuis de nombreuses ann\u00e9es, de nous proposer <strong>une rencontre d&rsquo;information et de pri\u00e8re \u00e0 ce sujet.<\/strong><\/p><p>En effet, nous ne voulons pas nous d\u00e9rober devant ce qui est face \u00e0 nous mais plut\u00f4t <strong>chercher ensemble ce que le Seigneur veut nous dire pour contribuer, en tant que chr\u00e9tiens au travail, \u00e0 faire partie de la solution !<\/strong><\/p><p>Dans ces documents (video du replay et pdf de la pr\u00e9sentation) vous trouverez beaucoup d&rsquo;informations factuelles mais aussi des sujets de pri\u00e8re et des pistes d&rsquo;actions. <strong>N&rsquo;h\u00e9sitez pas \u00e0 y revenir aussi souvent que n\u00e9cessaire pour les diffuser aupr\u00e8s de vos amis mais aussi dans vos \u00e9glises o\u00f9 ces sujets sont trop souvent mis de c\u00f4t\u00e9.\u00a0<\/strong><\/p><p>\u00a0<\/p>\t\t\t\t\t\t\t\t<\/div>\n\t\t\t\t<\/div>\n\t\t\t\t\t<\/div>\n\t\t<\/div>\n\t\t\t\t<div class=\"elementor-column elementor-col-33 elementor-top-column elementor-element elementor-element-2fc020b\" data-id=\"2fc020b\" data-element_type=\"column\">\n\t\t\t<div class=\"elementor-widget-wrap elementor-element-populated\">\n\t\t\t\t\t\t<section data-particle_enable=\"false\" data-particle-mobile-disabled=\"false\" class=\"elementor-section elementor-inner-section elementor-element elementor-element-3b8a23f elementor-section-boxed elementor-section-height-default elementor-section-height-default\" data-id=\"3b8a23f\" data-element_type=\"section\">\n\t\t\t\t\t\t<div class=\"elementor-container elementor-column-gap-default\">\n\t\t\t\t\t<div class=\"elementor-column elementor-col-100 elementor-inner-column elementor-element elementor-element-fef6ed9\" data-id=\"fef6ed9\" data-element_type=\"column\">\n\t\t\t<div class=\"elementor-widget-wrap elementor-element-populated\">\n\t\t\t\t\t\t<div class=\"elementor-element elementor-element-be43247 elementor-widget elementor-widget-text-editor\" data-id=\"be43247\" data-element_type=\"widget\" data-widget_type=\"text-editor.default\">\n\t\t\t\t<div class=\"elementor-widget-container\">\n\t\t\t\t\t\t\t\t\t<h3 style=\"text-align: center\"><strong><span style=\"color: #ff6600\">Le replay de la conf\u00e9rence, avec les questions et t\u00e9moignages des participants est accessible gratuitement !\u00a0<\/span><\/strong><\/h3><div><strong>\u00a0<\/strong><\/div>\t\t\t\t\t\t\t\t<\/div>\n\t\t\t\t<\/div>\n\t\t\t\t\t<\/div>\n\t\t<\/div>\n\t\t\t\t\t<\/div>\n\t\t<\/section>\n\t\t\t\t<section data-particle_enable=\"false\" data-particle-mobile-disabled=\"false\" class=\"elementor-section elementor-inner-section elementor-element elementor-element-a804b91 elementor-section-boxed elementor-section-height-default elementor-section-height-default\" data-id=\"a804b91\" data-element_type=\"section\">\n\t\t\t\t\t\t<div class=\"elementor-container elementor-column-gap-default\">\n\t\t\t\t\t<div class=\"elementor-column elementor-col-100 elementor-inner-column elementor-element elementor-element-a51ec14\" data-id=\"a51ec14\" data-element_type=\"column\">\n\t\t\t<div class=\"elementor-widget-wrap elementor-element-populated\">\n\t\t\t\t\t\t<div class=\"elementor-element elementor-element-816c3af elementor-align-center elementor-widget elementor-widget-button\" data-id=\"816c3af\" data-element_type=\"widget\" data-widget_type=\"button.default\">\n\t\t\t\t<div class=\"elementor-widget-container\">\n\t\t\t\t\t\t\t\t\t<div class=\"elementor-button-wrapper\">\n\t\t\t\t\t<a class=\"elementor-button elementor-button-link elementor-size-sm\" href=\"https:\/\/youtu.be\/0ZTdZXHT9yw\" target=\"_blank\">\n\t\t\t\t\t\t<span class=\"elementor-button-content-wrapper\">\n\t\t\t\t\t\t\t\t\t<span class=\"elementor-button-text\">VOIR LE REPLAY <\/span>\n\t\t\t\t\t<\/span>\n\t\t\t\t\t<\/a>\n\t\t\t\t<\/div>\n\t\t\t\t\t\t\t\t<\/div>\n\t\t\t\t<\/div>\n\t\t\t\t\t<\/div>\n\t\t<\/div>\n\t\t\t\t\t<\/div>\n\t\t<\/section>\n\t\t\t\t<section data-particle_enable=\"false\" data-particle-mobile-disabled=\"false\" class=\"elementor-section elementor-inner-section elementor-element elementor-element-428abef elementor-section-boxed elementor-section-height-default elementor-section-height-default\" data-id=\"428abef\" data-element_type=\"section\">\n\t\t\t\t\t\t<div class=\"elementor-container elementor-column-gap-default\">\n\t\t\t\t\t<div class=\"elementor-column elementor-col-100 elementor-inner-column elementor-element elementor-element-e7189db\" data-id=\"e7189db\" data-element_type=\"column\">\n\t\t\t<div class=\"elementor-widget-wrap elementor-element-populated\">\n\t\t\t\t\t\t<div class=\"elementor-element elementor-element-6cde324 elementor-align-center elementor-widget elementor-widget-button\" data-id=\"6cde324\" data-element_type=\"widget\" data-widget_type=\"button.default\">\n\t\t\t\t<div class=\"elementor-widget-container\">\n\t\t\t\t\t\t\t\t\t<div class=\"elementor-button-wrapper\">\n\t\t\t\t\t<a class=\"elementor-button elementor-button-link elementor-size-sm\" href=\"https:\/\/wp-sites.ccci.org\/c-proactif\/\/wp-content\/uploads\/sites\/393\/2022\/11\/Info-priere-enjeux-climatiques-C-Proactif-et-A-Rocha.pdf\" target=\"_blank\">\n\t\t\t\t\t\t<span class=\"elementor-button-content-wrapper\">\n\t\t\t\t\t\t\t\t\t<span class=\"elementor-button-text\">PDF DE LA CONFERENCE <\/span>\n\t\t\t\t\t<\/span>\n\t\t\t\t\t<\/a>\n\t\t\t\t<\/div>\n\t\t\t\t\t\t\t\t<\/div>\n\t\t\t\t<\/div>\n\t\t\t\t\t<\/div>\n\t\t<\/div>\n\t\t\t\t\t<\/div>\n\t\t<\/section>\n\t\t\t\t\t<\/div>\n\t\t<\/div>\n\t\t\t\t\t<\/div>\n\t\t<\/section>\n\t\t\t\t<section data-particle_enable=\"false\" data-particle-mobile-disabled=\"false\" class=\"elementor-section elementor-top-section elementor-element elementor-element-a7b750e elementor-section-boxed elementor-section-height-default elementor-section-height-default\" data-id=\"a7b750e\" data-element_type=\"section\" data-settings=\"{&quot;background_background&quot;:&quot;classic&quot;}\">\n\t\t\t\t\t\t<div class=\"elementor-container elementor-column-gap-default\">\n\t\t\t\t\t<div class=\"elementor-column elementor-col-66 elementor-top-column elementor-element elementor-element-f181ec9\" data-id=\"f181ec9\" data-element_type=\"column\">\n\t\t\t<div class=\"elementor-widget-wrap elementor-element-populated\">\n\t\t\t\t\t\t<div class=\"elementor-element elementor-element-86c4fba elementor-widget elementor-widget-text-editor\" data-id=\"86c4fba\" data-element_type=\"widget\" data-widget_type=\"text-editor.default\">\n\t\t\t\t<div class=\"elementor-widget-container\">\n\t\t\t\t\t\t\t\t\t<p dir=\"ltr\"><span style=\"color: #ffffff\">Et si, \u00e0 la suite de cette rencontre, vous avez envie de d\u00e9couvrir les actions possibles et comment vous impliquer davantage, vous pouvez :\u00a0<\/span><\/p><ol><li dir=\"ltr\"><span style=\"color: #ffffff\">visiter le site internet <a href=\"https:\/\/france.arocha.org\/fr\">d&rsquo;A Rocha<\/a><\/span><a href=\"https:\/\/france.arocha.org\/fr\/\"><span style=\"color: #ffffff\">,<\/span><\/a><\/li><li dir=\"ltr\"><span style=\"color: #ffffff\">revoir la vid\u00e9o de pr\u00e9sentation de l&rsquo;association (4&rsquo;30),<\/span><\/li><li dir=\"ltr\"><span style=\"color: #ffffff\">d\u00e9couvrir les prochaines dates de <a href=\"https:\/\/france.arocha.org\/fr\/news\/a-vos-agendas\">l&rsquo;agenda,<\/a> ou encore<\/span><\/li><li dir=\"ltr\"><span style=\"color: #ffffff\">suivre les actualit\u00e9s sur<a href=\"https:\/\/www.facebook.com\/arochafrance\"> Facebook<\/a>, ou<a href=\"https:\/\/www.youtube.com\/c\/arochafrance\"> la cha\u00eene Youtube.<\/a><\/span><\/li><\/ol><p dir=\"ltr\"><span style=\"color: #ffffff\">Et pour \u00eatre s\u00fbr de ne rien manquer, inscrivez-vous \u00e0 &#8211; leur <a href=\"https:\/\/france.arocha.org\/fr\/enews\/\">lettre de nouvelles mensuelle.<\/a><\/span><\/p>\t\t\t\t\t\t\t\t<\/div>\n\t\t\t\t<\/div>\n\t\t\t\t\t<\/div>\n\t\t<\/div>\n\t\t\t\t<div class=\"elementor-column elementor-col-33 elementor-top-column elementor-element elementor-element-03c8cae\" data-id=\"03c8cae\" data-element_type=\"column\">\n\t\t\t<div class=\"elementor-widget-wrap elementor-element-populated\">\n\t\t\t\t\t\t<div class=\"elementor-element elementor-element-5c0ad3b elementor-widget elementor-widget-image\" data-id=\"5c0ad3b\" data-element_type=\"widget\" data-widget_type=\"image.default\">\n\t\t\t\t<div class=\"elementor-widget-container\">\n\t\t\t\t\t\t\t\t\t\t\t\t\t\t\t\t<a href=\"https:\/\/france.arocha.org\/fr\/\" target=\"_blank\">\n\t\t\t\t\t\t\t<img decoding=\"async\" src=\"https:\/\/wp-sites.ccci.org\/c-proactif\/wp-content\/uploads\/sites\/393\/2022\/11\/LOGO-A-ROCHA.png?w=300\" title=\"LOGO A ROCHA\" alt=\"LOGO A ROCHA\" loading=\"lazy\" \/>\t\t\t\t\t\t\t\t<\/a>\n\t\t\t\t\t\t\t\t\t\t\t\t\t\t\t<\/div>\n\t\t\t\t<\/div>\n\t\t\t\t<section data-particle_enable=\"false\" data-particle-mobile-disabled=\"false\" class=\"elementor-section elementor-inner-section elementor-element elementor-element-1faa2a6 elementor-section-boxed elementor-section-height-default elementor-section-height-default\" data-id=\"1faa2a6\" data-element_type=\"section\">\n\t\t\t\t\t\t<div class=\"elementor-container elementor-column-gap-default\">\n\t\t\t\t\t<div class=\"elementor-column elementor-col-100 elementor-inner-column elementor-element elementor-element-2d4e25d\" data-id=\"2d4e25d\" data-element_type=\"column\">\n\t\t\t<div class=\"elementor-widget-wrap elementor-element-populated\">\n\t\t\t\t\t\t<div class=\"elementor-element elementor-element-df129c2 elementor-widget elementor-widget-text-editor\" data-id=\"df129c2\" data-element_type=\"widget\" data-widget_type=\"text-editor.default\">\n\t\t\t\t<div class=\"elementor-widget-container\">\n\t\t\t\t\t\t\t\t\t<p><strong><span style=\"color: #ffffff\">C&rsquo;est avec <a href=\"https:\/\/france.arocha.org\/fr\/\">l&rsquo;association A Rocha<\/a>, sp\u00e9cialiste de ces questions d&rsquo;environnement, que nous avons construit ce programme d&rsquo;enseignement et de pri\u00e8re.<\/span><\/strong><\/p>\t\t\t\t\t\t\t\t<\/div>\n\t\t\t\t<\/div>\n\t\t\t\t\t<\/div>\n\t\t<\/div>\n\t\t\t\t\t<\/div>\n\t\t<\/section>\n\t\t\t\t\t<\/div>\n\t\t<\/div>\n\t\t\t\t\t<\/div>\n\t\t<\/section>\n\t\t\t\t<\/div>\n\t\t","protected":false},"excerpt":{"rendered":"<p>La cr\u00e9ation a \u00e9t\u00e9 soumise \u00e0 la vanit\u00e9, -non de son gr\u00e9 &#8211; (&#8230;) avec l&rsquo;esp\u00e9rance qu&rsquo;elle aussi sera affranchie de la servitude de la corruption, pour avoir part \u00e0 [&hellip;]<\/p>\n","protected":false},"author":14333,"featured_media":0,"parent":3594,"menu_order":0,"comment_status":"closed","ping_status":"closed","template":"","meta":{"site-sidebar-layout":"default","site-content-layout":"default","ast-site-content-layout":"default","site-content-style":"default","site-sidebar-style":"default","ast-global-header-display":"","ast-banner-title-visibility":"","ast-main-header-display":"","ast-hfb-above-header-display":"","ast-hfb-below-header-display":"","ast-hfb-mobile-header-display":"","site-post-title":"","ast-breadcrumbs-content":"","ast-featured-img":"","footer-sml-layout":"","ast-disable-related-posts":"","theme-transparent-header-meta":"default","adv-header-id-meta":"","stick-header-meta":"","header-above-stick-meta":"","header-main-stick-meta":"","header-below-stick-meta":"","astra-migrate-meta-layouts":"default","ast-page-background-enabled":"default","ast-page-background-meta":{"desktop":{"background-color":"","background-image":"","background-repeat":"repeat","background-position":"center center","background-size":"auto","background-attachment":"scroll","background-type":"","background-media":"","overlay-type":"","overlay-color":"","overlay-opacity":"","overlay-gradient":""},"tablet":{"background-color":"","background-image":"","background-repeat":"repeat","background-position":"center center","background-size":"auto","background-attachment":"scroll","background-type":"","background-media":"","overlay-type":"","overlay-color":"","overlay-opacity":"","overlay-gradient":""},"mobile":{"background-color":"","background-image":"","background-repeat":"repeat","background-position":"center center","background-size":"auto","background-attachment":"scroll","background-type":"","background-media":"","overlay-type":"","overlay-color":"","overlay-opacity":"","overlay-gradient":""}},"ast-content-background-meta":{"desktop":{"background-color":"var(--ast-global-color-5)","background-image":"","background-repeat":"repeat","background-position":"center center","background-size":"auto","background-attachment":"scroll","background-type":"","background-media":"","overlay-type":"","overlay-color":"","overlay-opacity":"","overlay-gradient":""},"tablet":{"background-color":"var(--ast-global-color-5)","background-image":"","background-repeat":"repeat","background-position":"center center","background-size":"auto","background-attachment":"scroll","background-type":"","background-media":"","overlay-type":"","overlay-color":"","overlay-opacity":"","overlay-gradient":""},"mobile":{"background-color":"var(--ast-global-color-5)","background-image":"","background-repeat":"repeat","background-position":"center center","background-size":"auto","background-attachment":"scroll","background-type":"","background-media":"","overlay-type":"","overlay-color":"","overlay-opacity":"","overlay-gradient":""}},"footnotes":""},"class_list":["post-11920","page","type-page","status-publish","hentry"],"yoast_head":"<!-- This site is optimized with the Yoast SEO plugin v26.7 - https:\/\/yoast.com\/wordpress\/plugins\/seo\/ -->\n<title>Enjeux climatiques : une r\u00e9ponse chr\u00e9tienne ? - C-PROACTIF<\/title>\n<meta name=\"description\" content=\"D\u00e9couvrez comment faire entrer le climat dans notre \u00e9quation de chr\u00e9tien au travail. Soir\u00e9e d&#039;information et de priere avec A Rocha\" \/>\n<meta name=\"robots\" content=\"noindex, follow, max-snippet:-1, max-image-preview:large, max-video-preview:-1\" \/>\n<meta property=\"og:locale\" content=\"fr_FR\" \/>\n<meta property=\"og:type\" content=\"article\" \/>\n<meta property=\"og:title\" content=\"Enjeux climatiques : une r\u00e9ponse chr\u00e9tienne ? - C-PROACTIF\" \/>\n<meta property=\"og:description\" content=\"D\u00e9couvrez comment faire entrer le climat dans notre \u00e9quation de chr\u00e9tien au travail. Soir\u00e9e d&#039;information et de priere avec A Rocha\" \/>\n<meta property=\"og:url\" content=\"https:\/\/wp-sites.ccci.org\/c-proactif\/priere\/climat-travail-priere\/\" \/>\n<meta property=\"og:site_name\" content=\"C-PROACTIF\" \/>\n<meta property=\"article:modified_time\" content=\"2022-11-23T10:50:12+00:00\" \/>\n<meta property=\"og:image\" content=\"https:\/\/c-proactif.org\/wp-content\/uploads\/sites\/393\/2022\/11\/photo-climat.png\" \/>\n<meta name=\"twitter:card\" content=\"summary_large_image\" \/>\n<meta name=\"twitter:label1\" content=\"Dur\u00e9e de lecture estim\u00e9e\" \/>\n\t<meta name=\"twitter:data1\" content=\"3 minutes\" \/>\n<script type=\"application\/ld+json\" class=\"yoast-schema-graph\">{\"@context\":\"https:\/\/schema.org\",\"@graph\":[{\"@type\":\"WebPage\",\"@id\":\"https:\/\/wp-sites.ccci.org\/c-proactif\/priere\/climat-travail-priere\/\",\"url\":\"https:\/\/wp-sites.ccci.org\/c-proactif\/priere\/climat-travail-priere\/\",\"name\":\"Enjeux climatiques : une r\u00e9ponse chr\u00e9tienne ? - C-PROACTIF\",\"isPartOf\":{\"@id\":\"https:\/\/wp-sites.ccci.org\/c-proactif\/#website\"},\"primaryImageOfPage\":{\"@id\":\"https:\/\/wp-sites.ccci.org\/c-proactif\/priere\/climat-travail-priere\/#primaryimage\"},\"image\":{\"@id\":\"https:\/\/wp-sites.ccci.org\/c-proactif\/priere\/climat-travail-priere\/#primaryimage\"},\"thumbnailUrl\":\"https:\/\/c-proactif.org\/wp-content\/uploads\/sites\/393\/2022\/11\/photo-climat.png\",\"datePublished\":\"2022-11-23T09:54:54+00:00\",\"dateModified\":\"2022-11-23T10:50:12+00:00\",\"description\":\"D\u00e9couvrez comment faire entrer le climat dans notre \u00e9quation de chr\u00e9tien au travail. Soir\u00e9e d'information et de priere avec A Rocha\",\"breadcrumb\":{\"@id\":\"https:\/\/wp-sites.ccci.org\/c-proactif\/priere\/climat-travail-priere\/#breadcrumb\"},\"inLanguage\":\"fr-FR\",\"potentialAction\":[{\"@type\":\"ReadAction\",\"target\":[\"https:\/\/wp-sites.ccci.org\/c-proactif\/priere\/climat-travail-priere\/\"]}]},{\"@type\":\"ImageObject\",\"inLanguage\":\"fr-FR\",\"@id\":\"https:\/\/wp-sites.ccci.org\/c-proactif\/priere\/climat-travail-priere\/#primaryimage\",\"url\":\"https:\/\/c-proactif.org\/wp-content\/uploads\/sites\/393\/2022\/11\/photo-climat.png\",\"contentUrl\":\"https:\/\/c-proactif.org\/wp-content\/uploads\/sites\/393\/2022\/11\/photo-climat.png\"},{\"@type\":\"BreadcrumbList\",\"@id\":\"https:\/\/wp-sites.ccci.org\/c-proactif\/priere\/climat-travail-priere\/#breadcrumb\",\"itemListElement\":[{\"@type\":\"ListItem\",\"position\":1,\"name\":\"Accueil\",\"item\":\"https:\/\/wp-sites.ccci.org\/c-proactif\/\"},{\"@type\":\"ListItem\",\"position\":2,\"name\":\"Prier pour notre vie professionnelle\",\"item\":\"https:\/\/wp-sites.ccci.org\/c-proactif\/priere\/\"},{\"@type\":\"ListItem\",\"position\":3,\"name\":\"Enjeux climatiques : une r\u00e9ponse chr\u00e9tienne ?\"}]},{\"@type\":\"WebSite\",\"@id\":\"https:\/\/wp-sites.ccci.org\/c-proactif\/#website\",\"url\":\"https:\/\/wp-sites.ccci.org\/c-proactif\/\",\"name\":\"C-PROACTIF\",\"description\":\"R\u00e9seau professionnel chr\u00e9tien\",\"publisher\":{\"@id\":\"https:\/\/wp-sites.ccci.org\/c-proactif\/#organization\"},\"potentialAction\":[{\"@type\":\"SearchAction\",\"target\":{\"@type\":\"EntryPoint\",\"urlTemplate\":\"https:\/\/wp-sites.ccci.org\/c-proactif\/?s={search_term_string}\"},\"query-input\":{\"@type\":\"PropertyValueSpecification\",\"valueRequired\":true,\"valueName\":\"search_term_string\"}}],\"inLanguage\":\"fr-FR\"},{\"@type\":\"Organization\",\"@id\":\"https:\/\/wp-sites.ccci.org\/c-proactif\/#organization\",\"name\":\"C-PROACTIF\",\"url\":\"https:\/\/wp-sites.ccci.org\/c-proactif\/\",\"logo\":{\"@type\":\"ImageObject\",\"inLanguage\":\"fr-FR\",\"@id\":\"https:\/\/wp-sites.ccci.org\/c-proactif\/#\/schema\/logo\/image\/\",\"url\":\"https:\/\/wp-sites.ccci.org\/c-proactif\/wp-content\/uploads\/sites\/393\/2021\/05\/logo-baseline-blanc-300.png\",\"contentUrl\":\"https:\/\/wp-sites.ccci.org\/c-proactif\/wp-content\/uploads\/sites\/393\/2021\/05\/logo-baseline-blanc-300.png\",\"width\":300,\"height\":113,\"caption\":\"C-PROACTIF\"},\"image\":{\"@id\":\"https:\/\/wp-sites.ccci.org\/c-proactif\/#\/schema\/logo\/image\/\"}}]}<\/script>\n<!-- \/ Yoast SEO plugin. -->","yoast_head_json":{"title":"Enjeux climatiques : une r\u00e9ponse chr\u00e9tienne ? - C-PROACTIF","description":"D\u00e9couvrez comment faire entrer le climat dans notre \u00e9quation de chr\u00e9tien au travail. Soir\u00e9e d'information et de priere avec A Rocha","robots":{"index":"noindex","follow":"follow","max-snippet":"max-snippet:-1","max-image-preview":"max-image-preview:large","max-video-preview":"max-video-preview:-1"},"og_locale":"fr_FR","og_type":"article","og_title":"Enjeux climatiques : une r\u00e9ponse chr\u00e9tienne ? - C-PROACTIF","og_description":"D\u00e9couvrez comment faire entrer le climat dans notre \u00e9quation de chr\u00e9tien au travail. Soir\u00e9e d'information et de priere avec A Rocha","og_url":"https:\/\/wp-sites.ccci.org\/c-proactif\/priere\/climat-travail-priere\/","og_site_name":"C-PROACTIF","article_modified_time":"2022-11-23T10:50:12+00:00","og_image":[{"url":"https:\/\/c-proactif.org\/wp-content\/uploads\/sites\/393\/2022\/11\/photo-climat.png","type":"","width":"","height":""}],"twitter_card":"summary_large_image","twitter_misc":{"Dur\u00e9e de lecture estim\u00e9e":"3 minutes"},"schema":{"@context":"https:\/\/schema.org","@graph":[{"@type":"WebPage","@id":"https:\/\/wp-sites.ccci.org\/c-proactif\/priere\/climat-travail-priere\/","url":"https:\/\/wp-sites.ccci.org\/c-proactif\/priere\/climat-travail-priere\/","name":"Enjeux climatiques : une r\u00e9ponse chr\u00e9tienne ? - C-PROACTIF","isPartOf":{"@id":"https:\/\/wp-sites.ccci.org\/c-proactif\/#website"},"primaryImageOfPage":{"@id":"https:\/\/wp-sites.ccci.org\/c-proactif\/priere\/climat-travail-priere\/#primaryimage"},"image":{"@id":"https:\/\/wp-sites.ccci.org\/c-proactif\/priere\/climat-travail-priere\/#primaryimage"},"thumbnailUrl":"https:\/\/c-proactif.org\/wp-content\/uploads\/sites\/393\/2022\/11\/photo-climat.png","datePublished":"2022-11-23T09:54:54+00:00","dateModified":"2022-11-23T10:50:12+00:00","description":"D\u00e9couvrez comment faire entrer le climat dans notre \u00e9quation de chr\u00e9tien au travail. Soir\u00e9e d'information et de priere avec A Rocha","breadcrumb":{"@id":"https:\/\/wp-sites.ccci.org\/c-proactif\/priere\/climat-travail-priere\/#breadcrumb"},"inLanguage":"fr-FR","potentialAction":[{"@type":"ReadAction","target":["https:\/\/wp-sites.ccci.org\/c-proactif\/priere\/climat-travail-priere\/"]}]},{"@type":"ImageObject","inLanguage":"fr-FR","@id":"https:\/\/wp-sites.ccci.org\/c-proactif\/priere\/climat-travail-priere\/#primaryimage","url":"https:\/\/c-proactif.org\/wp-content\/uploads\/sites\/393\/2022\/11\/photo-climat.png","contentUrl":"https:\/\/c-proactif.org\/wp-content\/uploads\/sites\/393\/2022\/11\/photo-climat.png"},{"@type":"BreadcrumbList","@id":"https:\/\/wp-sites.ccci.org\/c-proactif\/priere\/climat-travail-priere\/#breadcrumb","itemListElement":[{"@type":"ListItem","position":1,"name":"Accueil","item":"https:\/\/wp-sites.ccci.org\/c-proactif\/"},{"@type":"ListItem","position":2,"name":"Prier pour notre vie professionnelle","item":"https:\/\/wp-sites.ccci.org\/c-proactif\/priere\/"},{"@type":"ListItem","position":3,"name":"Enjeux climatiques : une r\u00e9ponse chr\u00e9tienne ?"}]},{"@type":"WebSite","@id":"https:\/\/wp-sites.ccci.org\/c-proactif\/#website","url":"https:\/\/wp-sites.ccci.org\/c-proactif\/","name":"C-PROACTIF","description":"R\u00e9seau professionnel chr\u00e9tien","publisher":{"@id":"https:\/\/wp-sites.ccci.org\/c-proactif\/#organization"},"potentialAction":[{"@type":"SearchAction","target":{"@type":"EntryPoint","urlTemplate":"https:\/\/wp-sites.ccci.org\/c-proactif\/?s={search_term_string}"},"query-input":{"@type":"PropertyValueSpecification","valueRequired":true,"valueName":"search_term_string"}}],"inLanguage":"fr-FR"},{"@type":"Organization","@id":"https:\/\/wp-sites.ccci.org\/c-proactif\/#organization","name":"C-PROACTIF","url":"https:\/\/wp-sites.ccci.org\/c-proactif\/","logo":{"@type":"ImageObject","inLanguage":"fr-FR","@id":"https:\/\/wp-sites.ccci.org\/c-proactif\/#\/schema\/logo\/image\/","url":"https:\/\/wp-sites.ccci.org\/c-proactif\/wp-content\/uploads\/sites\/393\/2021\/05\/logo-baseline-blanc-300.png","contentUrl":"https:\/\/wp-sites.ccci.org\/c-proactif\/wp-content\/uploads\/sites\/393\/2021\/05\/logo-baseline-blanc-300.png","width":300,"height":113,"caption":"C-PROACTIF"},"image":{"@id":"https:\/\/wp-sites.ccci.org\/c-proactif\/#\/schema\/logo\/image\/"}}]}},"meta_box":[],"_links":{"self":[{"href":"https:\/\/wp-sites.ccci.org\/c-proactif\/wp-json\/wp\/v2\/pages\/11920","targetHints":{"allow":["GET"]}}],"collection":[{"href":"https:\/\/wp-sites.ccci.org\/c-proactif\/wp-json\/wp\/v2\/pages"}],"about":[{"href":"https:\/\/wp-sites.ccci.org\/c-proactif\/wp-json\/wp\/v2\/types\/page"}],"author":[{"embeddable":true,"href":"https:\/\/wp-sites.ccci.org\/c-proactif\/wp-json\/wp\/v2\/users\/14333"}],"replies":[{"embeddable":true,"href":"https:\/\/wp-sites.ccci.org\/c-proactif\/wp-json\/wp\/v2\/comments?post=11920"}],"version-history":[{"count":30,"href":"https:\/\/wp-sites.ccci.org\/c-proactif\/wp-json\/wp\/v2\/pages\/11920\/revisions"}],"predecessor-version":[{"id":13610,"href":"https:\/\/wp-sites.ccci.org\/c-proactif\/wp-json\/wp\/v2\/pages\/11920\/revisions\/13610"}],"up":[{"embeddable":true,"href":"https:\/\/wp-sites.ccci.org\/c-proactif\/wp-json\/wp\/v2\/pages\/3594"}],"wp:attachment":[{"href":"https:\/\/wp-sites.ccci.org\/c-proactif\/wp-json\/wp\/v2\/media?parent=11920"}],"curies":[{"name":"wp","href":"https:\/\/api.w.org\/{rel}","templated":true}]}}