{"id":13407,"date":"2023-04-04T15:30:05","date_gmt":"2023-04-04T13:30:05","guid":{"rendered":"https:\/\/c-proactif.org\/?page_id=13407"},"modified":"2023-04-04T16:50:26","modified_gmt":"2023-04-04T14:50:26","slug":"information-foi","status":"publish","type":"page","link":"https:\/\/wp-sites.ccci.org\/c-proactif\/evenements\/information-foi\/","title":{"rendered":"Webconf\u00e9rence &#8211; L&rsquo;information sous le prisme de la foi"},"content":{"rendered":"\t\t<div data-elementor-type=\"wp-page\" data-elementor-id=\"13407\" class=\"elementor elementor-13407\" data-elementor-post-type=\"page\">\n\t\t\t\t\t\t<section data-particle_enable=\"false\" data-particle-mobile-disabled=\"false\" class=\"elementor-section elementor-top-section elementor-element elementor-element-f50fc44 elementor-section-boxed elementor-section-height-default elementor-section-height-default\" data-id=\"f50fc44\" data-element_type=\"section\">\n\t\t\t\t\t\t<div class=\"elementor-container elementor-column-gap-default\">\n\t\t\t\t\t<div class=\"elementor-column elementor-col-100 elementor-top-column elementor-element elementor-element-f060ba3\" data-id=\"f060ba3\" data-element_type=\"column\">\n\t\t\t<div class=\"elementor-widget-wrap elementor-element-populated\">\n\t\t\t\t\t\t<div class=\"elementor-element elementor-element-636f106 elementor-widget elementor-widget-image\" data-id=\"636f106\" data-element_type=\"widget\" data-widget_type=\"image.default\">\n\t\t\t\t<div class=\"elementor-widget-container\">\n\t\t\t\t\t\t\t\t\t\t\t\t\t\t\t<img decoding=\"async\" src=\"https:\/\/wp-sites.ccci.org\/c-proactif\/wp-content\/uploads\/sites\/393\/2023\/04\/visuel-conf-medias.png?w=1024\" title=\"visuel-conf-medias\" alt=\"visuel-conf-medias\" loading=\"lazy\" \/>\t\t\t\t\t\t\t\t\t\t\t\t\t\t\t<\/div>\n\t\t\t\t<\/div>\n\t\t\t\t\t<\/div>\n\t\t<\/div>\n\t\t\t\t\t<\/div>\n\t\t<\/section>\n\t\t\t\t<section data-particle_enable=\"false\" data-particle-mobile-disabled=\"false\" class=\"elementor-section elementor-top-section elementor-element elementor-element-54d01d3 elementor-section-boxed elementor-section-height-default elementor-section-height-default\" data-id=\"54d01d3\" data-element_type=\"section\">\n\t\t\t\t\t\t<div class=\"elementor-container elementor-column-gap-default\">\n\t\t\t\t\t<div class=\"elementor-column elementor-col-100 elementor-top-column elementor-element elementor-element-cc24fe8\" data-id=\"cc24fe8\" data-element_type=\"column\">\n\t\t\t<div class=\"elementor-widget-wrap elementor-element-populated\">\n\t\t\t\t\t\t<div class=\"elementor-element elementor-element-f97fe2c elementor-widget elementor-widget-text-editor\" data-id=\"f97fe2c\" data-element_type=\"widget\" data-widget_type=\"text-editor.default\">\n\t\t\t\t<div class=\"elementor-widget-container\">\n\t\t\t\t\t\t\t\t\t<blockquote><p style=\"text-align: left\"><strong>\u00a0\u00bb Car les armes avec lesquelles nous combattons ne sont pas charnelles ; mais elles sont puissantes, par la vertu de Dieu, pour renverser des forteresses. Nous renversons les raisonnements et toute hauteur qui s&rsquo;\u00e9l\u00e8ve contre la connaissance de Dieu, et nous amenons toute pens\u00e9e captive \u00e0 l&rsquo;ob\u00e9issance de Christ.\u00a0\u00bb <\/strong>2 Cor 10:4-5<\/p><\/blockquote><p>A l&rsquo;heure o\u00f9 chacun se pense &lsquo;journaliste&rsquo; en publiant ses propres informations,\u00a0 o\u00f9 les r\u00e9seaux sociaux nous enferment dans des &lsquo;bulles&rsquo; de pens\u00e9e qui nous ressemblent, o\u00f9 il est de bon ton de soup\u00e7onner du complot partout et de discriminer tout ce qui ne nous ressemble pas,<\/p><h2 style=\"text-align: center\"><span style=\"color: #ff6600\">Quelle place pour le journalisme dans le service du Royaume ?<\/span><\/h2><h4 style=\"text-align: center\"><strong>\u00a0 Un sujet important alors que nous cherchons \u00e0 pr\u00e9senter L\u2019\u00c9vangile dans une soci\u00e9t\u00e9 de plus en plus s\u00e9cularis\u00e9e !<\/strong><\/h4><p style=\"text-align: center\"><strong>En effet, nous ne pouvons pas vivre hors du monde mais nous ne devons pas non plus \u00eatre happ\u00e9 par la pens\u00e9e du monde !\u00a0 Au contraire, pr\u00e9sent dans le monde, nous avons \u00e0 l&rsquo;influencer de l&rsquo;int\u00e9rieur pour y distiller notre propre vision du monde !\u00a0<\/strong><\/p><p>La t\u00e2che est vaste et demande surtout beaucoup d&rsquo;\u00e9clairage&#8230;\u00a0<br \/>C&rsquo;est pourquoi, C-PROACTIF a demand\u00e9 \u00e0 un collectif de professionnels de l&rsquo;information et des m\u00e9dias de venir en discuter avec nous afin de nous aider \u00e0 faire le tri, \u00e0 en comprendre les enjeux sous-jacents et \u00e0 mieux nous orienter, en tant que consommateurs mais aussi producteurs d&rsquo;information.\u00a0<\/p><h3>Pr\u00e9par\u00e9e par un collectif de journalistes chr\u00e9tiens, cette conf\u00e9rence sera \u00e0 la fois une rencontre d&rsquo;information et de pri\u00e8re\u00a0 :\u00a0<\/h3><ul><li>pri\u00e8re pour la sagesse et le discernement dans nos choix<\/li><li>pri\u00e8re pour les professionnels chr\u00e9tiens du monde l&rsquo;information\u00a0<\/li><li>pri\u00e8re pour que notre voix chr\u00e9tienne puissent se faire entendre\u00a0 dans la soci\u00e9t\u00e9<\/li><li>pri\u00e8re pour de la cr\u00e9ativit\u00e9 alors que nous explorons de nouvelles voix d&rsquo;expression\u00a0<\/li><\/ul><h3>Nous vous y attendons !\u00a0<\/h3>\t\t\t\t\t\t\t\t<\/div>\n\t\t\t\t<\/div>\n\t\t\t\t\t<\/div>\n\t\t<\/div>\n\t\t\t\t\t<\/div>\n\t\t<\/section>\n\t\t\t\t<section data-particle_enable=\"false\" data-particle-mobile-disabled=\"false\" class=\"elementor-section elementor-top-section elementor-element elementor-element-da56756 elementor-section-content-middle elementor-section-boxed elementor-section-height-default elementor-section-height-default\" data-id=\"da56756\" data-element_type=\"section\" data-settings=\"{&quot;background_background&quot;:&quot;classic&quot;}\">\n\t\t\t\t\t\t<div class=\"elementor-container elementor-column-gap-default\">\n\t\t\t\t\t<div class=\"elementor-column elementor-col-100 elementor-top-column elementor-element elementor-element-4ebb01b\" data-id=\"4ebb01b\" data-element_type=\"column\">\n\t\t\t<div class=\"elementor-widget-wrap elementor-element-populated\">\n\t\t\t\t\t\t<div class=\"elementor-element elementor-element-b272125 elementor-widget elementor-widget-text-editor\" data-id=\"b272125\" data-element_type=\"widget\" data-widget_type=\"text-editor.default\">\n\t\t\t\t<div class=\"elementor-widget-container\">\n\t\t\t\t\t\t\t\t\t<h2><span style=\"color: #f06b04\">INSCRIPTION\u00a0<\/span><\/h2><h3 style=\"text-align: center\"><strong>La soir\u00e9e est gratuite mais l&rsquo;inscription est obligatoire\u00a0<\/strong><\/h3>\t\t\t\t\t\t\t\t<\/div>\n\t\t\t\t<\/div>\n\t\t\t\t<div class=\"elementor-element elementor-element-78d4a56 nobg elementor-widget elementor-widget-template\" data-id=\"78d4a56\" data-element_type=\"widget\" data-widget_type=\"template.default\">\n\t\t\t\t<div class=\"elementor-widget-container\">\n\t\t\t\t\t\t\t<div class=\"elementor-template\">\n\t\t\t\t\t<div data-elementor-type=\"section\" data-elementor-id=\"6997\" class=\"elementor elementor-6997\" data-elementor-post-type=\"elementor_library\">\n\t\t\t\t\t<section data-particle_enable=\"false\" data-particle-mobile-disabled=\"false\" class=\"elementor-section elementor-top-section elementor-element elementor-element-9fd1627 elementor-section-full_width small no-bg no-padding elementor-section-height-default elementor-section-height-default\" data-id=\"9fd1627\" data-element_type=\"section\">\n\t\t\t\t\t\t<div class=\"elementor-container elementor-column-gap-default\">\n\t\t\t\t\t<div class=\"elementor-column elementor-col-100 elementor-top-column elementor-element elementor-element-a094718\" data-id=\"a094718\" data-element_type=\"column\">\n\t\t\t<div class=\"elementor-widget-wrap elementor-element-populated\">\n\t\t\t\t\t\t<div class=\"elementor-element elementor-element-a36bf93 elementor-widget elementor-widget-text-editor\" data-id=\"a36bf93\" data-element_type=\"widget\" data-widget_type=\"text-editor.default\">\n\t\t\t\t<div class=\"elementor-widget-container\">\n\t\t\t\t\t\t\t\t\t<p>En remplissant ce formulaire, vous reconnaissez avoir plus de 16 ans.<\/p>\t\t\t\t\t\t\t\t<\/div>\n\t\t\t\t<\/div>\n\t\t\t\t\t<\/div>\n\t\t<\/div>\n\t\t\t\t\t<\/div>\n\t\t<\/section>\n\t\t\t\t<\/div>\n\t\t\t\t<\/div>\n\t\t\t\t\t\t<\/div>\n\t\t\t\t<\/div>\n\t\t\t\t<div class=\"elementor-element elementor-element-52018d5 elementor-widget elementor-widget-shortcode\" data-id=\"52018d5\" data-element_type=\"widget\" data-widget_type=\"shortcode.default\">\n\t\t\t\t<div class=\"elementor-widget-container\">\n\t\t\t\t\t\t\t<div class=\"elementor-shortcode\"><\/div>\n\t\t\t\t\t\t<\/div>\n\t\t\t\t<\/div>\n\t\t\t\t<div class=\"elementor-element elementor-element-dc65da9 nobg elementor-widget elementor-widget-template\" data-id=\"dc65da9\" data-element_type=\"widget\" data-widget_type=\"template.default\">\n\t\t\t\t<div class=\"elementor-widget-container\">\n\t\t\t\t\t\t\t<div class=\"elementor-template\">\n\t\t\t\t\t<div data-elementor-type=\"section\" data-elementor-id=\"6950\" class=\"elementor elementor-6950\" data-elementor-post-type=\"elementor_library\">\n\t\t\t\t\t<section data-particle_enable=\"false\" data-particle-mobile-disabled=\"false\" class=\"elementor-section elementor-top-section elementor-element elementor-element-bf8ad9b elementor-section-full_width small no-bg no-padding elementor-section-height-default elementor-section-height-default\" data-id=\"bf8ad9b\" data-element_type=\"section\">\n\t\t\t\t\t\t<div class=\"elementor-container elementor-column-gap-default\">\n\t\t\t\t\t<div class=\"elementor-column elementor-col-100 elementor-top-column elementor-element elementor-element-f01118a\" data-id=\"f01118a\" data-element_type=\"column\">\n\t\t\t<div class=\"elementor-widget-wrap elementor-element-populated\">\n\t\t\t\t\t\t<div class=\"elementor-element elementor-element-21368f4 elementor-widget elementor-widget-text-editor\" data-id=\"21368f4\" data-element_type=\"widget\" data-widget_type=\"text-editor.default\">\n\t\t\t\t<div class=\"elementor-widget-container\">\n\t\t\t\t\t\t\t\t\t<p>Les informations vous concernant font l\u2019objet d\u2019un traitement informatique destin\u00e9 \u00e0 C-PROACTIF pour traiter \u00e0 votre demande et peuvent \u00eatre transf\u00e9r\u00e9es vers un pays hors Union europ\u00e9enne sur la base de clauses contractuelles. Vos donn\u00e9es sont conserv\u00e9es pendant trois ans \u00e0 compter du dernier contact avec notre association et sont destin\u00e9es au service communication de C-PROACTIF. Conform\u00e9ment \u00e0 la loi \u00ab informatique et libert\u00e9s \u00bb du 6 janvier 1978 modifi\u00e9e, vous pouvez acc\u00e9der aux donn\u00e9es vous concernant ou demander leur effacement. Vous disposez \u00e9galement d&rsquo;un droit d\u2019opposition, d\u2019un droit de rectification et d\u2019un droit \u00e0 la limitation du traitement de vos donn\u00e9es aupr\u00e8s de C-PROACTIF, en remplissant ce <a href=\"https:\/\/wp-sites.ccci.org\/c-proactif\/\/contact\/\">formulaire de contact<\/a>. Vous pouvez consulter notre politique de\u00a0<a href=\"https:\/\/www.agapefrance.org\/mentionslegales\/protectiondesdonneespersonnelles\" target=\"_blank\" rel=\"noopener\">protection des donn\u00e9es personnelles<\/a>.<\/p>\t\t\t\t\t\t\t\t<\/div>\n\t\t\t\t<\/div>\n\t\t\t\t\t<\/div>\n\t\t<\/div>\n\t\t\t\t\t<\/div>\n\t\t<\/section>\n\t\t\t\t<\/div>\n\t\t\t\t<\/div>\n\t\t\t\t\t\t<\/div>\n\t\t\t\t<\/div>\n\t\t\t\t\t<\/div>\n\t\t<\/div>\n\t\t\t\t\t<\/div>\n\t\t<\/section>\n\t\t\t\t<\/div>\n\t\t","protected":false},"excerpt":{"rendered":"<p>\u00a0\u00bb Car les armes avec lesquelles nous combattons ne sont pas charnelles ; mais elles sont puissantes, par la vertu de Dieu, pour renverser des forteresses. Nous renversons les raisonnements [&hellip;]<\/p>\n","protected":false},"author":14333,"featured_media":0,"parent":708,"menu_order":0,"comment_status":"closed","ping_status":"closed","template":"","meta":{"site-sidebar-layout":"default","site-content-layout":"default","ast-site-content-layout":"default","site-content-style":"default","site-sidebar-style":"default","ast-global-header-display":"","ast-banner-title-visibility":"","ast-main-header-display":"","ast-hfb-above-header-display":"","ast-hfb-below-header-display":"","ast-hfb-mobile-header-display":"","site-post-title":"","ast-breadcrumbs-content":"","ast-featured-img":"","footer-sml-layout":"","ast-disable-related-posts":"","theme-transparent-header-meta":"default","adv-header-id-meta":"","stick-header-meta":"","header-above-stick-meta":"","header-main-stick-meta":"","header-below-stick-meta":"","astra-migrate-meta-layouts":"default","ast-page-background-enabled":"default","ast-page-background-meta":{"desktop":{"background-color":"","background-image":"","background-repeat":"repeat","background-position":"center center","background-size":"auto","background-attachment":"scroll","background-type":"","background-media":"","overlay-type":"","overlay-color":"","overlay-opacity":"","overlay-gradient":""},"tablet":{"background-color":"","background-image":"","background-repeat":"repeat","background-position":"center center","background-size":"auto","background-attachment":"scroll","background-type":"","background-media":"","overlay-type":"","overlay-color":"","overlay-opacity":"","overlay-gradient":""},"mobile":{"background-color":"","background-image":"","background-repeat":"repeat","background-position":"center center","background-size":"auto","background-attachment":"scroll","background-type":"","background-media":"","overlay-type":"","overlay-color":"","overlay-opacity":"","overlay-gradient":""}},"ast-content-background-meta":{"desktop":{"background-color":"var(--ast-global-color-5)","background-image":"","background-repeat":"repeat","background-position":"center center","background-size":"auto","background-attachment":"scroll","background-type":"","background-media":"","overlay-type":"","overlay-color":"","overlay-opacity":"","overlay-gradient":""},"tablet":{"background-color":"var(--ast-global-color-5)","background-image":"","background-repeat":"repeat","background-position":"center center","background-size":"auto","background-attachment":"scroll","background-type":"","background-media":"","overlay-type":"","overlay-color":"","overlay-opacity":"","overlay-gradient":""},"mobile":{"background-color":"var(--ast-global-color-5)","background-image":"","background-repeat":"repeat","background-position":"center center","background-size":"auto","background-attachment":"scroll","background-type":"","background-media":"","overlay-type":"","overlay-color":"","overlay-opacity":"","overlay-gradient":""}},"footnotes":""},"class_list":["post-13407","page","type-page","status-publish","hentry"],"yoast_head":"<!-- This site is optimized with the Yoast SEO plugin v26.7 - https:\/\/yoast.com\/wordpress\/plugins\/seo\/ -->\n<title>Webconf\u00e9rence - L&#039;information sous le prisme de la foi - C-PROACTIF<\/title>\n<meta name=\"description\" content=\"Journaliste et chr\u00e9tien est-ce conciliable ? Comment aborder le monde de l&#039;information avec un regard de foi ? Venez en d\u00e9battre avec nous !\" \/>\n<meta name=\"robots\" content=\"noindex, follow, max-snippet:-1, max-image-preview:large, max-video-preview:-1\" \/>\n<meta property=\"og:locale\" content=\"fr_FR\" \/>\n<meta property=\"og:type\" content=\"article\" \/>\n<meta property=\"og:title\" content=\"Webconf\u00e9rence - L&#039;information sous le prisme de la foi - C-PROACTIF\" \/>\n<meta property=\"og:description\" content=\"Journaliste et chr\u00e9tien est-ce conciliable ? Comment aborder le monde de l&#039;information avec un regard de foi ? Venez en d\u00e9battre avec nous !\" \/>\n<meta property=\"og:url\" content=\"https:\/\/wp-sites.ccci.org\/c-proactif\/evenements\/information-foi\/\" \/>\n<meta property=\"og:site_name\" content=\"C-PROACTIF\" \/>\n<meta property=\"article:modified_time\" content=\"2023-04-04T14:50:26+00:00\" \/>\n<meta property=\"og:image\" content=\"https:\/\/c-proactif.org\/wp-content\/uploads\/sites\/393\/2023\/04\/visuel-conf-medias-1024x576.png\" \/>\n<meta name=\"twitter:card\" content=\"summary_large_image\" \/>\n<meta name=\"twitter:label1\" content=\"Dur\u00e9e de lecture estim\u00e9e\" \/>\n\t<meta name=\"twitter:data1\" content=\"5 minutes\" \/>\n<script type=\"application\/ld+json\" class=\"yoast-schema-graph\">{\"@context\":\"https:\/\/schema.org\",\"@graph\":[{\"@type\":\"WebPage\",\"@id\":\"https:\/\/wp-sites.ccci.org\/c-proactif\/evenements\/information-foi\/\",\"url\":\"https:\/\/wp-sites.ccci.org\/c-proactif\/evenements\/information-foi\/\",\"name\":\"Webconf\u00e9rence - L'information sous le prisme de la foi - C-PROACTIF\",\"isPartOf\":{\"@id\":\"https:\/\/wp-sites.ccci.org\/c-proactif\/#website\"},\"primaryImageOfPage\":{\"@id\":\"https:\/\/wp-sites.ccci.org\/c-proactif\/evenements\/information-foi\/#primaryimage\"},\"image\":{\"@id\":\"https:\/\/wp-sites.ccci.org\/c-proactif\/evenements\/information-foi\/#primaryimage\"},\"thumbnailUrl\":\"https:\/\/c-proactif.org\/wp-content\/uploads\/sites\/393\/2023\/04\/visuel-conf-medias-1024x576.png\",\"datePublished\":\"2023-04-04T13:30:05+00:00\",\"dateModified\":\"2023-04-04T14:50:26+00:00\",\"description\":\"Journaliste et chr\u00e9tien est-ce conciliable ? Comment aborder le monde de l'information avec un regard de foi ? Venez en d\u00e9battre avec nous !\",\"breadcrumb\":{\"@id\":\"https:\/\/wp-sites.ccci.org\/c-proactif\/evenements\/information-foi\/#breadcrumb\"},\"inLanguage\":\"fr-FR\",\"potentialAction\":[{\"@type\":\"ReadAction\",\"target\":[\"https:\/\/wp-sites.ccci.org\/c-proactif\/evenements\/information-foi\/\"]}]},{\"@type\":\"ImageObject\",\"inLanguage\":\"fr-FR\",\"@id\":\"https:\/\/wp-sites.ccci.org\/c-proactif\/evenements\/information-foi\/#primaryimage\",\"url\":\"https:\/\/c-proactif.org\/wp-content\/uploads\/sites\/393\/2023\/04\/visuel-conf-medias-1024x576.png\",\"contentUrl\":\"https:\/\/c-proactif.org\/wp-content\/uploads\/sites\/393\/2023\/04\/visuel-conf-medias-1024x576.png\"},{\"@type\":\"BreadcrumbList\",\"@id\":\"https:\/\/wp-sites.ccci.org\/c-proactif\/evenements\/information-foi\/#breadcrumb\",\"itemListElement\":[{\"@type\":\"ListItem\",\"position\":1,\"name\":\"Accueil\",\"item\":\"https:\/\/wp-sites.ccci.org\/c-proactif\/\"},{\"@type\":\"ListItem\",\"position\":2,\"name\":\"\u00c9v\u00e8nements\",\"item\":\"https:\/\/wp-sites.ccci.org\/c-proactif\/evenements\/\"},{\"@type\":\"ListItem\",\"position\":3,\"name\":\"Webconf\u00e9rence &#8211; L&rsquo;information sous le prisme de la foi\"}]},{\"@type\":\"WebSite\",\"@id\":\"https:\/\/wp-sites.ccci.org\/c-proactif\/#website\",\"url\":\"https:\/\/wp-sites.ccci.org\/c-proactif\/\",\"name\":\"C-PROACTIF\",\"description\":\"R\u00e9seau professionnel chr\u00e9tien\",\"publisher\":{\"@id\":\"https:\/\/wp-sites.ccci.org\/c-proactif\/#organization\"},\"potentialAction\":[{\"@type\":\"SearchAction\",\"target\":{\"@type\":\"EntryPoint\",\"urlTemplate\":\"https:\/\/wp-sites.ccci.org\/c-proactif\/?s={search_term_string}\"},\"query-input\":{\"@type\":\"PropertyValueSpecification\",\"valueRequired\":true,\"valueName\":\"search_term_string\"}}],\"inLanguage\":\"fr-FR\"},{\"@type\":\"Organization\",\"@id\":\"https:\/\/wp-sites.ccci.org\/c-proactif\/#organization\",\"name\":\"C-PROACTIF\",\"url\":\"https:\/\/wp-sites.ccci.org\/c-proactif\/\",\"logo\":{\"@type\":\"ImageObject\",\"inLanguage\":\"fr-FR\",\"@id\":\"https:\/\/wp-sites.ccci.org\/c-proactif\/#\/schema\/logo\/image\/\",\"url\":\"https:\/\/wp-sites.ccci.org\/c-proactif\/wp-content\/uploads\/sites\/393\/2021\/05\/logo-baseline-blanc-300.png\",\"contentUrl\":\"https:\/\/wp-sites.ccci.org\/c-proactif\/wp-content\/uploads\/sites\/393\/2021\/05\/logo-baseline-blanc-300.png\",\"width\":300,\"height\":113,\"caption\":\"C-PROACTIF\"},\"image\":{\"@id\":\"https:\/\/wp-sites.ccci.org\/c-proactif\/#\/schema\/logo\/image\/\"}}]}<\/script>\n<!-- \/ Yoast SEO plugin. -->","yoast_head_json":{"title":"Webconf\u00e9rence - L'information sous le prisme de la foi - C-PROACTIF","description":"Journaliste et chr\u00e9tien est-ce conciliable ? Comment aborder le monde de l'information avec un regard de foi ? Venez en d\u00e9battre avec nous !","robots":{"index":"noindex","follow":"follow","max-snippet":"max-snippet:-1","max-image-preview":"max-image-preview:large","max-video-preview":"max-video-preview:-1"},"og_locale":"fr_FR","og_type":"article","og_title":"Webconf\u00e9rence - L'information sous le prisme de la foi - C-PROACTIF","og_description":"Journaliste et chr\u00e9tien est-ce conciliable ? Comment aborder le monde de l'information avec un regard de foi ? Venez en d\u00e9battre avec nous !","og_url":"https:\/\/wp-sites.ccci.org\/c-proactif\/evenements\/information-foi\/","og_site_name":"C-PROACTIF","article_modified_time":"2023-04-04T14:50:26+00:00","og_image":[{"url":"https:\/\/c-proactif.org\/wp-content\/uploads\/sites\/393\/2023\/04\/visuel-conf-medias-1024x576.png","type":"","width":"","height":""}],"twitter_card":"summary_large_image","twitter_misc":{"Dur\u00e9e de lecture estim\u00e9e":"5 minutes"},"schema":{"@context":"https:\/\/schema.org","@graph":[{"@type":"WebPage","@id":"https:\/\/wp-sites.ccci.org\/c-proactif\/evenements\/information-foi\/","url":"https:\/\/wp-sites.ccci.org\/c-proactif\/evenements\/information-foi\/","name":"Webconf\u00e9rence - L'information sous le prisme de la foi - C-PROACTIF","isPartOf":{"@id":"https:\/\/wp-sites.ccci.org\/c-proactif\/#website"},"primaryImageOfPage":{"@id":"https:\/\/wp-sites.ccci.org\/c-proactif\/evenements\/information-foi\/#primaryimage"},"image":{"@id":"https:\/\/wp-sites.ccci.org\/c-proactif\/evenements\/information-foi\/#primaryimage"},"thumbnailUrl":"https:\/\/c-proactif.org\/wp-content\/uploads\/sites\/393\/2023\/04\/visuel-conf-medias-1024x576.png","datePublished":"2023-04-04T13:30:05+00:00","dateModified":"2023-04-04T14:50:26+00:00","description":"Journaliste et chr\u00e9tien est-ce conciliable ? Comment aborder le monde de l'information avec un regard de foi ? Venez en d\u00e9battre avec nous !","breadcrumb":{"@id":"https:\/\/wp-sites.ccci.org\/c-proactif\/evenements\/information-foi\/#breadcrumb"},"inLanguage":"fr-FR","potentialAction":[{"@type":"ReadAction","target":["https:\/\/wp-sites.ccci.org\/c-proactif\/evenements\/information-foi\/"]}]},{"@type":"ImageObject","inLanguage":"fr-FR","@id":"https:\/\/wp-sites.ccci.org\/c-proactif\/evenements\/information-foi\/#primaryimage","url":"https:\/\/c-proactif.org\/wp-content\/uploads\/sites\/393\/2023\/04\/visuel-conf-medias-1024x576.png","contentUrl":"https:\/\/c-proactif.org\/wp-content\/uploads\/sites\/393\/2023\/04\/visuel-conf-medias-1024x576.png"},{"@type":"BreadcrumbList","@id":"https:\/\/wp-sites.ccci.org\/c-proactif\/evenements\/information-foi\/#breadcrumb","itemListElement":[{"@type":"ListItem","position":1,"name":"Accueil","item":"https:\/\/wp-sites.ccci.org\/c-proactif\/"},{"@type":"ListItem","position":2,"name":"\u00c9v\u00e8nements","item":"https:\/\/wp-sites.ccci.org\/c-proactif\/evenements\/"},{"@type":"ListItem","position":3,"name":"Webconf\u00e9rence &#8211; L&rsquo;information sous le prisme de la foi"}]},{"@type":"WebSite","@id":"https:\/\/wp-sites.ccci.org\/c-proactif\/#website","url":"https:\/\/wp-sites.ccci.org\/c-proactif\/","name":"C-PROACTIF","description":"R\u00e9seau professionnel chr\u00e9tien","publisher":{"@id":"https:\/\/wp-sites.ccci.org\/c-proactif\/#organization"},"potentialAction":[{"@type":"SearchAction","target":{"@type":"EntryPoint","urlTemplate":"https:\/\/wp-sites.ccci.org\/c-proactif\/?s={search_term_string}"},"query-input":{"@type":"PropertyValueSpecification","valueRequired":true,"valueName":"search_term_string"}}],"inLanguage":"fr-FR"},{"@type":"Organization","@id":"https:\/\/wp-sites.ccci.org\/c-proactif\/#organization","name":"C-PROACTIF","url":"https:\/\/wp-sites.ccci.org\/c-proactif\/","logo":{"@type":"ImageObject","inLanguage":"fr-FR","@id":"https:\/\/wp-sites.ccci.org\/c-proactif\/#\/schema\/logo\/image\/","url":"https:\/\/wp-sites.ccci.org\/c-proactif\/wp-content\/uploads\/sites\/393\/2021\/05\/logo-baseline-blanc-300.png","contentUrl":"https:\/\/wp-sites.ccci.org\/c-proactif\/wp-content\/uploads\/sites\/393\/2021\/05\/logo-baseline-blanc-300.png","width":300,"height":113,"caption":"C-PROACTIF"},"image":{"@id":"https:\/\/wp-sites.ccci.org\/c-proactif\/#\/schema\/logo\/image\/"}}]}},"meta_box":[],"_links":{"self":[{"href":"https:\/\/wp-sites.ccci.org\/c-proactif\/wp-json\/wp\/v2\/pages\/13407","targetHints":{"allow":["GET"]}}],"collection":[{"href":"https:\/\/wp-sites.ccci.org\/c-proactif\/wp-json\/wp\/v2\/pages"}],"about":[{"href":"https:\/\/wp-sites.ccci.org\/c-proactif\/wp-json\/wp\/v2\/types\/page"}],"author":[{"embeddable":true,"href":"https:\/\/wp-sites.ccci.org\/c-proactif\/wp-json\/wp\/v2\/users\/14333"}],"replies":[{"embeddable":true,"href":"https:\/\/wp-sites.ccci.org\/c-proactif\/wp-json\/wp\/v2\/comments?post=13407"}],"version-history":[{"count":15,"href":"https:\/\/wp-sites.ccci.org\/c-proactif\/wp-json\/wp\/v2\/pages\/13407\/revisions"}],"predecessor-version":[{"id":13425,"href":"https:\/\/wp-sites.ccci.org\/c-proactif\/wp-json\/wp\/v2\/pages\/13407\/revisions\/13425"}],"up":[{"embeddable":true,"href":"https:\/\/wp-sites.ccci.org\/c-proactif\/wp-json\/wp\/v2\/pages\/708"}],"wp:attachment":[{"href":"https:\/\/wp-sites.ccci.org\/c-proactif\/wp-json\/wp\/v2\/media?parent=13407"}],"curies":[{"name":"wp","href":"https:\/\/api.w.org\/{rel}","templated":true}]}}