{"id":13611,"date":"2023-05-17T11:38:59","date_gmt":"2023-05-17T09:38:59","guid":{"rendered":"https:\/\/c-proactif.org\/?page_id=13611"},"modified":"2023-05-17T14:02:40","modified_gmt":"2023-05-17T12:02:40","slug":"presse-information","status":"publish","type":"page","link":"https:\/\/wp-sites.ccci.org\/c-proactif\/priere\/presse-information\/","title":{"rendered":"Prier pour le secteur de l&rsquo;Information"},"content":{"rendered":"\t\t<div data-elementor-type=\"wp-page\" data-elementor-id=\"13611\" class=\"elementor elementor-13611\" data-elementor-post-type=\"page\">\n\t\t\t\t\t\t<section data-particle_enable=\"false\" data-particle-mobile-disabled=\"false\" class=\"elementor-section elementor-top-section elementor-element elementor-element-96254f9 elementor-section-boxed elementor-section-height-default elementor-section-height-default\" data-id=\"96254f9\" data-element_type=\"section\">\n\t\t\t\t\t\t<div class=\"elementor-container elementor-column-gap-default\">\n\t\t\t\t\t<div class=\"elementor-column elementor-col-100 elementor-top-column elementor-element elementor-element-4337449\" data-id=\"4337449\" data-element_type=\"column\">\n\t\t\t<div class=\"elementor-widget-wrap elementor-element-populated\">\n\t\t\t\t\t\t<div class=\"elementor-element elementor-element-5fc282f elementor-widget elementor-widget-text-editor\" data-id=\"5fc282f\" data-element_type=\"widget\" data-widget_type=\"text-editor.default\">\n\t\t\t\t<div class=\"elementor-widget-container\">\n\t\t\t\t\t\t\t\t\t<blockquote><p><strong><b>\u00ab\u00a0Vous conna\u00eetrez la v\u00e9rit\u00e9, et la v\u00e9rit\u00e9 vous rendra libres<\/b>. \u00a0\u00bb Jn 8:32<\/strong><\/p><\/blockquote>\t\t\t\t\t\t\t\t<\/div>\n\t\t\t\t<\/div>\n\t\t\t\t\t<\/div>\n\t\t<\/div>\n\t\t\t\t\t<\/div>\n\t\t<\/section>\n\t\t\t\t<section data-particle_enable=\"false\" data-particle-mobile-disabled=\"false\" class=\"elementor-section elementor-top-section elementor-element elementor-element-bb9429e elementor-section-boxed elementor-section-height-default elementor-section-height-default\" data-id=\"bb9429e\" data-element_type=\"section\">\n\t\t\t\t\t\t<div class=\"elementor-container elementor-column-gap-default\">\n\t\t\t\t\t<div class=\"elementor-column elementor-col-100 elementor-top-column elementor-element elementor-element-20b189f\" data-id=\"20b189f\" data-element_type=\"column\">\n\t\t\t<div class=\"elementor-widget-wrap elementor-element-populated\">\n\t\t\t\t\t\t<div class=\"elementor-element elementor-element-19a0d44 elementor-widget elementor-widget-image\" data-id=\"19a0d44\" data-element_type=\"widget\" data-widget_type=\"image.default\">\n\t\t\t\t<div class=\"elementor-widget-container\">\n\t\t\t\t\t\t\t\t\t\t\t\t\t\t\t\t<a href=\"https:\/\/youtu.be\/6fR4_sRnS7g\" target=\"_blank\">\n\t\t\t\t\t\t\t<img fetchpriority=\"high\" decoding=\"async\" width=\"1200\" height=\"674\" src=\"https:\/\/wp-sites.ccci.org\/c-proactif\/wp-content\/uploads\/sites\/393\/2023\/05\/affiche-prier-secteur-info.png\" class=\"attachment-full size-full wp-image-13638\" alt=\"\" srcset=\"https:\/\/wp-sites.ccci.org\/c-proactif\/wp-content\/uploads\/sites\/393\/2023\/05\/affiche-prier-secteur-info.png 1285w, https:\/\/wp-sites.ccci.org\/c-proactif\/wp-content\/uploads\/sites\/393\/2023\/05\/affiche-prier-secteur-info.png?resize=300,169 300w, https:\/\/wp-sites.ccci.org\/c-proactif\/wp-content\/uploads\/sites\/393\/2023\/05\/affiche-prier-secteur-info.png?resize=768,432 768w, https:\/\/wp-sites.ccci.org\/c-proactif\/wp-content\/uploads\/sites\/393\/2023\/05\/affiche-prier-secteur-info.png?resize=1024,575 1024w\" sizes=\"(max-width: 1200px) 100vw, 1200px\" \/>\t\t\t\t\t\t\t\t<\/a>\n\t\t\t\t\t\t\t\t\t\t\t\t\t\t\t<\/div>\n\t\t\t\t<\/div>\n\t\t\t\t\t<\/div>\n\t\t<\/div>\n\t\t\t\t\t<\/div>\n\t\t<\/section>\n\t\t\t\t<section data-particle_enable=\"false\" data-particle-mobile-disabled=\"false\" class=\"elementor-section elementor-top-section elementor-element elementor-element-d479aa3 elementor-section-boxed elementor-section-height-default elementor-section-height-default\" data-id=\"d479aa3\" data-element_type=\"section\">\n\t\t\t\t\t\t<div class=\"elementor-container elementor-column-gap-default\">\n\t\t\t\t\t<div class=\"elementor-column elementor-col-66 elementor-top-column elementor-element elementor-element-a4111b9\" data-id=\"a4111b9\" data-element_type=\"column\">\n\t\t\t<div class=\"elementor-widget-wrap elementor-element-populated\">\n\t\t\t\t\t\t<div class=\"elementor-element elementor-element-88061f2 elementor-widget__width-initial elementor-widget elementor-widget-text-editor\" data-id=\"88061f2\" data-element_type=\"widget\" data-widget_type=\"text-editor.default\">\n\t\t\t\t<div class=\"elementor-widget-container\">\n\t\t\t\t\t\t\t\t\t<header class=\"entry-header ast-no-thumbnail ast-container\"><p class=\"entry-title\">A l\u2019heure o\u00f9 chacun se pense \u2018journaliste\u2019 en publiant ses propres informations,\u00a0 o\u00f9 les r\u00e9seaux sociaux nous enferment dans des \u2018bulles\u2019 de pens\u00e9e qui nous ressemblent, o\u00f9 il est de bon ton de soup\u00e7onner de\u00a0 complot et de mensonges tout ce qui nous d\u00e9range,\u00a0<\/p><h3>Comment concilier l&rsquo;Evangile avec ce secteur professionnel ? Comment prier pour les journalistes et le monde de l&rsquo;Information ?\u00a0<\/h3><p><strong style=\"font-size: 15px;text-align: justify\">En effet, nous ne pouvons pas vivre hors du monde mais nous ne devons pas non plus \u00eatre happ\u00e9 par la pens\u00e9e du monde !\u00a0 Au contraire, pr\u00e9sent dans le monde, nous avons \u00e0 l\u2019influencer de l\u2019int\u00e9rieur pour y apporter notre propre vision du monde !<\/strong><\/p><p><span style=\"font-size: 16px\">La t\u00e2che est complexe et demande beaucoup d\u2019\u00e9clairage\u2026\u00a0 <\/span><span style=\"font-size: 16px\">C\u2019est pourquoi, C-PROACTIF a demand\u00e9 \u00e0 un collectif de professionnels de l\u2019information et des m\u00e9dias de nous aider \u00e0 en comprendre les enjeux\u00a0 et \u00e0 mieux nous orienter, en tant que consommateurs mais aussi producteurs d\u2019information, dans ce secteur essentiel qui repr\u00e9sente le 4\u00b0 pouvoir d&rsquo;un Etat.\u00a0 <\/span><\/p><h4><span style=\"font-size: 1.5em;font-weight: bold\">Soyons inform\u00e9s pour mieux prier et nous impliquer\u00a0 !\u00a0<\/span><\/h4><\/header>\t\t\t\t\t\t\t\t<\/div>\n\t\t\t\t<\/div>\n\t\t\t\t\t<\/div>\n\t\t<\/div>\n\t\t\t\t<div class=\"elementor-column elementor-col-33 elementor-top-column elementor-element elementor-element-2fc020b\" data-id=\"2fc020b\" data-element_type=\"column\">\n\t\t\t<div class=\"elementor-widget-wrap elementor-element-populated\">\n\t\t\t\t\t\t<section data-particle_enable=\"false\" data-particle-mobile-disabled=\"false\" class=\"elementor-section elementor-inner-section elementor-element elementor-element-3b8a23f elementor-section-boxed elementor-section-height-default elementor-section-height-default\" data-id=\"3b8a23f\" data-element_type=\"section\">\n\t\t\t\t\t\t<div class=\"elementor-container elementor-column-gap-default\">\n\t\t\t\t\t<div class=\"elementor-column elementor-col-100 elementor-inner-column elementor-element elementor-element-fef6ed9\" data-id=\"fef6ed9\" data-element_type=\"column\">\n\t\t\t<div class=\"elementor-widget-wrap elementor-element-populated\">\n\t\t\t\t\t\t<div class=\"elementor-element elementor-element-be43247 elementor-widget elementor-widget-text-editor\" data-id=\"be43247\" data-element_type=\"widget\" data-widget_type=\"text-editor.default\">\n\t\t\t\t<div class=\"elementor-widget-container\">\n\t\t\t\t\t\t\t\t\t<h3 style=\"text-align: center\"><strong><span style=\"color: #ff6600\">Pour en savoir plus et vous associer \u00e0 cet \u00e9lan de pri\u00e8re\u00a0 \u00a0<\/span><\/strong><\/h3><div><strong>\u00a0<\/strong><\/div>\t\t\t\t\t\t\t\t<\/div>\n\t\t\t\t<\/div>\n\t\t\t\t\t<\/div>\n\t\t<\/div>\n\t\t\t\t\t<\/div>\n\t\t<\/section>\n\t\t\t\t<section data-particle_enable=\"false\" data-particle-mobile-disabled=\"false\" class=\"elementor-section elementor-inner-section elementor-element elementor-element-a804b91 elementor-section-boxed elementor-section-height-default elementor-section-height-default\" data-id=\"a804b91\" data-element_type=\"section\">\n\t\t\t\t\t\t<div class=\"elementor-container elementor-column-gap-default\">\n\t\t\t\t\t<div class=\"elementor-column elementor-col-100 elementor-inner-column elementor-element elementor-element-a51ec14\" data-id=\"a51ec14\" data-element_type=\"column\">\n\t\t\t<div class=\"elementor-widget-wrap elementor-element-populated\">\n\t\t\t\t\t\t<div class=\"elementor-element elementor-element-816c3af elementor-align-center elementor-widget elementor-widget-button\" data-id=\"816c3af\" data-element_type=\"widget\" data-widget_type=\"button.default\">\n\t\t\t\t<div class=\"elementor-widget-container\">\n\t\t\t\t\t\t\t\t\t<div class=\"elementor-button-wrapper\">\n\t\t\t\t\t<a class=\"elementor-button elementor-button-link elementor-size-sm\" href=\"https:\/\/youtu.be\/Y_DlZkdvZWQ\" target=\"_blank\">\n\t\t\t\t\t\t<span class=\"elementor-button-content-wrapper\">\n\t\t\t\t\t\t\t\t\t<span class=\"elementor-button-text\">CONFERENCE- REPLAY <\/span>\n\t\t\t\t\t<\/span>\n\t\t\t\t\t<\/a>\n\t\t\t\t<\/div>\n\t\t\t\t\t\t\t\t<\/div>\n\t\t\t\t<\/div>\n\t\t\t\t\t<\/div>\n\t\t<\/div>\n\t\t\t\t\t<\/div>\n\t\t<\/section>\n\t\t\t\t<section data-particle_enable=\"false\" data-particle-mobile-disabled=\"false\" class=\"elementor-section elementor-inner-section elementor-element elementor-element-428abef elementor-section-boxed elementor-section-height-default elementor-section-height-default\" data-id=\"428abef\" data-element_type=\"section\">\n\t\t\t\t\t\t<div class=\"elementor-container elementor-column-gap-default\">\n\t\t\t\t\t<div class=\"elementor-column elementor-col-100 elementor-inner-column elementor-element elementor-element-e7189db\" data-id=\"e7189db\" data-element_type=\"column\">\n\t\t\t<div class=\"elementor-widget-wrap elementor-element-populated\">\n\t\t\t\t\t\t<div class=\"elementor-element elementor-element-6cde324 elementor-align-center elementor-widget elementor-widget-button\" data-id=\"6cde324\" data-element_type=\"widget\" data-widget_type=\"button.default\">\n\t\t\t\t<div class=\"elementor-widget-container\">\n\t\t\t\t\t\t\t\t\t<div class=\"elementor-button-wrapper\">\n\t\t\t\t\t<a class=\"elementor-button elementor-button-link elementor-size-sm\" href=\"https:\/\/wp-sites.ccci.org\/c-proactif\/\/wp-content\/uploads\/sites\/393\/2023\/05\/Prier-secteur-information.pdf\" target=\"_blank\">\n\t\t\t\t\t\t<span class=\"elementor-button-content-wrapper\">\n\t\t\t\t\t\t\t\t\t<span class=\"elementor-button-text\">PDF DE LA CONFERENCE <\/span>\n\t\t\t\t\t<\/span>\n\t\t\t\t\t<\/a>\n\t\t\t\t<\/div>\n\t\t\t\t\t\t\t\t<\/div>\n\t\t\t\t<\/div>\n\t\t\t\t\t<\/div>\n\t\t<\/div>\n\t\t\t\t\t<\/div>\n\t\t<\/section>\n\t\t\t\t\t<\/div>\n\t\t<\/div>\n\t\t\t\t\t<\/div>\n\t\t<\/section>\n\t\t\t\t<section data-particle_enable=\"false\" data-particle-mobile-disabled=\"false\" class=\"elementor-section elementor-top-section elementor-element elementor-element-a7b750e elementor-section-boxed elementor-section-height-default elementor-section-height-default\" data-id=\"a7b750e\" data-element_type=\"section\" data-settings=\"{&quot;background_background&quot;:&quot;classic&quot;}\">\n\t\t\t\t\t\t<div class=\"elementor-container elementor-column-gap-default\">\n\t\t\t\t\t<div class=\"elementor-column elementor-col-66 elementor-top-column elementor-element elementor-element-f181ec9\" data-id=\"f181ec9\" data-element_type=\"column\">\n\t\t\t<div class=\"elementor-widget-wrap elementor-element-populated\">\n\t\t\t\t\t\t<div class=\"elementor-element elementor-element-86c4fba elementor-widget elementor-widget-text-editor\" data-id=\"86c4fba\" data-element_type=\"widget\" data-widget_type=\"text-editor.default\">\n\t\t\t\t<div class=\"elementor-widget-container\">\n\t\t\t\t\t\t\t\t\t<p><span style=\"color: #ffffff\">Si vous d\u00e9sirez poursuivre cette aventure avec nous, pour &lsquo;penser&rsquo; votre travail \u00e0 la lumi\u00e8re de l&rsquo;Evangile et vivre en t\u00e9moin de Christ dans tous les rouages de votre vie professionnelle :\u00a0<\/span><\/p><ul><li><a href=\"https:\/\/wp-sites.ccci.org\/c-proactif\/\/contact\/\">inscrivez-vous \u00e0 notre newsletter<\/a> <span style=\"color: #ffffff\">pour \u00eatre inform\u00e9 de nos nouvelles conf\u00e9rences et rencontres de pri\u00e8re\u00a0<\/span><\/li><li><a href=\"https:\/\/zoom.us\/j\/7062240438\">particpez \u00e0 nos d\u00e9jeuners de pri\u00e8re hebdomadaires,\u00a0 \u00ab\u00a0C&rsquo;est lundi, je prie !\u00a0\u00bb<\/a> <span style=\"color: #ffffff\">de 12h30 \u00e0 13h15 en ligne<\/span><\/li><li><a href=\"https:\/\/wp-sites.ccci.org\/c-proactif\/\/groupes\/demarrer-votre-groupe\/\">rejoignez ou d\u00e9marrez un groupe C-PROACTIF<\/a>, <span style=\"color: #ffffff\">meilleur endroit pour m\u00fbrir votre engagement de disciple au travail\u00a0<\/span><\/li><\/ul>\t\t\t\t\t\t\t\t<\/div>\n\t\t\t\t<\/div>\n\t\t\t\t\t<\/div>\n\t\t<\/div>\n\t\t\t\t<div class=\"elementor-column elementor-col-33 elementor-top-column elementor-element elementor-element-03c8cae\" data-id=\"03c8cae\" data-element_type=\"column\">\n\t\t\t<div class=\"elementor-widget-wrap elementor-element-populated\">\n\t\t\t\t\t\t<section data-particle_enable=\"false\" data-particle-mobile-disabled=\"false\" class=\"elementor-section elementor-inner-section elementor-element elementor-element-1faa2a6 elementor-section-boxed elementor-section-height-default elementor-section-height-default\" data-id=\"1faa2a6\" data-element_type=\"section\">\n\t\t\t\t\t\t<div class=\"elementor-container elementor-column-gap-default\">\n\t\t\t\t\t<div class=\"elementor-column elementor-col-100 elementor-inner-column elementor-element elementor-element-2d4e25d\" data-id=\"2d4e25d\" data-element_type=\"column\">\n\t\t\t<div class=\"elementor-widget-wrap elementor-element-populated\">\n\t\t\t\t\t\t<div class=\"elementor-element elementor-element-df129c2 elementor-widget elementor-widget-text-editor\" data-id=\"df129c2\" data-element_type=\"widget\" data-widget_type=\"text-editor.default\">\n\t\t\t\t<div class=\"elementor-widget-container\">\n\t\t\t\t\t\t\t\t\t<h5 style=\"text-align: center\"><span style=\"color: #ffffff\">Possibilit\u00e9 de donner suite en rejoignant une communaut\u00e9 de chr\u00e9tiens actifs dans le monde des Medias.<\/span> <a href=\"https:\/\/wp-sites.ccci.org\/c-proactif\/\/contact\/\"><span style=\"color: #ff6600\">Faites-vous conna\u00eetre si vous \u00eates int\u00e9ress\u00e9\/e.<\/span>\u00a0<\/a><\/h5>\t\t\t\t\t\t\t\t<\/div>\n\t\t\t\t<\/div>\n\t\t\t\t\t<\/div>\n\t\t<\/div>\n\t\t\t\t\t<\/div>\n\t\t<\/section>\n\t\t\t\t\t<\/div>\n\t\t<\/div>\n\t\t\t\t\t<\/div>\n\t\t<\/section>\n\t\t\t\t<\/div>\n\t\t","protected":false},"excerpt":{"rendered":"<p>\u00ab\u00a0Vous conna\u00eetrez la v\u00e9rit\u00e9, et la v\u00e9rit\u00e9 vous rendra libres. \u00a0\u00bb Jn 8:32 A l\u2019heure o\u00f9 chacun se pense \u2018journaliste\u2019 en publiant ses propres informations,\u00a0 o\u00f9 les r\u00e9seaux sociaux nous [&hellip;]<\/p>\n","protected":false},"author":14333,"featured_media":0,"parent":3594,"menu_order":0,"comment_status":"closed","ping_status":"closed","template":"","meta":{"site-sidebar-layout":"default","site-content-layout":"default","ast-site-content-layout":"default","site-content-style":"default","site-sidebar-style":"default","ast-global-header-display":"","ast-banner-title-visibility":"","ast-main-header-display":"","ast-hfb-above-header-display":"","ast-hfb-below-header-display":"","ast-hfb-mobile-header-display":"","site-post-title":"","ast-breadcrumbs-content":"","ast-featured-img":"","footer-sml-layout":"","ast-disable-related-posts":"","theme-transparent-header-meta":"default","adv-header-id-meta":"","stick-header-meta":"","header-above-stick-meta":"","header-main-stick-meta":"","header-below-stick-meta":"","astra-migrate-meta-layouts":"default","ast-page-background-enabled":"default","ast-page-background-meta":{"desktop":{"background-color":"","background-image":"","background-repeat":"repeat","background-position":"center center","background-size":"auto","background-attachment":"scroll","background-type":"","background-media":"","overlay-type":"","overlay-color":"","overlay-opacity":"","overlay-gradient":""},"tablet":{"background-color":"","background-image":"","background-repeat":"repeat","background-position":"center center","background-size":"auto","background-attachment":"scroll","background-type":"","background-media":"","overlay-type":"","overlay-color":"","overlay-opacity":"","overlay-gradient":""},"mobile":{"background-color":"","background-image":"","background-repeat":"repeat","background-position":"center center","background-size":"auto","background-attachment":"scroll","background-type":"","background-media":"","overlay-type":"","overlay-color":"","overlay-opacity":"","overlay-gradient":""}},"ast-content-background-meta":{"desktop":{"background-color":"var(--ast-global-color-5)","background-image":"","background-repeat":"repeat","background-position":"center center","background-size":"auto","background-attachment":"scroll","background-type":"","background-media":"","overlay-type":"","overlay-color":"","overlay-opacity":"","overlay-gradient":""},"tablet":{"background-color":"var(--ast-global-color-5)","background-image":"","background-repeat":"repeat","background-position":"center center","background-size":"auto","background-attachment":"scroll","background-type":"","background-media":"","overlay-type":"","overlay-color":"","overlay-opacity":"","overlay-gradient":""},"mobile":{"background-color":"var(--ast-global-color-5)","background-image":"","background-repeat":"repeat","background-position":"center center","background-size":"auto","background-attachment":"scroll","background-type":"","background-media":"","overlay-type":"","overlay-color":"","overlay-opacity":"","overlay-gradient":""}},"footnotes":""},"class_list":["post-13611","page","type-page","status-publish","hentry"],"yoast_head":"<!-- This site is optimized with the Yoast SEO plugin v26.7 - https:\/\/yoast.com\/wordpress\/plugins\/seo\/ -->\n<title>Prier pour le secteur de l&#039;Information - C-PROACTIF<\/title>\n<meta name=\"description\" content=\"La Presse et l&#039;Information constituent le 4\u00b0 pouvoir d&#039;un pays. Le connaitre mieux pour mieux nous y impliquer et interc\u00e9der en sa faveur.\" \/>\n<meta name=\"robots\" content=\"noindex, follow, max-snippet:-1, max-image-preview:large, max-video-preview:-1\" \/>\n<meta property=\"og:locale\" content=\"fr_FR\" \/>\n<meta property=\"og:type\" content=\"article\" \/>\n<meta property=\"og:title\" content=\"Prier pour le secteur de l&#039;Information - C-PROACTIF\" \/>\n<meta property=\"og:description\" content=\"La Presse et l&#039;Information constituent le 4\u00b0 pouvoir d&#039;un pays. Le connaitre mieux pour mieux nous y impliquer et interc\u00e9der en sa faveur.\" \/>\n<meta property=\"og:url\" content=\"https:\/\/wp-sites.ccci.org\/c-proactif\/priere\/presse-information\/\" \/>\n<meta property=\"og:site_name\" content=\"C-PROACTIF\" \/>\n<meta property=\"article:modified_time\" content=\"2023-05-17T12:02:40+00:00\" \/>\n<meta property=\"og:image\" content=\"https:\/\/c-proactif.org\/wp-content\/uploads\/sites\/393\/2023\/05\/affiche-prier-secteur-info.png\" \/>\n<meta name=\"twitter:card\" content=\"summary_large_image\" \/>\n<meta name=\"twitter:label1\" content=\"Dur\u00e9e de lecture estim\u00e9e\" \/>\n\t<meta name=\"twitter:data1\" content=\"2 minutes\" \/>\n<script type=\"application\/ld+json\" class=\"yoast-schema-graph\">{\"@context\":\"https:\/\/schema.org\",\"@graph\":[{\"@type\":\"WebPage\",\"@id\":\"https:\/\/wp-sites.ccci.org\/c-proactif\/priere\/presse-information\/\",\"url\":\"https:\/\/wp-sites.ccci.org\/c-proactif\/priere\/presse-information\/\",\"name\":\"Prier pour le secteur de l'Information - C-PROACTIF\",\"isPartOf\":{\"@id\":\"https:\/\/wp-sites.ccci.org\/c-proactif\/#website\"},\"primaryImageOfPage\":{\"@id\":\"https:\/\/wp-sites.ccci.org\/c-proactif\/priere\/presse-information\/#primaryimage\"},\"image\":{\"@id\":\"https:\/\/wp-sites.ccci.org\/c-proactif\/priere\/presse-information\/#primaryimage\"},\"thumbnailUrl\":\"https:\/\/c-proactif.org\/wp-content\/uploads\/sites\/393\/2023\/05\/affiche-prier-secteur-info.png\",\"datePublished\":\"2023-05-17T09:38:59+00:00\",\"dateModified\":\"2023-05-17T12:02:40+00:00\",\"description\":\"La Presse et l'Information constituent le 4\u00b0 pouvoir d'un pays. Le connaitre mieux pour mieux nous y impliquer et interc\u00e9der en sa faveur.\",\"breadcrumb\":{\"@id\":\"https:\/\/wp-sites.ccci.org\/c-proactif\/priere\/presse-information\/#breadcrumb\"},\"inLanguage\":\"fr-FR\",\"potentialAction\":[{\"@type\":\"ReadAction\",\"target\":[\"https:\/\/wp-sites.ccci.org\/c-proactif\/priere\/presse-information\/\"]}]},{\"@type\":\"ImageObject\",\"inLanguage\":\"fr-FR\",\"@id\":\"https:\/\/wp-sites.ccci.org\/c-proactif\/priere\/presse-information\/#primaryimage\",\"url\":\"https:\/\/c-proactif.org\/wp-content\/uploads\/sites\/393\/2023\/05\/affiche-prier-secteur-info.png\",\"contentUrl\":\"https:\/\/c-proactif.org\/wp-content\/uploads\/sites\/393\/2023\/05\/affiche-prier-secteur-info.png\"},{\"@type\":\"BreadcrumbList\",\"@id\":\"https:\/\/wp-sites.ccci.org\/c-proactif\/priere\/presse-information\/#breadcrumb\",\"itemListElement\":[{\"@type\":\"ListItem\",\"position\":1,\"name\":\"Accueil\",\"item\":\"https:\/\/wp-sites.ccci.org\/c-proactif\/\"},{\"@type\":\"ListItem\",\"position\":2,\"name\":\"Prier pour notre vie professionnelle\",\"item\":\"https:\/\/wp-sites.ccci.org\/c-proactif\/priere\/\"},{\"@type\":\"ListItem\",\"position\":3,\"name\":\"Prier pour le secteur de l&rsquo;Information\"}]},{\"@type\":\"WebSite\",\"@id\":\"https:\/\/wp-sites.ccci.org\/c-proactif\/#website\",\"url\":\"https:\/\/wp-sites.ccci.org\/c-proactif\/\",\"name\":\"C-PROACTIF\",\"description\":\"R\u00e9seau professionnel chr\u00e9tien\",\"publisher\":{\"@id\":\"https:\/\/wp-sites.ccci.org\/c-proactif\/#organization\"},\"potentialAction\":[{\"@type\":\"SearchAction\",\"target\":{\"@type\":\"EntryPoint\",\"urlTemplate\":\"https:\/\/wp-sites.ccci.org\/c-proactif\/?s={search_term_string}\"},\"query-input\":{\"@type\":\"PropertyValueSpecification\",\"valueRequired\":true,\"valueName\":\"search_term_string\"}}],\"inLanguage\":\"fr-FR\"},{\"@type\":\"Organization\",\"@id\":\"https:\/\/wp-sites.ccci.org\/c-proactif\/#organization\",\"name\":\"C-PROACTIF\",\"url\":\"https:\/\/wp-sites.ccci.org\/c-proactif\/\",\"logo\":{\"@type\":\"ImageObject\",\"inLanguage\":\"fr-FR\",\"@id\":\"https:\/\/wp-sites.ccci.org\/c-proactif\/#\/schema\/logo\/image\/\",\"url\":\"https:\/\/wp-sites.ccci.org\/c-proactif\/wp-content\/uploads\/sites\/393\/2021\/05\/logo-baseline-blanc-300.png\",\"contentUrl\":\"https:\/\/wp-sites.ccci.org\/c-proactif\/wp-content\/uploads\/sites\/393\/2021\/05\/logo-baseline-blanc-300.png\",\"width\":300,\"height\":113,\"caption\":\"C-PROACTIF\"},\"image\":{\"@id\":\"https:\/\/wp-sites.ccci.org\/c-proactif\/#\/schema\/logo\/image\/\"}}]}<\/script>\n<!-- \/ Yoast SEO plugin. -->","yoast_head_json":{"title":"Prier pour le secteur de l'Information - C-PROACTIF","description":"La Presse et l'Information constituent le 4\u00b0 pouvoir d'un pays. Le connaitre mieux pour mieux nous y impliquer et interc\u00e9der en sa faveur.","robots":{"index":"noindex","follow":"follow","max-snippet":"max-snippet:-1","max-image-preview":"max-image-preview:large","max-video-preview":"max-video-preview:-1"},"og_locale":"fr_FR","og_type":"article","og_title":"Prier pour le secteur de l'Information - C-PROACTIF","og_description":"La Presse et l'Information constituent le 4\u00b0 pouvoir d'un pays. Le connaitre mieux pour mieux nous y impliquer et interc\u00e9der en sa faveur.","og_url":"https:\/\/wp-sites.ccci.org\/c-proactif\/priere\/presse-information\/","og_site_name":"C-PROACTIF","article_modified_time":"2023-05-17T12:02:40+00:00","og_image":[{"url":"https:\/\/c-proactif.org\/wp-content\/uploads\/sites\/393\/2023\/05\/affiche-prier-secteur-info.png","type":"","width":"","height":""}],"twitter_card":"summary_large_image","twitter_misc":{"Dur\u00e9e de lecture estim\u00e9e":"2 minutes"},"schema":{"@context":"https:\/\/schema.org","@graph":[{"@type":"WebPage","@id":"https:\/\/wp-sites.ccci.org\/c-proactif\/priere\/presse-information\/","url":"https:\/\/wp-sites.ccci.org\/c-proactif\/priere\/presse-information\/","name":"Prier pour le secteur de l'Information - C-PROACTIF","isPartOf":{"@id":"https:\/\/wp-sites.ccci.org\/c-proactif\/#website"},"primaryImageOfPage":{"@id":"https:\/\/wp-sites.ccci.org\/c-proactif\/priere\/presse-information\/#primaryimage"},"image":{"@id":"https:\/\/wp-sites.ccci.org\/c-proactif\/priere\/presse-information\/#primaryimage"},"thumbnailUrl":"https:\/\/c-proactif.org\/wp-content\/uploads\/sites\/393\/2023\/05\/affiche-prier-secteur-info.png","datePublished":"2023-05-17T09:38:59+00:00","dateModified":"2023-05-17T12:02:40+00:00","description":"La Presse et l'Information constituent le 4\u00b0 pouvoir d'un pays. Le connaitre mieux pour mieux nous y impliquer et interc\u00e9der en sa faveur.","breadcrumb":{"@id":"https:\/\/wp-sites.ccci.org\/c-proactif\/priere\/presse-information\/#breadcrumb"},"inLanguage":"fr-FR","potentialAction":[{"@type":"ReadAction","target":["https:\/\/wp-sites.ccci.org\/c-proactif\/priere\/presse-information\/"]}]},{"@type":"ImageObject","inLanguage":"fr-FR","@id":"https:\/\/wp-sites.ccci.org\/c-proactif\/priere\/presse-information\/#primaryimage","url":"https:\/\/c-proactif.org\/wp-content\/uploads\/sites\/393\/2023\/05\/affiche-prier-secteur-info.png","contentUrl":"https:\/\/c-proactif.org\/wp-content\/uploads\/sites\/393\/2023\/05\/affiche-prier-secteur-info.png"},{"@type":"BreadcrumbList","@id":"https:\/\/wp-sites.ccci.org\/c-proactif\/priere\/presse-information\/#breadcrumb","itemListElement":[{"@type":"ListItem","position":1,"name":"Accueil","item":"https:\/\/wp-sites.ccci.org\/c-proactif\/"},{"@type":"ListItem","position":2,"name":"Prier pour notre vie professionnelle","item":"https:\/\/wp-sites.ccci.org\/c-proactif\/priere\/"},{"@type":"ListItem","position":3,"name":"Prier pour le secteur de l&rsquo;Information"}]},{"@type":"WebSite","@id":"https:\/\/wp-sites.ccci.org\/c-proactif\/#website","url":"https:\/\/wp-sites.ccci.org\/c-proactif\/","name":"C-PROACTIF","description":"R\u00e9seau professionnel chr\u00e9tien","publisher":{"@id":"https:\/\/wp-sites.ccci.org\/c-proactif\/#organization"},"potentialAction":[{"@type":"SearchAction","target":{"@type":"EntryPoint","urlTemplate":"https:\/\/wp-sites.ccci.org\/c-proactif\/?s={search_term_string}"},"query-input":{"@type":"PropertyValueSpecification","valueRequired":true,"valueName":"search_term_string"}}],"inLanguage":"fr-FR"},{"@type":"Organization","@id":"https:\/\/wp-sites.ccci.org\/c-proactif\/#organization","name":"C-PROACTIF","url":"https:\/\/wp-sites.ccci.org\/c-proactif\/","logo":{"@type":"ImageObject","inLanguage":"fr-FR","@id":"https:\/\/wp-sites.ccci.org\/c-proactif\/#\/schema\/logo\/image\/","url":"https:\/\/wp-sites.ccci.org\/c-proactif\/wp-content\/uploads\/sites\/393\/2021\/05\/logo-baseline-blanc-300.png","contentUrl":"https:\/\/wp-sites.ccci.org\/c-proactif\/wp-content\/uploads\/sites\/393\/2021\/05\/logo-baseline-blanc-300.png","width":300,"height":113,"caption":"C-PROACTIF"},"image":{"@id":"https:\/\/wp-sites.ccci.org\/c-proactif\/#\/schema\/logo\/image\/"}}]}},"meta_box":[],"_links":{"self":[{"href":"https:\/\/wp-sites.ccci.org\/c-proactif\/wp-json\/wp\/v2\/pages\/13611","targetHints":{"allow":["GET"]}}],"collection":[{"href":"https:\/\/wp-sites.ccci.org\/c-proactif\/wp-json\/wp\/v2\/pages"}],"about":[{"href":"https:\/\/wp-sites.ccci.org\/c-proactif\/wp-json\/wp\/v2\/types\/page"}],"author":[{"embeddable":true,"href":"https:\/\/wp-sites.ccci.org\/c-proactif\/wp-json\/wp\/v2\/users\/14333"}],"replies":[{"embeddable":true,"href":"https:\/\/wp-sites.ccci.org\/c-proactif\/wp-json\/wp\/v2\/comments?post=13611"}],"version-history":[{"count":54,"href":"https:\/\/wp-sites.ccci.org\/c-proactif\/wp-json\/wp\/v2\/pages\/13611\/revisions"}],"predecessor-version":[{"id":13688,"href":"https:\/\/wp-sites.ccci.org\/c-proactif\/wp-json\/wp\/v2\/pages\/13611\/revisions\/13688"}],"up":[{"embeddable":true,"href":"https:\/\/wp-sites.ccci.org\/c-proactif\/wp-json\/wp\/v2\/pages\/3594"}],"wp:attachment":[{"href":"https:\/\/wp-sites.ccci.org\/c-proactif\/wp-json\/wp\/v2\/media?parent=13611"}],"curies":[{"name":"wp","href":"https:\/\/api.w.org\/{rel}","templated":true}]}}