{"id":14570,"date":"2023-11-21T15:39:44","date_gmt":"2023-11-21T14:39:44","guid":{"rendered":"https:\/\/c-proactif.org\/?page_id=14570"},"modified":"2023-12-22T13:01:55","modified_gmt":"2023-12-22T12:01:55","slug":"formation-eglise-dispersee","status":"publish","type":"page","link":"https:\/\/wp-sites.ccci.org\/c-proactif\/formation-eglise-dispersee\/","title":{"rendered":"Seminaires \/ WE d&rsquo;\u00e9glise"},"content":{"rendered":"\t\t<div data-elementor-type=\"wp-page\" data-elementor-id=\"14570\" class=\"elementor elementor-14570\" data-elementor-post-type=\"page\">\n\t\t\t\t\t\t<section data-particle_enable=\"false\" data-particle-mobile-disabled=\"false\" class=\"elementor-section elementor-top-section elementor-element elementor-element-f1e3541 elementor-section-boxed elementor-section-height-default elementor-section-height-default\" data-id=\"f1e3541\" data-element_type=\"section\" data-settings=\"{&quot;background_background&quot;:&quot;classic&quot;}\">\n\t\t\t\t\t\t<div class=\"elementor-container elementor-column-gap-default\">\n\t\t\t\t\t<div class=\"elementor-column elementor-col-100 elementor-top-column elementor-element elementor-element-b14d90f\" data-id=\"b14d90f\" data-element_type=\"column\">\n\t\t\t<div class=\"elementor-widget-wrap elementor-element-populated\">\n\t\t\t\t\t\t<div class=\"elementor-element elementor-element-441cee9 elementor-widget elementor-widget-heading\" data-id=\"441cee9\" data-element_type=\"widget\" data-widget_type=\"heading.default\">\n\t\t\t\t<div class=\"elementor-widget-container\">\n\t\t\t\t\t<h2 class=\"elementor-heading-title elementor-size-default\">Vivre en disciples de Christ dans l'Eglise dispers\u00e9e <\/h2>\t\t\t\t<\/div>\n\t\t\t\t<\/div>\n\t\t\t\t\t<\/div>\n\t\t<\/div>\n\t\t\t\t\t<\/div>\n\t\t<\/section>\n\t\t\t\t<section data-particle_enable=\"false\" data-particle-mobile-disabled=\"false\" class=\"elementor-section elementor-top-section elementor-element elementor-element-bfa8559 elementor-section-content-bottom elementor-section-boxed elementor-section-height-default elementor-section-height-default\" data-id=\"bfa8559\" data-element_type=\"section\" data-settings=\"{&quot;background_background&quot;:&quot;classic&quot;}\">\n\t\t\t\t\t\t<div class=\"elementor-container elementor-column-gap-default\">\n\t\t\t\t\t<div class=\"elementor-column elementor-col-33 elementor-top-column elementor-element elementor-element-43ce420\" data-id=\"43ce420\" data-element_type=\"column\">\n\t\t\t<div class=\"elementor-widget-wrap elementor-element-populated\">\n\t\t\t\t\t\t<div class=\"elementor-element elementor-element-a68c336 elementor-widget elementor-widget-text-editor\" data-id=\"a68c336\" data-element_type=\"widget\" data-widget_type=\"text-editor.default\">\n\t\t\t\t<div class=\"elementor-widget-container\">\n\t\t\t\t\t\t\t\t\t<p>Est-il possible de servir Dieu dans tous les aspects de notre vie ? Si oui, dans quel minist\u00e8re ? Alors que 90% de la population active de nos \u00e9glises est en activit\u00e9 professionnelle, que veut dire servir Dieu par son travail ? Quel est le minist\u00e8re d&rsquo;un chr\u00e9tien au travail ? Quel est le lien entre le minist\u00e8re du chr\u00e9tien au travail et l&rsquo;\u00c9glise ? Comment vivre notre mission de serviteurs de Dieu dans le monde pour y \u00eatre sel et lumi\u00e8re de l&rsquo;\u00c9vangile ?<\/p><blockquote><p>\u00ab\u00a0Offrez vos corps comme un sacrifice vivant, ce qui sera de votre part un culte raisonnable\u00a0\u00bb Rom 12.1\u00a0<\/p><\/blockquote>\t\t\t\t\t\t\t\t<\/div>\n\t\t\t\t<\/div>\n\t\t\t\t\t<\/div>\n\t\t<\/div>\n\t\t\t\t<div class=\"elementor-column elementor-col-66 elementor-top-column elementor-element elementor-element-39a340d\" data-id=\"39a340d\" data-element_type=\"column\">\n\t\t\t<div class=\"elementor-widget-wrap elementor-element-populated\">\n\t\t\t\t\t\t<div class=\"elementor-element elementor-element-25b7566 elementor-widget elementor-widget-image\" data-id=\"25b7566\" data-element_type=\"widget\" data-widget_type=\"image.default\">\n\t\t\t\t<div class=\"elementor-widget-container\">\n\t\t\t\t\t\t\t\t\t\t\t\t\t\t\t<img decoding=\"async\" src=\"https:\/\/wp-sites.ccci.org\/c-proactif\/wp-content\/uploads\/sites\/393\/2023\/11\/large-group-multiethnic-cheerful-people-isolated-scaled.jpg?w=1024\" title=\"Large group of multiethnic cheerful people isolated\" alt=\"Large group of multiethnic cheerful people isolated over white background\" loading=\"lazy\" \/>\t\t\t\t\t\t\t\t\t\t\t\t\t\t\t<\/div>\n\t\t\t\t<\/div>\n\t\t\t\t\t<\/div>\n\t\t<\/div>\n\t\t\t\t\t<\/div>\n\t\t<\/section>\n\t\t\t\t<section data-particle_enable=\"false\" data-particle-mobile-disabled=\"false\" class=\"elementor-section elementor-top-section elementor-element elementor-element-2714d58 elementor-section-boxed elementor-section-height-default elementor-section-height-default\" data-id=\"2714d58\" data-element_type=\"section\">\n\t\t\t\t\t\t<div class=\"elementor-container elementor-column-gap-default\">\n\t\t\t\t\t<div class=\"elementor-column elementor-col-100 elementor-top-column elementor-element elementor-element-6f9af71\" data-id=\"6f9af71\" data-element_type=\"column\">\n\t\t\t<div class=\"elementor-widget-wrap elementor-element-populated\">\n\t\t\t\t\t\t<div class=\"elementor-element elementor-element-ec25dd3 elementor-widget elementor-widget-heading\" data-id=\"ec25dd3\" data-element_type=\"widget\" data-widget_type=\"heading.default\">\n\t\t\t\t<div class=\"elementor-widget-container\">\n\t\t\t\t\t<h2 class=\"elementor-heading-title elementor-size-default\">Un pasteur t\u00e9moigne de son exp\u00e9rience <\/h2>\t\t\t\t<\/div>\n\t\t\t\t<\/div>\n\t\t\t\t\t<\/div>\n\t\t<\/div>\n\t\t\t\t\t<\/div>\n\t\t<\/section>\n\t\t\t\t<section data-particle_enable=\"false\" data-particle-mobile-disabled=\"false\" class=\"elementor-section elementor-top-section elementor-element elementor-element-e518e55 elementor-section-content-middle elementor-section-boxed elementor-section-height-default elementor-section-height-default\" data-id=\"e518e55\" data-element_type=\"section\">\n\t\t\t\t\t\t<div class=\"elementor-container elementor-column-gap-default\">\n\t\t\t\t\t<div class=\"elementor-column elementor-col-33 elementor-top-column elementor-element elementor-element-6620865\" data-id=\"6620865\" data-element_type=\"column\">\n\t\t\t<div class=\"elementor-widget-wrap elementor-element-populated\">\n\t\t\t\t\t\t<div class=\"elementor-element elementor-element-c198a7c elementor-position-top elementor-widget elementor-widget-image-box\" data-id=\"c198a7c\" data-element_type=\"widget\" data-widget_type=\"image-box.default\">\n\t\t\t\t<div class=\"elementor-widget-container\">\n\t\t\t\t\t<div class=\"elementor-image-box-wrapper\"><figure class=\"elementor-image-box-img\"><img fetchpriority=\"high\" decoding=\"async\" width=\"1024\" height=\"1127\" src=\"https:\/\/wp-sites.ccci.org\/c-proactif\/wp-content\/uploads\/sites\/393\/2023\/11\/Gael-scaled.jpg\" class=\"attachment-full size-full wp-image-14573\" alt=\"\" srcset=\"https:\/\/wp-sites.ccci.org\/c-proactif\/wp-content\/uploads\/sites\/393\/2023\/11\/Gael-scaled.jpg 2326w, https:\/\/wp-sites.ccci.org\/c-proactif\/wp-content\/uploads\/sites\/393\/2023\/11\/Gael-scaled.jpg?resize=273,300 273w, https:\/\/wp-sites.ccci.org\/c-proactif\/wp-content\/uploads\/sites\/393\/2023\/11\/Gael-scaled.jpg?resize=768,845 768w, https:\/\/wp-sites.ccci.org\/c-proactif\/wp-content\/uploads\/sites\/393\/2023\/11\/Gael-scaled.jpg?resize=930,1024 930w, https:\/\/wp-sites.ccci.org\/c-proactif\/wp-content\/uploads\/sites\/393\/2023\/11\/Gael-scaled.jpg?resize=1396,1536 1396w, https:\/\/wp-sites.ccci.org\/c-proactif\/wp-content\/uploads\/sites\/393\/2023\/11\/Gael-scaled.jpg?resize=1861,2048 1861w\" sizes=\"(max-width: 1024px) 100vw, 1024px\" \/><\/figure><div class=\"elementor-image-box-content\"><h3 class=\"elementor-image-box-title\">Ga\u00ebl ARCHINARD<br>\u00c9glise Perspectives<br>Wissembourg (67) <\/h3><\/div><\/div>\t\t\t\t<\/div>\n\t\t\t\t<\/div>\n\t\t\t\t\t<\/div>\n\t\t<\/div>\n\t\t\t\t<div class=\"elementor-column elementor-col-66 elementor-top-column elementor-element elementor-element-4557d41 white-box\" data-id=\"4557d41\" data-element_type=\"column\">\n\t\t\t<div class=\"elementor-widget-wrap elementor-element-populated\">\n\t\t\t\t\t\t<div class=\"elementor-element elementor-element-936bf5e elementor-widget elementor-widget-text-editor\" data-id=\"936bf5e\" data-element_type=\"widget\" data-widget_type=\"text-editor.default\">\n\t\t\t\t<div class=\"elementor-widget-container\">\n\t\t\t\t\t\t\t\t\t<p>\u00ab\u00a0Depuis plusieurs ann\u00e9es, nous affirmons que nous voulons \u00eatre une \u00c9glise pour le monde, et pas seulement pour nous-m\u00eames. Nous essayons d\u2019\u00eatre pleinement \u00c9glise quand nous sommes en mode dispers\u00e9s\u2026 Dans cette continuit\u00e9, notre WE d\u2019\u00c9glise avec Anne-Marie Husson \u00e9tait g\u00e9nial !\u00a0 Nous avons \u00e9t\u00e9 motiv\u00e9s et inspir\u00e9s pour \u00eatre disciples et ambassadeurs de Christ toute la semaine.<\/p><p><strong>En particulier au travail : on passe en moyenne 1800 h \/ an au travail, contre maximum 200 h \/ an \u00e0 l\u2019\u00e9glise ! Quel est le sens de mon activit\u00e9 professionnelle, du point de vue de Dieu ? <\/strong><\/p><ul><li>Le travail est souvent vu comme une mal\u00e9diction ; est-ce vraiment juste ?!?<\/li><li>Comment faire face aux d\u00e9fis que je ne manque pas de rencontrer quand, au travail, je veux me comporter chr\u00e9tiennement ?<\/li><li>Comment impacter mon environnement avec les valeurs de l\u2019\u00c9vangile ?<\/li><\/ul><p>L\u2019enseignement d\u2019Anne-Marie est profond\u00e9ment missionnel : nous avons \u00e9t\u00e9 stimul\u00e9s et \u00e9quip\u00e9s pour agir en disciples l\u00e0 o\u00f9 Dieu nous place. Anne-Marie a su rejoindre chacun, quelle que soit son domaine d\u2019activit\u00e9 (et dans notre \u00c9glise, le panel est tr\u00e8s vari\u00e9 !) ; tout le monde y a trouv\u00e9 son compte. Beaucoup sont repartis enthousiastes, chamboul\u00e9s par une vision renouvel\u00e9e de leur travail et de la mani\u00e8re d\u2019\u00eatre disciple de J\u00e9sus au quotidien. <strong>C\u2019\u00e9tait un vrai changement de regard. Nous souhaitons \u00e0 beaucoup d\u2019\u00c9glises de le vivre aussi !<\/strong><\/p>\t\t\t\t\t\t\t\t<\/div>\n\t\t\t\t<\/div>\n\t\t\t\t\t<\/div>\n\t\t<\/div>\n\t\t\t\t\t<\/div>\n\t\t<\/section>\n\t\t\t\t<section data-particle_enable=\"false\" data-particle-mobile-disabled=\"false\" class=\"elementor-section elementor-top-section elementor-element elementor-element-09b26a7 elementor-section-boxed elementor-section-height-default elementor-section-height-default\" data-id=\"09b26a7\" data-element_type=\"section\">\n\t\t\t\t\t\t<div class=\"elementor-container elementor-column-gap-default\">\n\t\t\t\t\t<div class=\"elementor-column elementor-col-100 elementor-top-column elementor-element elementor-element-7f44966\" data-id=\"7f44966\" data-element_type=\"column\">\n\t\t\t<div class=\"elementor-widget-wrap elementor-element-populated\">\n\t\t\t\t\t\t<div class=\"elementor-element elementor-element-e0bf818 elementor-widget elementor-widget-heading\" data-id=\"e0bf818\" data-element_type=\"widget\" data-widget_type=\"heading.default\">\n\t\t\t\t<div class=\"elementor-widget-container\">\n\t\t\t\t\t<h2 class=\"elementor-heading-title elementor-size-default\">En pratique<\/h2>\t\t\t\t<\/div>\n\t\t\t\t<\/div>\n\t\t\t\t\t<\/div>\n\t\t<\/div>\n\t\t\t\t\t<\/div>\n\t\t<\/section>\n\t\t\t\t<section data-particle_enable=\"false\" data-particle-mobile-disabled=\"false\" class=\"elementor-section elementor-top-section elementor-element elementor-element-914ea7c elementor-section-boxed elementor-section-height-default elementor-section-height-default\" data-id=\"914ea7c\" data-element_type=\"section\" data-settings=\"{&quot;background_background&quot;:&quot;classic&quot;}\">\n\t\t\t\t\t\t<div class=\"elementor-container elementor-column-gap-default\">\n\t\t\t\t\t<div class=\"elementor-column elementor-col-33 elementor-top-column elementor-element elementor-element-c09158a\" data-id=\"c09158a\" data-element_type=\"column\">\n\t\t\t<div class=\"elementor-widget-wrap elementor-element-populated\">\n\t\t\t\t\t\t<div class=\"elementor-element elementor-element-de4d563 elementor-widget elementor-widget-text-editor\" data-id=\"de4d563\" data-element_type=\"widget\" data-widget_type=\"text-editor.default\">\n\t\t\t\t<div class=\"elementor-widget-container\">\n\t\t\t\t\t\t\t\t\t<h3><strong>FORMAT<\/strong>\u00a0<\/h3><p><strong><span style=\"font-size: 16px\">3 s\u00e9ances de 2h chacune<\/span><\/strong><\/p><ul><li>Rythme : sur une journ\u00e9e (formule s\u00e9minaire) <br \/>ou sur deux jours (formule WE d&rsquo;\u00e9glise)\u00a0<\/li><li>Discussion d&rsquo;approfondissement entre les sessions\u00a0\u00a0<\/li><li>Possibilit\u00e9 de conseil individuel\u00a0<\/li><\/ul>\t\t\t\t\t\t\t\t<\/div>\n\t\t\t\t<\/div>\n\t\t\t\t\t<\/div>\n\t\t<\/div>\n\t\t\t\t<div class=\"elementor-column elementor-col-33 elementor-top-column elementor-element elementor-element-cfa5a1b\" data-id=\"cfa5a1b\" data-element_type=\"column\">\n\t\t\t<div class=\"elementor-widget-wrap elementor-element-populated\">\n\t\t\t\t\t\t<div class=\"elementor-element elementor-element-3a8aa55 elementor-widget elementor-widget-text-editor\" data-id=\"3a8aa55\" data-element_type=\"widget\" data-widget_type=\"text-editor.default\">\n\t\t\t\t<div class=\"elementor-widget-container\">\n\t\t\t\t\t\t\t\t\t<h3><b>THEMES DES SEANCES DE FORMATION\u00a0<\/b><\/h3><h3><strong style=\"font-size: 15px;text-align: justify;background-color: var( --e-global-color-4eece8c )\">S\u00e9ance 1<\/strong><span style=\"font-size: 15px;text-align: justify;background-color: var( --e-global-color-4eece8c )\">\u00a0 \u00a0 \u00a0 \u00a0 \u00a0 Disciples pour l&rsquo;Eglise dispers\u00e9e<\/span><\/h3><h3><strong style=\"font-size: 15px;text-align: justify;background-color: var( --e-global-color-4eece8c )\">S\u00e9ance 2\u00a0 <\/strong><span style=\"font-weight: bold;font-size: 15px;text-align: justify;background-color: var( --e-global-color-4eece8c )\">\u00a0 \u00a0 \u00a0 \u00a0 D\u00e9couvrir son propre minist\u00e8re\u00a0<\/span><\/h3><h3><strong style=\"font-size: 15px;text-align: justify;background-color: var( --e-global-color-4eece8c )\">S\u00e9ance 3 <\/strong><span style=\"font-weight: bold;font-size: 15px;text-align: justify;background-color: var( --e-global-color-4eece8c )\">\u00a0 \u00a0 \u00a0 \u00a0 \u00a0 Une vie qui parle, align\u00e9e et coh\u00e9rente\u00a0<br \/><\/span><\/h3>\t\t\t\t\t\t\t\t<\/div>\n\t\t\t\t<\/div>\n\t\t\t\t<section data-particle_enable=\"false\" data-particle-mobile-disabled=\"false\" class=\"elementor-section elementor-inner-section elementor-element elementor-element-c34bcb9 elementor-section-boxed elementor-section-height-default elementor-section-height-default\" data-id=\"c34bcb9\" data-element_type=\"section\">\n\t\t\t\t\t\t<div class=\"elementor-container elementor-column-gap-default\">\n\t\t\t\t\t<div class=\"elementor-column elementor-col-100 elementor-inner-column elementor-element elementor-element-d8e0ba2\" data-id=\"d8e0ba2\" data-element_type=\"column\">\n\t\t\t<div class=\"elementor-widget-wrap elementor-element-populated\">\n\t\t\t\t\t\t<div class=\"elementor-element elementor-element-d86980e elementor-align-center elementor-widget elementor-widget-button\" data-id=\"d86980e\" data-element_type=\"widget\" data-widget_type=\"button.default\">\n\t\t\t\t<div class=\"elementor-widget-container\">\n\t\t\t\t\t\t\t\t\t<div class=\"elementor-button-wrapper\">\n\t\t\t\t\t<a class=\"elementor-button elementor-button-link elementor-size-lg\" href=\"https:\/\/wp-sites.ccci.org\/c-proactif\/\/contact\/\">\n\t\t\t\t\t\t<span class=\"elementor-button-content-wrapper\">\n\t\t\t\t\t\t\t\t\t<span class=\"elementor-button-text\">PRENDRE CONTACT  <\/span>\n\t\t\t\t\t<\/span>\n\t\t\t\t\t<\/a>\n\t\t\t\t<\/div>\n\t\t\t\t\t\t\t\t<\/div>\n\t\t\t\t<\/div>\n\t\t\t\t\t<\/div>\n\t\t<\/div>\n\t\t\t\t\t<\/div>\n\t\t<\/section>\n\t\t\t\t\t<\/div>\n\t\t<\/div>\n\t\t\t\t<div class=\"elementor-column elementor-col-33 elementor-top-column elementor-element elementor-element-4019684\" data-id=\"4019684\" data-element_type=\"column\">\n\t\t\t<div class=\"elementor-widget-wrap elementor-element-populated\">\n\t\t\t\t\t\t<div class=\"elementor-element elementor-element-f50a79f elementor-widget elementor-widget-text-editor\" data-id=\"f50a79f\" data-element_type=\"widget\" data-widget_type=\"text-editor.default\">\n\t\t\t\t<div class=\"elementor-widget-container\">\n\t\t\t\t\t\t\t\t\t<h4>\u00a0Conditions d&rsquo;intervention\u00a0<\/h4><ul><li>Prise en charge du voyage et du logement de l&rsquo;intervenant<\/li><li>Participation financi\u00e8re \u00e0 n\u00e9gocier\u00a0<\/li><\/ul>\t\t\t\t\t\t\t\t<\/div>\n\t\t\t\t<\/div>\n\t\t\t\t\t<\/div>\n\t\t<\/div>\n\t\t\t\t\t<\/div>\n\t\t<\/section>\n\t\t\t\t<\/div>\n\t\t","protected":false},"excerpt":{"rendered":"<p>Vivre en disciples de Christ dans l&rsquo;Eglise dispers\u00e9e Est-il possible de servir Dieu dans tous les aspects de notre vie ? Si oui, dans quel minist\u00e8re ? Alors que 90% [&hellip;]<\/p>\n","protected":false},"author":14333,"featured_media":0,"parent":0,"menu_order":0,"comment_status":"closed","ping_status":"closed","template":"","meta":{"site-sidebar-layout":"default","site-content-layout":"default","ast-site-content-layout":"default","site-content-style":"default","site-sidebar-style":"default","ast-global-header-display":"","ast-banner-title-visibility":"","ast-main-header-display":"","ast-hfb-above-header-display":"","ast-hfb-below-header-display":"","ast-hfb-mobile-header-display":"","site-post-title":"","ast-breadcrumbs-content":"","ast-featured-img":"disabled","footer-sml-layout":"","ast-disable-related-posts":"","theme-transparent-header-meta":"default","adv-header-id-meta":"","stick-header-meta":"","header-above-stick-meta":"","header-main-stick-meta":"","header-below-stick-meta":"","astra-migrate-meta-layouts":"set","ast-page-background-enabled":"default","ast-page-background-meta":{"desktop":{"background-color":"","background-image":"","background-repeat":"repeat","background-position":"center center","background-size":"auto","background-attachment":"scroll","background-type":"","background-media":"","overlay-type":"","overlay-color":"","overlay-opacity":"","overlay-gradient":""},"tablet":{"background-color":"","background-image":"","background-repeat":"repeat","background-position":"center center","background-size":"auto","background-attachment":"scroll","background-type":"","background-media":"","overlay-type":"","overlay-color":"","overlay-opacity":"","overlay-gradient":""},"mobile":{"background-color":"","background-image":"","background-repeat":"repeat","background-position":"center center","background-size":"auto","background-attachment":"scroll","background-type":"","background-media":"","overlay-type":"","overlay-color":"","overlay-opacity":"","overlay-gradient":""}},"ast-content-background-meta":{"desktop":{"background-color":"var(--ast-global-color-5)","background-image":"","background-repeat":"repeat","background-position":"center center","background-size":"auto","background-attachment":"scroll","background-type":"","background-media":"","overlay-type":"","overlay-color":"","overlay-opacity":"","overlay-gradient":""},"tablet":{"background-color":"var(--ast-global-color-5)","background-image":"","background-repeat":"repeat","background-position":"center center","background-size":"auto","background-attachment":"scroll","background-type":"","background-media":"","overlay-type":"","overlay-color":"","overlay-opacity":"","overlay-gradient":""},"mobile":{"background-color":"var(--ast-global-color-5)","background-image":"","background-repeat":"repeat","background-position":"center center","background-size":"auto","background-attachment":"scroll","background-type":"","background-media":"","overlay-type":"","overlay-color":"","overlay-opacity":"","overlay-gradient":""}},"footnotes":""},"class_list":["post-14570","page","type-page","status-publish","hentry"],"yoast_head":"<!-- This site is optimized with the Yoast SEO plugin v26.7 - https:\/\/yoast.com\/wordpress\/plugins\/seo\/ -->\n<title>Seminaires \/ WE d&#039;\u00e9glise - C-PROACTIF<\/title>\n<meta name=\"description\" content=\"Profitez de la formation C-PROACTIF pour organiser un s\u00e9minaire ou un WE d&#039;\u00e9glise sur le th\u00e8me de l&#039;\u00e9glise dispers\u00e9e.\" \/>\n<meta name=\"robots\" content=\"noindex, follow, max-snippet:-1, max-image-preview:large, max-video-preview:-1\" \/>\n<meta property=\"og:locale\" content=\"fr_FR\" \/>\n<meta property=\"og:type\" content=\"article\" \/>\n<meta property=\"og:title\" content=\"Seminaires \/ WE d&#039;\u00e9glise - C-PROACTIF\" \/>\n<meta property=\"og:description\" content=\"Profitez de la formation C-PROACTIF pour organiser un s\u00e9minaire ou un WE d&#039;\u00e9glise sur le th\u00e8me de l&#039;\u00e9glise dispers\u00e9e.\" \/>\n<meta property=\"og:url\" content=\"https:\/\/wp-sites.ccci.org\/c-proactif\/formation-eglise-dispersee\/\" \/>\n<meta property=\"og:site_name\" content=\"C-PROACTIF\" \/>\n<meta property=\"article:modified_time\" content=\"2023-12-22T12:01:55+00:00\" \/>\n<meta property=\"og:image\" content=\"https:\/\/c-proactif.org\/wp-content\/uploads\/sites\/393\/2023\/11\/large-group-multiethnic-cheerful-people-isolated-1024x670.jpg\" \/>\n<meta name=\"twitter:card\" content=\"summary_large_image\" \/>\n<meta name=\"twitter:label1\" content=\"Dur\u00e9e de lecture estim\u00e9e\" \/>\n\t<meta name=\"twitter:data1\" content=\"3 minutes\" \/>\n<script type=\"application\/ld+json\" class=\"yoast-schema-graph\">{\"@context\":\"https:\/\/schema.org\",\"@graph\":[{\"@type\":\"WebPage\",\"@id\":\"https:\/\/wp-sites.ccci.org\/c-proactif\/formation-eglise-dispersee\/\",\"url\":\"https:\/\/wp-sites.ccci.org\/c-proactif\/formation-eglise-dispersee\/\",\"name\":\"Seminaires \/ WE d'\u00e9glise - C-PROACTIF\",\"isPartOf\":{\"@id\":\"https:\/\/wp-sites.ccci.org\/c-proactif\/#website\"},\"primaryImageOfPage\":{\"@id\":\"https:\/\/wp-sites.ccci.org\/c-proactif\/formation-eglise-dispersee\/#primaryimage\"},\"image\":{\"@id\":\"https:\/\/wp-sites.ccci.org\/c-proactif\/formation-eglise-dispersee\/#primaryimage\"},\"thumbnailUrl\":\"https:\/\/c-proactif.org\/wp-content\/uploads\/sites\/393\/2023\/11\/large-group-multiethnic-cheerful-people-isolated-1024x670.jpg\",\"datePublished\":\"2023-11-21T14:39:44+00:00\",\"dateModified\":\"2023-12-22T12:01:55+00:00\",\"description\":\"Profitez de la formation C-PROACTIF pour organiser un s\u00e9minaire ou un WE d'\u00e9glise sur le th\u00e8me de l'\u00e9glise dispers\u00e9e.\",\"breadcrumb\":{\"@id\":\"https:\/\/wp-sites.ccci.org\/c-proactif\/formation-eglise-dispersee\/#breadcrumb\"},\"inLanguage\":\"fr-FR\",\"potentialAction\":[{\"@type\":\"ReadAction\",\"target\":[\"https:\/\/wp-sites.ccci.org\/c-proactif\/formation-eglise-dispersee\/\"]}]},{\"@type\":\"ImageObject\",\"inLanguage\":\"fr-FR\",\"@id\":\"https:\/\/wp-sites.ccci.org\/c-proactif\/formation-eglise-dispersee\/#primaryimage\",\"url\":\"https:\/\/c-proactif.org\/wp-content\/uploads\/sites\/393\/2023\/11\/large-group-multiethnic-cheerful-people-isolated-1024x670.jpg\",\"contentUrl\":\"https:\/\/c-proactif.org\/wp-content\/uploads\/sites\/393\/2023\/11\/large-group-multiethnic-cheerful-people-isolated-1024x670.jpg\"},{\"@type\":\"BreadcrumbList\",\"@id\":\"https:\/\/wp-sites.ccci.org\/c-proactif\/formation-eglise-dispersee\/#breadcrumb\",\"itemListElement\":[{\"@type\":\"ListItem\",\"position\":1,\"name\":\"Accueil\",\"item\":\"https:\/\/wp-sites.ccci.org\/c-proactif\/\"},{\"@type\":\"ListItem\",\"position\":2,\"name\":\"Seminaires \/ WE d&rsquo;\u00e9glise\"}]},{\"@type\":\"WebSite\",\"@id\":\"https:\/\/wp-sites.ccci.org\/c-proactif\/#website\",\"url\":\"https:\/\/wp-sites.ccci.org\/c-proactif\/\",\"name\":\"C-PROACTIF\",\"description\":\"R\u00e9seau professionnel chr\u00e9tien\",\"publisher\":{\"@id\":\"https:\/\/wp-sites.ccci.org\/c-proactif\/#organization\"},\"potentialAction\":[{\"@type\":\"SearchAction\",\"target\":{\"@type\":\"EntryPoint\",\"urlTemplate\":\"https:\/\/wp-sites.ccci.org\/c-proactif\/?s={search_term_string}\"},\"query-input\":{\"@type\":\"PropertyValueSpecification\",\"valueRequired\":true,\"valueName\":\"search_term_string\"}}],\"inLanguage\":\"fr-FR\"},{\"@type\":\"Organization\",\"@id\":\"https:\/\/wp-sites.ccci.org\/c-proactif\/#organization\",\"name\":\"C-PROACTIF\",\"url\":\"https:\/\/wp-sites.ccci.org\/c-proactif\/\",\"logo\":{\"@type\":\"ImageObject\",\"inLanguage\":\"fr-FR\",\"@id\":\"https:\/\/wp-sites.ccci.org\/c-proactif\/#\/schema\/logo\/image\/\",\"url\":\"https:\/\/wp-sites.ccci.org\/c-proactif\/wp-content\/uploads\/sites\/393\/2021\/05\/logo-baseline-blanc-300.png\",\"contentUrl\":\"https:\/\/wp-sites.ccci.org\/c-proactif\/wp-content\/uploads\/sites\/393\/2021\/05\/logo-baseline-blanc-300.png\",\"width\":300,\"height\":113,\"caption\":\"C-PROACTIF\"},\"image\":{\"@id\":\"https:\/\/wp-sites.ccci.org\/c-proactif\/#\/schema\/logo\/image\/\"}}]}<\/script>\n<!-- \/ Yoast SEO plugin. -->","yoast_head_json":{"title":"Seminaires \/ WE d'\u00e9glise - C-PROACTIF","description":"Profitez de la formation C-PROACTIF pour organiser un s\u00e9minaire ou un WE d'\u00e9glise sur le th\u00e8me de l'\u00e9glise dispers\u00e9e.","robots":{"index":"noindex","follow":"follow","max-snippet":"max-snippet:-1","max-image-preview":"max-image-preview:large","max-video-preview":"max-video-preview:-1"},"og_locale":"fr_FR","og_type":"article","og_title":"Seminaires \/ WE d'\u00e9glise - C-PROACTIF","og_description":"Profitez de la formation C-PROACTIF pour organiser un s\u00e9minaire ou un WE d'\u00e9glise sur le th\u00e8me de l'\u00e9glise dispers\u00e9e.","og_url":"https:\/\/wp-sites.ccci.org\/c-proactif\/formation-eglise-dispersee\/","og_site_name":"C-PROACTIF","article_modified_time":"2023-12-22T12:01:55+00:00","og_image":[{"url":"https:\/\/c-proactif.org\/wp-content\/uploads\/sites\/393\/2023\/11\/large-group-multiethnic-cheerful-people-isolated-1024x670.jpg","type":"","width":"","height":""}],"twitter_card":"summary_large_image","twitter_misc":{"Dur\u00e9e de lecture estim\u00e9e":"3 minutes"},"schema":{"@context":"https:\/\/schema.org","@graph":[{"@type":"WebPage","@id":"https:\/\/wp-sites.ccci.org\/c-proactif\/formation-eglise-dispersee\/","url":"https:\/\/wp-sites.ccci.org\/c-proactif\/formation-eglise-dispersee\/","name":"Seminaires \/ WE d'\u00e9glise - C-PROACTIF","isPartOf":{"@id":"https:\/\/wp-sites.ccci.org\/c-proactif\/#website"},"primaryImageOfPage":{"@id":"https:\/\/wp-sites.ccci.org\/c-proactif\/formation-eglise-dispersee\/#primaryimage"},"image":{"@id":"https:\/\/wp-sites.ccci.org\/c-proactif\/formation-eglise-dispersee\/#primaryimage"},"thumbnailUrl":"https:\/\/c-proactif.org\/wp-content\/uploads\/sites\/393\/2023\/11\/large-group-multiethnic-cheerful-people-isolated-1024x670.jpg","datePublished":"2023-11-21T14:39:44+00:00","dateModified":"2023-12-22T12:01:55+00:00","description":"Profitez de la formation C-PROACTIF pour organiser un s\u00e9minaire ou un WE d'\u00e9glise sur le th\u00e8me de l'\u00e9glise dispers\u00e9e.","breadcrumb":{"@id":"https:\/\/wp-sites.ccci.org\/c-proactif\/formation-eglise-dispersee\/#breadcrumb"},"inLanguage":"fr-FR","potentialAction":[{"@type":"ReadAction","target":["https:\/\/wp-sites.ccci.org\/c-proactif\/formation-eglise-dispersee\/"]}]},{"@type":"ImageObject","inLanguage":"fr-FR","@id":"https:\/\/wp-sites.ccci.org\/c-proactif\/formation-eglise-dispersee\/#primaryimage","url":"https:\/\/c-proactif.org\/wp-content\/uploads\/sites\/393\/2023\/11\/large-group-multiethnic-cheerful-people-isolated-1024x670.jpg","contentUrl":"https:\/\/c-proactif.org\/wp-content\/uploads\/sites\/393\/2023\/11\/large-group-multiethnic-cheerful-people-isolated-1024x670.jpg"},{"@type":"BreadcrumbList","@id":"https:\/\/wp-sites.ccci.org\/c-proactif\/formation-eglise-dispersee\/#breadcrumb","itemListElement":[{"@type":"ListItem","position":1,"name":"Accueil","item":"https:\/\/wp-sites.ccci.org\/c-proactif\/"},{"@type":"ListItem","position":2,"name":"Seminaires \/ WE d&rsquo;\u00e9glise"}]},{"@type":"WebSite","@id":"https:\/\/wp-sites.ccci.org\/c-proactif\/#website","url":"https:\/\/wp-sites.ccci.org\/c-proactif\/","name":"C-PROACTIF","description":"R\u00e9seau professionnel chr\u00e9tien","publisher":{"@id":"https:\/\/wp-sites.ccci.org\/c-proactif\/#organization"},"potentialAction":[{"@type":"SearchAction","target":{"@type":"EntryPoint","urlTemplate":"https:\/\/wp-sites.ccci.org\/c-proactif\/?s={search_term_string}"},"query-input":{"@type":"PropertyValueSpecification","valueRequired":true,"valueName":"search_term_string"}}],"inLanguage":"fr-FR"},{"@type":"Organization","@id":"https:\/\/wp-sites.ccci.org\/c-proactif\/#organization","name":"C-PROACTIF","url":"https:\/\/wp-sites.ccci.org\/c-proactif\/","logo":{"@type":"ImageObject","inLanguage":"fr-FR","@id":"https:\/\/wp-sites.ccci.org\/c-proactif\/#\/schema\/logo\/image\/","url":"https:\/\/wp-sites.ccci.org\/c-proactif\/wp-content\/uploads\/sites\/393\/2021\/05\/logo-baseline-blanc-300.png","contentUrl":"https:\/\/wp-sites.ccci.org\/c-proactif\/wp-content\/uploads\/sites\/393\/2021\/05\/logo-baseline-blanc-300.png","width":300,"height":113,"caption":"C-PROACTIF"},"image":{"@id":"https:\/\/wp-sites.ccci.org\/c-proactif\/#\/schema\/logo\/image\/"}}]}},"meta_box":[],"_links":{"self":[{"href":"https:\/\/wp-sites.ccci.org\/c-proactif\/wp-json\/wp\/v2\/pages\/14570","targetHints":{"allow":["GET"]}}],"collection":[{"href":"https:\/\/wp-sites.ccci.org\/c-proactif\/wp-json\/wp\/v2\/pages"}],"about":[{"href":"https:\/\/wp-sites.ccci.org\/c-proactif\/wp-json\/wp\/v2\/types\/page"}],"author":[{"embeddable":true,"href":"https:\/\/wp-sites.ccci.org\/c-proactif\/wp-json\/wp\/v2\/users\/14333"}],"replies":[{"embeddable":true,"href":"https:\/\/wp-sites.ccci.org\/c-proactif\/wp-json\/wp\/v2\/comments?post=14570"}],"version-history":[{"count":42,"href":"https:\/\/wp-sites.ccci.org\/c-proactif\/wp-json\/wp\/v2\/pages\/14570\/revisions"}],"predecessor-version":[{"id":14622,"href":"https:\/\/wp-sites.ccci.org\/c-proactif\/wp-json\/wp\/v2\/pages\/14570\/revisions\/14622"}],"wp:attachment":[{"href":"https:\/\/wp-sites.ccci.org\/c-proactif\/wp-json\/wp\/v2\/media?parent=14570"}],"curies":[{"name":"wp","href":"https:\/\/api.w.org\/{rel}","templated":true}]}}