{"id":7010,"date":"2021-03-30T17:19:13","date_gmt":"2021-03-30T15:19:13","guid":{"rendered":"https:\/\/c-proactif.org\/?page_id=5122"},"modified":"2024-10-11T12:20:59","modified_gmt":"2024-10-11T10:20:59","slug":"21-jours-de-priere-vie-pro","status":"publish","type":"page","link":"https:\/\/wp-sites.ccci.org\/c-proactif\/priere\/21-jours-de-priere-vie-pro\/","title":{"rendered":"21 jours de priere pour notre vie professionelle"},"content":{"rendered":"\t\t<div data-elementor-type=\"wp-page\" data-elementor-id=\"7010\" class=\"elementor elementor-7010\" data-elementor-post-type=\"page\">\n\t\t\t\t\t\t<section data-particle_enable=\"false\" data-particle-mobile-disabled=\"false\" class=\"elementor-section elementor-top-section elementor-element elementor-element-29b6b1b elementor-section-boxed elementor-section-height-default elementor-section-height-default\" data-id=\"29b6b1b\" data-element_type=\"section\">\n\t\t\t\t\t\t<div class=\"elementor-container elementor-column-gap-default\">\n\t\t\t\t\t<div class=\"elementor-column elementor-col-100 elementor-top-column elementor-element elementor-element-16f3b26\" data-id=\"16f3b26\" data-element_type=\"column\">\n\t\t\t<div class=\"elementor-widget-wrap elementor-element-populated\">\n\t\t\t\t\t\t<div class=\"elementor-element elementor-element-da81c3c epigraph elementor-widget elementor-widget-heading\" data-id=\"da81c3c\" data-element_type=\"widget\" data-widget_type=\"heading.default\">\n\t\t\t\t<div class=\"elementor-widget-container\">\n\t\t\t\t\t<h2 class=\"elementor-heading-title elementor-size-default\">PRIONS POUR NOTRE VIE PROFESSIONNELLE, NOTRE IMPACT AU TRAVAIL ET NOTRE TEMOIGNAGE <\/h2>\t\t\t\t<\/div>\n\t\t\t\t<\/div>\n\t\t\t\t\t<\/div>\n\t\t<\/div>\n\t\t\t\t\t<\/div>\n\t\t<\/section>\n\t\t\t\t<section data-particle_enable=\"false\" data-particle-mobile-disabled=\"false\" class=\"elementor-section elementor-top-section elementor-element elementor-element-54d01d3 elementor-section-boxed elementor-section-height-default elementor-section-height-default\" data-id=\"54d01d3\" data-element_type=\"section\">\n\t\t\t\t\t\t<div class=\"elementor-container elementor-column-gap-default\">\n\t\t\t\t\t<div class=\"elementor-column elementor-col-100 elementor-top-column elementor-element elementor-element-cc24fe8\" data-id=\"cc24fe8\" data-element_type=\"column\">\n\t\t\t<div class=\"elementor-widget-wrap elementor-element-populated\">\n\t\t\t\t\t\t<div class=\"elementor-element elementor-element-f97fe2c elementor-widget elementor-widget-text-editor\" data-id=\"f97fe2c\" data-element_type=\"widget\" data-widget_type=\"text-editor.default\">\n\t\t\t\t<div class=\"elementor-widget-container\">\n\t\t\t\t\t\t\t\t\t<p><b style=\"font-size: 15px\">Nous voulons nous mettre au service\u00a0 du Seigneur en faisant de notre vie professionnelle un v\u00e9ritable minist\u00e8re (Rom 12:1-2)<\/b><\/p><p><b style=\"font-size: 15px\"> Ensemble nous d\u00e9sirons :\u00a0<\/b><\/p><ul><li><span style=\"color: #f06b04\"><b>Sonder le coeur de Dieu et nous attendre \u00e0 Lui dans ses projets pour notre professionnelle\u00a0<\/b><\/span><\/li><li><span style=\"color: #f06b04\"><b>Interc\u00e9der pour nos coll\u00e8gues, nos relations professionnelles, les enjeux de notre secteur d&rsquo;activit\u00e9<\/b><\/span><\/li><li><span style=\"color: #f06b04\"><b>Discerner ce qu&rsquo;Il attend de nous et puiser dans ses forces pour ccomplir sa volont\u00e9<\/b><\/span><\/li><\/ul><blockquote><p><strong><span style=\"font-family: Lato;font-size: 15px;font-style: italic;color: #000000\">\u00ab\u00a0<\/span><\/strong>Je vous exhorte donc, fr\u00e8res, par les compassions de Dieu, \u00e0 offrir vos corps comme un sacrifice vivant, saint, agr\u00e9able \u00e0 Dieu, ce qui sera de votre part un culte raisonnable. \u00a0Ne vous conformez pas au si\u00e8cle pr\u00e9sent, mais soyez transform\u00e9s par le renouvellement de l&rsquo;intelligence, afin que vous discerniez quelle est la volont\u00e9 de Dieu, ce qui est bon, agr\u00e9able et parfait.\u00a0\u00bb Rom 12:1-2<\/p><\/blockquote>\t\t\t\t\t\t\t\t<\/div>\n\t\t\t\t<\/div>\n\t\t\t\t\t<\/div>\n\t\t<\/div>\n\t\t\t\t\t<\/div>\n\t\t<\/section>\n\t\t\t\t<section data-particle_enable=\"false\" data-particle-mobile-disabled=\"false\" class=\"elementor-section elementor-top-section elementor-element elementor-element-6015084 elementor-section-boxed elementor-section-height-default elementor-section-height-default\" data-id=\"6015084\" data-element_type=\"section\">\n\t\t\t\t\t\t<div class=\"elementor-container elementor-column-gap-default\">\n\t\t\t\t\t<div class=\"elementor-column elementor-col-33 elementor-top-column elementor-element elementor-element-7dd639d\" data-id=\"7dd639d\" data-element_type=\"column\">\n\t\t\t<div class=\"elementor-widget-wrap elementor-element-populated\">\n\t\t\t\t\t\t<div class=\"elementor-element elementor-element-812c1b3 elementor-align-center elementor-widget elementor-widget-button\" data-id=\"812c1b3\" data-element_type=\"widget\" data-widget_type=\"button.default\">\n\t\t\t\t<div class=\"elementor-widget-container\">\n\t\t\t\t\t\t\t\t\t<div class=\"elementor-button-wrapper\">\n\t\t\t\t\t<a class=\"elementor-button elementor-button-link elementor-size-sm\" href=\"https:\/\/wp-sites.ccci.org\/c-proactif\/\/priere\/priere-itineraire1\/\" target=\"_blank\">\n\t\t\t\t\t\t<span class=\"elementor-button-content-wrapper\">\n\t\t\t\t\t\t\t\t\t<span class=\"elementor-button-text\">Itin\u00e9raire 1 \"Seigneur, parle ! Ton serviteur \u00e9coute\"<\/span>\n\t\t\t\t\t<\/span>\n\t\t\t\t\t<\/a>\n\t\t\t\t<\/div>\n\t\t\t\t\t\t\t\t<\/div>\n\t\t\t\t<\/div>\n\t\t\t\t\t<\/div>\n\t\t<\/div>\n\t\t\t\t<div class=\"elementor-column elementor-col-33 elementor-top-column elementor-element elementor-element-b15c749\" data-id=\"b15c749\" data-element_type=\"column\">\n\t\t\t<div class=\"elementor-widget-wrap elementor-element-populated\">\n\t\t\t\t\t\t<div class=\"elementor-element elementor-element-458ed8e elementor-align-center elementor-widget elementor-widget-button\" data-id=\"458ed8e\" data-element_type=\"widget\" data-widget_type=\"button.default\">\n\t\t\t\t<div class=\"elementor-widget-container\">\n\t\t\t\t\t\t\t\t\t<div class=\"elementor-button-wrapper\">\n\t\t\t\t\t<a class=\"elementor-button elementor-button-link elementor-size-sm\" href=\"https:\/\/wp-sites.ccci.org\/c-proactif\/\/priere\/priere-itineraire2\/\" target=\"_blank\">\n\t\t\t\t\t\t<span class=\"elementor-button-content-wrapper\">\n\t\t\t\t\t\t\t\t\t<span class=\"elementor-button-text\">Itin\u00e9raire 2 : \"Nous sommes les sentinelles du Seigneur\" <\/span>\n\t\t\t\t\t<\/span>\n\t\t\t\t\t<\/a>\n\t\t\t\t<\/div>\n\t\t\t\t\t\t\t\t<\/div>\n\t\t\t\t<\/div>\n\t\t\t\t\t<\/div>\n\t\t<\/div>\n\t\t\t\t<div class=\"elementor-column elementor-col-33 elementor-top-column elementor-element elementor-element-d0eb484\" data-id=\"d0eb484\" data-element_type=\"column\">\n\t\t\t<div class=\"elementor-widget-wrap elementor-element-populated\">\n\t\t\t\t\t\t<div class=\"elementor-element elementor-element-269ecb6 elementor-align-center elementor-widget elementor-widget-button\" data-id=\"269ecb6\" data-element_type=\"widget\" data-widget_type=\"button.default\">\n\t\t\t\t<div class=\"elementor-widget-container\">\n\t\t\t\t\t\t\t\t\t<div class=\"elementor-button-wrapper\">\n\t\t\t\t\t<a class=\"elementor-button elementor-button-link elementor-size-sm\" href=\"https:\/\/wp-sites.ccci.org\/c-proactif\/\/priere\/priere-itineraire3\/\" target=\"_blank\">\n\t\t\t\t\t\t<span class=\"elementor-button-content-wrapper\">\n\t\t\t\t\t\t\t\t\t<span class=\"elementor-button-text\">Itin\u00e9raire 3 : \"Brillons comme des flambeaux dans le monde\"<\/span>\n\t\t\t\t\t<\/span>\n\t\t\t\t\t<\/a>\n\t\t\t\t<\/div>\n\t\t\t\t\t\t\t\t<\/div>\n\t\t\t\t<\/div>\n\t\t\t\t\t<\/div>\n\t\t<\/div>\n\t\t\t\t\t<\/div>\n\t\t<\/section>\n\t\t\t\t<section data-particle_enable=\"false\" data-particle-mobile-disabled=\"false\" class=\"elementor-section elementor-top-section elementor-element elementor-element-d3eb3b8 elementor-section-boxed elementor-section-height-default elementor-section-height-default\" data-id=\"d3eb3b8\" data-element_type=\"section\">\n\t\t\t\t\t\t<div class=\"elementor-container elementor-column-gap-default\">\n\t\t\t\t\t<div class=\"elementor-column elementor-col-33 elementor-top-column elementor-element elementor-element-0424cdd\" data-id=\"0424cdd\" data-element_type=\"column\">\n\t\t\t<div class=\"elementor-widget-wrap elementor-element-populated\">\n\t\t\t\t\t\t<div class=\"elementor-element elementor-element-1ed46a8 elementor-align-center elementor-widget elementor-widget-button\" data-id=\"1ed46a8\" data-element_type=\"widget\" data-widget_type=\"button.default\">\n\t\t\t\t<div class=\"elementor-widget-container\">\n\t\t\t\t\t\t\t\t\t<div class=\"elementor-button-wrapper\">\n\t\t\t\t\t<a class=\"elementor-button elementor-button-link elementor-size-sm\" href=\"https:\/\/wp-sites.ccci.org\/c-proactif\/\/wp-content\/uploads\/sites\/393\/2021\/05\/priere-enseignement.pdf\" target=\"_blank\">\n\t\t\t\t\t\t<span class=\"elementor-button-content-wrapper\">\n\t\t\t\t\t\t\t\t\t<span class=\"elementor-button-text\">Guide pri\u00e8re secteur EDUCATION  <\/span>\n\t\t\t\t\t<\/span>\n\t\t\t\t\t<\/a>\n\t\t\t\t<\/div>\n\t\t\t\t\t\t\t\t<\/div>\n\t\t\t\t<\/div>\n\t\t\t\t\t<\/div>\n\t\t<\/div>\n\t\t\t\t<div class=\"elementor-column elementor-col-33 elementor-top-column elementor-element elementor-element-97bbd08\" data-id=\"97bbd08\" data-element_type=\"column\">\n\t\t\t<div class=\"elementor-widget-wrap elementor-element-populated\">\n\t\t\t\t\t\t<div class=\"elementor-element elementor-element-377fd9c elementor-align-center elementor-widget elementor-widget-button\" data-id=\"377fd9c\" data-element_type=\"widget\" data-widget_type=\"button.default\">\n\t\t\t\t<div class=\"elementor-widget-container\">\n\t\t\t\t\t\t\t\t\t<div class=\"elementor-button-wrapper\">\n\t\t\t\t\t<a class=\"elementor-button elementor-button-link elementor-size-sm\" href=\"https:\/\/wp-sites.ccci.org\/c-proactif\/\/wp-content\/uploads\/sites\/393\/2021\/05\/priere-secteur-medical.pdf\" target=\"_blank\">\n\t\t\t\t\t\t<span class=\"elementor-button-content-wrapper\">\n\t\t\t\t\t\t\t\t\t<span class=\"elementor-button-text\">Guide pri\u00e8re secteur SANTE  <\/span>\n\t\t\t\t\t<\/span>\n\t\t\t\t\t<\/a>\n\t\t\t\t<\/div>\n\t\t\t\t\t\t\t\t<\/div>\n\t\t\t\t<\/div>\n\t\t\t\t\t<\/div>\n\t\t<\/div>\n\t\t\t\t<div class=\"elementor-column elementor-col-33 elementor-top-column elementor-element elementor-element-cba476b\" data-id=\"cba476b\" data-element_type=\"column\">\n\t\t\t<div class=\"elementor-widget-wrap elementor-element-populated\">\n\t\t\t\t\t\t<div class=\"elementor-element elementor-element-aa96770 elementor-align-center elementor-widget elementor-widget-button\" data-id=\"aa96770\" data-element_type=\"widget\" data-widget_type=\"button.default\">\n\t\t\t\t<div class=\"elementor-widget-container\">\n\t\t\t\t\t\t\t\t\t<div class=\"elementor-button-wrapper\">\n\t\t\t\t\t<a class=\"elementor-button elementor-button-link elementor-size-sm\" href=\"https:\/\/wp-sites.ccci.org\/c-proactif\/\/wp-content\/uploads\/sites\/393\/2021\/05\/Soiree-priere-gouvernants-precaires.pdf\" target=\"_blank\">\n\t\t\t\t\t\t<span class=\"elementor-button-content-wrapper\">\n\t\t\t\t\t\t\t\t\t<span class=\"elementor-button-text\">Guide pri\u00e8re secteur ECONOMIE <\/span>\n\t\t\t\t\t<\/span>\n\t\t\t\t\t<\/a>\n\t\t\t\t<\/div>\n\t\t\t\t\t\t\t\t<\/div>\n\t\t\t\t<\/div>\n\t\t\t\t\t<\/div>\n\t\t<\/div>\n\t\t\t\t\t<\/div>\n\t\t<\/section>\n\t\t\t\t<section data-particle_enable=\"false\" data-particle-mobile-disabled=\"false\" class=\"elementor-section elementor-top-section elementor-element elementor-element-1a48f58 elementor-section-boxed elementor-section-height-default elementor-section-height-default\" data-id=\"1a48f58\" data-element_type=\"section\">\n\t\t\t\t\t\t<div class=\"elementor-container elementor-column-gap-default\">\n\t\t\t\t\t<div class=\"elementor-column elementor-col-33 elementor-top-column elementor-element elementor-element-ac42ac0\" data-id=\"ac42ac0\" data-element_type=\"column\">\n\t\t\t<div class=\"elementor-widget-wrap elementor-element-populated\">\n\t\t\t\t\t\t<div class=\"elementor-element elementor-element-e4a6d45 elementor-align-center elementor-widget elementor-widget-button\" data-id=\"e4a6d45\" data-element_type=\"widget\" data-widget_type=\"button.default\">\n\t\t\t\t<div class=\"elementor-widget-container\">\n\t\t\t\t\t\t\t\t\t<div class=\"elementor-button-wrapper\">\n\t\t\t\t\t<a class=\"elementor-button elementor-button-link elementor-size-sm\" href=\"https:\/\/wp-sites.ccci.org\/c-proactif\/\/contact-c-proactif\/\" target=\"_blank\">\n\t\t\t\t\t\t<span class=\"elementor-button-content-wrapper\">\n\t\t\t\t\t\t\t\t\t<span class=\"elementor-button-text\">Inscription \u00e0 la newsletter <\/span>\n\t\t\t\t\t<\/span>\n\t\t\t\t\t<\/a>\n\t\t\t\t<\/div>\n\t\t\t\t\t\t\t\t<\/div>\n\t\t\t\t<\/div>\n\t\t\t\t\t<\/div>\n\t\t<\/div>\n\t\t\t\t<div class=\"elementor-column elementor-col-33 elementor-top-column elementor-element elementor-element-0ac88f7\" data-id=\"0ac88f7\" data-element_type=\"column\">\n\t\t\t<div class=\"elementor-widget-wrap elementor-element-populated\">\n\t\t\t\t\t\t<div class=\"elementor-element elementor-element-0ac53a5 elementor-align-center elementor-widget elementor-widget-button\" data-id=\"0ac53a5\" data-element_type=\"widget\" data-widget_type=\"button.default\">\n\t\t\t\t<div class=\"elementor-widget-container\">\n\t\t\t\t\t\t\t\t\t<div class=\"elementor-button-wrapper\">\n\t\t\t\t\t<a class=\"elementor-button elementor-button-link elementor-size-sm\" href=\"https:\/\/wp-sites.ccci.org\/c-proactif\/\/agenda\/categorie\/evenements-c-proactif\/\" target=\"_blank\">\n\t\t\t\t\t\t<span class=\"elementor-button-content-wrapper\">\n\t\t\t\t\t\t\t\t\t<span class=\"elementor-button-text\">Agenda des rencontres <\/span>\n\t\t\t\t\t<\/span>\n\t\t\t\t\t<\/a>\n\t\t\t\t<\/div>\n\t\t\t\t\t\t\t\t<\/div>\n\t\t\t\t<\/div>\n\t\t\t\t\t<\/div>\n\t\t<\/div>\n\t\t\t\t<div class=\"elementor-column elementor-col-33 elementor-top-column elementor-element elementor-element-c3f428c\" data-id=\"c3f428c\" data-element_type=\"column\">\n\t\t\t<div class=\"elementor-widget-wrap elementor-element-populated\">\n\t\t\t\t\t\t<div class=\"elementor-element elementor-element-b09c30b elementor-align-center elementor-widget elementor-widget-button\" data-id=\"b09c30b\" data-element_type=\"widget\" data-widget_type=\"button.default\">\n\t\t\t\t<div class=\"elementor-widget-container\">\n\t\t\t\t\t\t\t\t\t<div class=\"elementor-button-wrapper\">\n\t\t\t\t\t<a class=\"elementor-button elementor-button-link elementor-size-sm\" href=\"https:\/\/us02web.zoom.us\/j\/7062240438?pwd=cEwrWVZLRzB2eE5YQ3JlNC9kdmo1QT09&#038;amp_device_id=2640cec8-9c4a-4e80-b4f4-26aa9f4e453a&#038;amp_device_id=2640cec8-9c4a-4e80-b4f4-26aa9f4e453a\" target=\"_blank\">\n\t\t\t\t\t\t<span class=\"elementor-button-content-wrapper\">\n\t\t\t\t\t\t\t\t\t<span class=\"elementor-button-text\">Rejoindre la salle de pri\u00e8re <\/span>\n\t\t\t\t\t<\/span>\n\t\t\t\t\t<\/a>\n\t\t\t\t<\/div>\n\t\t\t\t\t\t\t\t<\/div>\n\t\t\t\t<\/div>\n\t\t\t\t\t<\/div>\n\t\t<\/div>\n\t\t\t\t\t<\/div>\n\t\t<\/section>\n\t\t\t\t<section data-particle_enable=\"false\" data-particle-mobile-disabled=\"false\" class=\"elementor-section elementor-top-section elementor-element elementor-element-877e64a elementor-section-boxed elementor-section-height-default elementor-section-height-default\" data-id=\"877e64a\" data-element_type=\"section\">\n\t\t\t\t\t\t<div class=\"elementor-container elementor-column-gap-default\">\n\t\t\t\t\t<div class=\"elementor-column elementor-col-100 elementor-top-column elementor-element elementor-element-9dd99ce\" data-id=\"9dd99ce\" data-element_type=\"column\">\n\t\t\t<div class=\"elementor-widget-wrap elementor-element-populated\">\n\t\t\t\t\t\t<div class=\"elementor-element elementor-element-39c709c elementor-widget elementor-widget-text-editor\" data-id=\"39c709c\" data-element_type=\"widget\" data-widget_type=\"text-editor.default\">\n\t\t\t\t<div class=\"elementor-widget-container\">\n\t\t\t\t\t\t\t\t\t<h2 style=\"text-align: center\"><b><a href=\"https:\/\/wp-sites.ccci.org\/c-proactif\/\/prier-vie-professionnelle\/\" target=\"_blank\" rel=\"noopener\">SUIVEZ NOTRE ACTUALITE AU NIVEAU DE LA PRIERE : &gt;&gt;&gt;<\/a>\u00a0<\/b><\/h2><p style=\"text-align: center\">La pri\u00e8re est la respiration de notre vie spirituelle : nourrissons-l\u00e0 !\u00a0<\/p>\t\t\t\t\t\t\t\t<\/div>\n\t\t\t\t<\/div>\n\t\t\t\t\t<\/div>\n\t\t<\/div>\n\t\t\t\t\t<\/div>\n\t\t<\/section>\n\t\t\t\t<section data-particle_enable=\"false\" data-particle-mobile-disabled=\"false\" class=\"elementor-section elementor-top-section elementor-element elementor-element-6545338 elementor-section-boxed elementor-section-height-default elementor-section-height-default\" data-id=\"6545338\" data-element_type=\"section\">\n\t\t\t\t\t\t<div class=\"elementor-container elementor-column-gap-default\">\n\t\t\t\t\t<div class=\"elementor-column elementor-col-100 elementor-top-column elementor-element elementor-element-14dcc49\" data-id=\"14dcc49\" data-element_type=\"column\">\n\t\t\t<div class=\"elementor-widget-wrap elementor-element-populated\">\n\t\t\t\t\t\t<div class=\"elementor-element elementor-element-38b7509 elementor-widget elementor-widget-text-editor\" data-id=\"38b7509\" data-element_type=\"widget\" data-widget_type=\"text-editor.default\">\n\t\t\t\t<div class=\"elementor-widget-container\">\n\t\t\t\t\t\t\t\t\t<h3>En avril 21, nous avons v\u00e9cu un temps fort dans la pri\u00e8re :\u00a0\u00a0<\/h3>\t\t\t\t\t\t\t\t<\/div>\n\t\t\t\t<\/div>\n\t\t\t\t\t<\/div>\n\t\t<\/div>\n\t\t\t\t\t<\/div>\n\t\t<\/section>\n\t\t\t\t<section data-particle_enable=\"false\" data-particle-mobile-disabled=\"false\" class=\"elementor-section elementor-top-section elementor-element elementor-element-95fc1ab elementor-section-boxed elementor-section-height-default elementor-section-height-default\" data-id=\"95fc1ab\" data-element_type=\"section\">\n\t\t\t\t\t\t<div class=\"elementor-container elementor-column-gap-default\">\n\t\t\t\t\t<div class=\"elementor-column elementor-col-100 elementor-top-column elementor-element elementor-element-2d79d97\" data-id=\"2d79d97\" data-element_type=\"column\">\n\t\t\t<div class=\"elementor-widget-wrap elementor-element-populated\">\n\t\t\t\t\t\t<div class=\"elementor-element elementor-element-f7af7b4 elementor-widget elementor-widget-image\" data-id=\"f7af7b4\" data-element_type=\"widget\" data-widget_type=\"image.default\">\n\t\t\t\t<div class=\"elementor-widget-container\">\n\t\t\t\t\t\t\t\t\t\t\t\t\t\t\t\t<a href=\"https:\/\/zoom.us\/j\/7062240438\">\n\t\t\t\t\t\t\t<img decoding=\"async\" src=\"https:\/\/wp-sites.ccci.org\/c-proactif\/wp-content\/uploads\/sites\/393\/2021\/03\/campagne-avril21.png?w=809\" title=\"campagne-avril21\" alt=\"agenda-campagne de priere d&#039;avril 21\" loading=\"lazy\" \/>\t\t\t\t\t\t\t\t<\/a>\n\t\t\t\t\t\t\t\t\t\t\t\t\t\t\t<\/div>\n\t\t\t\t<\/div>\n\t\t\t\t\t<\/div>\n\t\t<\/div>\n\t\t\t\t\t<\/div>\n\t\t<\/section>\n\t\t\t\t<section data-particle_enable=\"false\" data-particle-mobile-disabled=\"false\" class=\"elementor-section elementor-top-section elementor-element elementor-element-9f01a96 elementor-section-boxed elementor-section-height-default elementor-section-height-default\" data-id=\"9f01a96\" data-element_type=\"section\">\n\t\t\t\t\t\t<div class=\"elementor-container elementor-column-gap-default\">\n\t\t\t\t\t<div class=\"elementor-column elementor-col-50 elementor-top-column elementor-element elementor-element-45ef57c\" data-id=\"45ef57c\" data-element_type=\"column\">\n\t\t\t<div class=\"elementor-widget-wrap elementor-element-populated\">\n\t\t\t\t\t\t<div class=\"elementor-element elementor-element-90256c9 elementor-widget elementor-widget-text-editor\" data-id=\"90256c9\" data-element_type=\"widget\" data-widget_type=\"text-editor.default\">\n\t\t\t\t<div class=\"elementor-widget-container\">\n\t\t\t\t\t\t\t\t\t<h3><strong>Une exp\u00e9rience \u00e0 renouveler :\u00a0<\/strong><\/h3><ul><li><strong>Chaque d\u00e9but de semaine, vous avez re\u00e7u les sujets de pri\u00e8re de la semaine<\/strong> pour interc\u00e9der seul, pendant vos cultes personnels ou dans vos petits groupes.\u00a0<\/li><li><strong>Deux fois par semaine, nous nous sommes retrouv\u00e9s pour un temps de pri\u00e8re en commun :<br \/>&#8211; le lundi \u00e0 13h30 et <br \/>&#8211; le mardi \u00e0 20h15,<\/strong> <br \/>RDVs en ligne pour prier ensemble sur un th\u00e8me cibl\u00e9.<\/li><\/ul>\t\t\t\t\t\t\t\t<\/div>\n\t\t\t\t<\/div>\n\t\t\t\t\t<\/div>\n\t\t<\/div>\n\t\t\t\t<div class=\"elementor-column elementor-col-50 elementor-top-column elementor-element elementor-element-14b4048\" data-id=\"14b4048\" data-element_type=\"column\">\n\t\t\t<div class=\"elementor-widget-wrap elementor-element-populated\">\n\t\t\t\t\t\t<div class=\"elementor-element elementor-element-be1df19 elementor-widget elementor-widget-text-editor\" data-id=\"be1df19\" data-element_type=\"widget\" data-widget_type=\"text-editor.default\">\n\t\t\t\t<div class=\"elementor-widget-container\">\n\t\t\t\t\t\t\t\t\t<h3>Les dates-clefs du mois d&rsquo;avril 2021 :\u00a0<\/h3><ul><li><strong>12 Avril \u00e0 13h30<\/strong> : \u00ab C\u2019est lundi, je prie \u00bb &#8211; Acc\u00e8s libre\u00a0<\/li><li><strong>13 AVRIL \u00e0 20H15<\/strong> : <strong>PRIERE POUR LE SECTEUR DE L&rsquo;EDUCATION\u00a0<\/strong><\/li><li><strong>20 Avril \u00e0 13h30<\/strong> : \u00ab C\u2019est lundi, je prie \u00bb &#8211; Acc\u00e8s libre\u00a0<\/li><li><strong>21 AVRIL \u00e0 20h15\u00a0<\/strong> : <strong>PRIERE POUR LE SECTEUR DE LA SANTE\u00a0<\/strong><\/li><li><strong>26 Avril \u00e0 13h30 :<\/strong> \u00ab C\u2019est lundi, je prie \u00bb &#8211; Acc\u00e8s libre\u00a0<\/li><li><strong>27 AVRIL A 20H15<\/strong> : P<strong>RIERE POUR LES POUVOIRS PUBLICS ET LES PERSONNES EN SITUATION DE PRECARITE\u00a0<\/strong><\/li><\/ul><h3>\u00a0<\/h3>\t\t\t\t\t\t\t\t<\/div>\n\t\t\t\t<\/div>\n\t\t\t\t\t<\/div>\n\t\t<\/div>\n\t\t\t\t\t<\/div>\n\t\t<\/section>\n\t\t\t\t<\/div>\n\t\t","protected":false},"excerpt":{"rendered":"<p>PRIONS POUR NOTRE VIE PROFESSIONNELLE, NOTRE IMPACT AU TRAVAIL ET NOTRE TEMOIGNAGE Nous voulons nous mettre au service\u00a0 du Seigneur en faisant de notre vie professionnelle un v\u00e9ritable minist\u00e8re (Rom [&hellip;]<\/p>\n","protected":false},"author":14333,"featured_media":5131,"parent":3594,"menu_order":0,"comment_status":"closed","ping_status":"closed","template":"","meta":{"site-sidebar-layout":"default","site-content-layout":"default","ast-site-content-layout":"default","site-content-style":"default","site-sidebar-style":"default","ast-global-header-display":"","ast-banner-title-visibility":"","ast-main-header-display":"","ast-hfb-above-header-display":"","ast-hfb-below-header-display":"","ast-hfb-mobile-header-display":"","site-post-title":"","ast-breadcrumbs-content":"","ast-featured-img":"disabled","footer-sml-layout":"","ast-disable-related-posts":"","theme-transparent-header-meta":"default","adv-header-id-meta":"","stick-header-meta":"","header-above-stick-meta":"","header-main-stick-meta":"","header-below-stick-meta":"","astra-migrate-meta-layouts":"set","ast-page-background-enabled":"default","ast-page-background-meta":{"desktop":{"background-color":"","background-image":"","background-repeat":"repeat","background-position":"center center","background-size":"auto","background-attachment":"scroll","background-type":"","background-media":"","overlay-type":"","overlay-color":"","overlay-opacity":"","overlay-gradient":""},"tablet":{"background-color":"","background-image":"","background-repeat":"repeat","background-position":"center center","background-size":"auto","background-attachment":"scroll","background-type":"","background-media":"","overlay-type":"","overlay-color":"","overlay-opacity":"","overlay-gradient":""},"mobile":{"background-color":"","background-image":"","background-repeat":"repeat","background-position":"center center","background-size":"auto","background-attachment":"scroll","background-type":"","background-media":"","overlay-type":"","overlay-color":"","overlay-opacity":"","overlay-gradient":""}},"ast-content-background-meta":{"desktop":{"background-color":"var(--ast-global-color-5)","background-image":"","background-repeat":"repeat","background-position":"center center","background-size":"auto","background-attachment":"scroll","background-type":"","background-media":"","overlay-type":"","overlay-color":"","overlay-opacity":"","overlay-gradient":""},"tablet":{"background-color":"var(--ast-global-color-5)","background-image":"","background-repeat":"repeat","background-position":"center center","background-size":"auto","background-attachment":"scroll","background-type":"","background-media":"","overlay-type":"","overlay-color":"","overlay-opacity":"","overlay-gradient":""},"mobile":{"background-color":"var(--ast-global-color-5)","background-image":"","background-repeat":"repeat","background-position":"center center","background-size":"auto","background-attachment":"scroll","background-type":"","background-media":"","overlay-type":"","overlay-color":"","overlay-opacity":"","overlay-gradient":""}},"footnotes":""},"class_list":["post-7010","page","type-page","status-publish","has-post-thumbnail","hentry"],"yoast_head":"<!-- This site is optimized with the Yoast SEO plugin v26.7 - https:\/\/yoast.com\/wordpress\/plugins\/seo\/ -->\n<title>21 jours de priere pour notre vie professionelle - C-PROACTIF<\/title>\n<meta name=\"description\" content=\"Du 6 au 27 avril, 21 jours de pri\u00e8re pour la situation sanitaire, sociale et \u00e9conomique de notre pays. D\u00e9couvrez le programme et participez !\" \/>\n<meta name=\"robots\" content=\"noindex, follow, max-snippet:-1, max-image-preview:large, max-video-preview:-1\" \/>\n<meta property=\"og:locale\" content=\"fr_FR\" \/>\n<meta property=\"og:type\" content=\"article\" \/>\n<meta property=\"og:title\" content=\"21 jours de priere pour notre vie professionelle - C-PROACTIF\" \/>\n<meta property=\"og:description\" content=\"Du 6 au 27 avril, 21 jours de pri\u00e8re pour la situation sanitaire, sociale et \u00e9conomique de notre pays. D\u00e9couvrez le programme et participez !\" \/>\n<meta property=\"og:url\" content=\"https:\/\/wp-sites.ccci.org\/c-proactif\/priere\/21-jours-de-priere-vie-pro\/\" \/>\n<meta property=\"og:site_name\" content=\"C-PROACTIF\" \/>\n<meta property=\"article:modified_time\" content=\"2024-10-11T10:20:59+00:00\" \/>\n<meta property=\"og:image\" content=\"https:\/\/wp-sites.ccci.org\/c-proactif\/wp-content\/uploads\/sites\/393\/2021\/03\/campagne-avril21.png\" \/>\n\t<meta property=\"og:image:width\" content=\"809\" \/>\n\t<meta property=\"og:image:height\" content=\"448\" \/>\n\t<meta property=\"og:image:type\" content=\"image\/png\" \/>\n<meta name=\"twitter:card\" content=\"summary_large_image\" \/>\n<meta name=\"twitter:label1\" content=\"Dur\u00e9e de lecture estim\u00e9e\" \/>\n\t<meta name=\"twitter:data1\" content=\"2 minutes\" \/>\n<script type=\"application\/ld+json\" class=\"yoast-schema-graph\">{\"@context\":\"https:\/\/schema.org\",\"@graph\":[{\"@type\":\"WebPage\",\"@id\":\"https:\/\/wp-sites.ccci.org\/c-proactif\/priere\/21-jours-de-priere-vie-pro\/\",\"url\":\"https:\/\/wp-sites.ccci.org\/c-proactif\/priere\/21-jours-de-priere-vie-pro\/\",\"name\":\"21 jours de priere pour notre vie professionelle - C-PROACTIF\",\"isPartOf\":{\"@id\":\"https:\/\/wp-sites.ccci.org\/c-proactif\/#website\"},\"primaryImageOfPage\":{\"@id\":\"https:\/\/wp-sites.ccci.org\/c-proactif\/priere\/21-jours-de-priere-vie-pro\/#primaryimage\"},\"image\":{\"@id\":\"https:\/\/wp-sites.ccci.org\/c-proactif\/priere\/21-jours-de-priere-vie-pro\/#primaryimage\"},\"thumbnailUrl\":\"https:\/\/wp-sites.ccci.org\/c-proactif\/wp-content\/uploads\/sites\/393\/2021\/03\/campagne-avril21.png\",\"datePublished\":\"2021-03-30T15:19:13+00:00\",\"dateModified\":\"2024-10-11T10:20:59+00:00\",\"description\":\"Du 6 au 27 avril, 21 jours de pri\u00e8re pour la situation sanitaire, sociale et \u00e9conomique de notre pays. D\u00e9couvrez le programme et participez !\",\"breadcrumb\":{\"@id\":\"https:\/\/wp-sites.ccci.org\/c-proactif\/priere\/21-jours-de-priere-vie-pro\/#breadcrumb\"},\"inLanguage\":\"fr-FR\",\"potentialAction\":[{\"@type\":\"ReadAction\",\"target\":[\"https:\/\/wp-sites.ccci.org\/c-proactif\/priere\/21-jours-de-priere-vie-pro\/\"]}]},{\"@type\":\"ImageObject\",\"inLanguage\":\"fr-FR\",\"@id\":\"https:\/\/wp-sites.ccci.org\/c-proactif\/priere\/21-jours-de-priere-vie-pro\/#primaryimage\",\"url\":\"https:\/\/wp-sites.ccci.org\/c-proactif\/wp-content\/uploads\/sites\/393\/2021\/03\/campagne-avril21.png\",\"contentUrl\":\"https:\/\/wp-sites.ccci.org\/c-proactif\/wp-content\/uploads\/sites\/393\/2021\/03\/campagne-avril21.png\",\"width\":809,\"height\":448,\"caption\":\"agenda-campagne de priere d'avril 21\"},{\"@type\":\"BreadcrumbList\",\"@id\":\"https:\/\/wp-sites.ccci.org\/c-proactif\/priere\/21-jours-de-priere-vie-pro\/#breadcrumb\",\"itemListElement\":[{\"@type\":\"ListItem\",\"position\":1,\"name\":\"Accueil\",\"item\":\"https:\/\/wp-sites.ccci.org\/c-proactif\/\"},{\"@type\":\"ListItem\",\"position\":2,\"name\":\"Prier pour notre vie professionnelle\",\"item\":\"https:\/\/wp-sites.ccci.org\/c-proactif\/priere\/\"},{\"@type\":\"ListItem\",\"position\":3,\"name\":\"21 jours de priere pour notre vie professionelle\"}]},{\"@type\":\"WebSite\",\"@id\":\"https:\/\/wp-sites.ccci.org\/c-proactif\/#website\",\"url\":\"https:\/\/wp-sites.ccci.org\/c-proactif\/\",\"name\":\"C-PROACTIF\",\"description\":\"R\u00e9seau professionnel chr\u00e9tien\",\"publisher\":{\"@id\":\"https:\/\/wp-sites.ccci.org\/c-proactif\/#organization\"},\"potentialAction\":[{\"@type\":\"SearchAction\",\"target\":{\"@type\":\"EntryPoint\",\"urlTemplate\":\"https:\/\/wp-sites.ccci.org\/c-proactif\/?s={search_term_string}\"},\"query-input\":{\"@type\":\"PropertyValueSpecification\",\"valueRequired\":true,\"valueName\":\"search_term_string\"}}],\"inLanguage\":\"fr-FR\"},{\"@type\":\"Organization\",\"@id\":\"https:\/\/wp-sites.ccci.org\/c-proactif\/#organization\",\"name\":\"C-PROACTIF\",\"url\":\"https:\/\/wp-sites.ccci.org\/c-proactif\/\",\"logo\":{\"@type\":\"ImageObject\",\"inLanguage\":\"fr-FR\",\"@id\":\"https:\/\/wp-sites.ccci.org\/c-proactif\/#\/schema\/logo\/image\/\",\"url\":\"https:\/\/wp-sites.ccci.org\/c-proactif\/wp-content\/uploads\/sites\/393\/2021\/05\/logo-baseline-blanc-300.png\",\"contentUrl\":\"https:\/\/wp-sites.ccci.org\/c-proactif\/wp-content\/uploads\/sites\/393\/2021\/05\/logo-baseline-blanc-300.png\",\"width\":300,\"height\":113,\"caption\":\"C-PROACTIF\"},\"image\":{\"@id\":\"https:\/\/wp-sites.ccci.org\/c-proactif\/#\/schema\/logo\/image\/\"}}]}<\/script>\n<!-- \/ Yoast SEO plugin. -->","yoast_head_json":{"title":"21 jours de priere pour notre vie professionelle - C-PROACTIF","description":"Du 6 au 27 avril, 21 jours de pri\u00e8re pour la situation sanitaire, sociale et \u00e9conomique de notre pays. D\u00e9couvrez le programme et participez !","robots":{"index":"noindex","follow":"follow","max-snippet":"max-snippet:-1","max-image-preview":"max-image-preview:large","max-video-preview":"max-video-preview:-1"},"og_locale":"fr_FR","og_type":"article","og_title":"21 jours de priere pour notre vie professionelle - C-PROACTIF","og_description":"Du 6 au 27 avril, 21 jours de pri\u00e8re pour la situation sanitaire, sociale et \u00e9conomique de notre pays. D\u00e9couvrez le programme et participez !","og_url":"https:\/\/wp-sites.ccci.org\/c-proactif\/priere\/21-jours-de-priere-vie-pro\/","og_site_name":"C-PROACTIF","article_modified_time":"2024-10-11T10:20:59+00:00","og_image":[{"width":809,"height":448,"url":"https:\/\/wp-sites.ccci.org\/c-proactif\/wp-content\/uploads\/sites\/393\/2021\/03\/campagne-avril21.png","type":"image\/png"}],"twitter_card":"summary_large_image","twitter_misc":{"Dur\u00e9e de lecture estim\u00e9e":"2 minutes"},"schema":{"@context":"https:\/\/schema.org","@graph":[{"@type":"WebPage","@id":"https:\/\/wp-sites.ccci.org\/c-proactif\/priere\/21-jours-de-priere-vie-pro\/","url":"https:\/\/wp-sites.ccci.org\/c-proactif\/priere\/21-jours-de-priere-vie-pro\/","name":"21 jours de priere pour notre vie professionelle - C-PROACTIF","isPartOf":{"@id":"https:\/\/wp-sites.ccci.org\/c-proactif\/#website"},"primaryImageOfPage":{"@id":"https:\/\/wp-sites.ccci.org\/c-proactif\/priere\/21-jours-de-priere-vie-pro\/#primaryimage"},"image":{"@id":"https:\/\/wp-sites.ccci.org\/c-proactif\/priere\/21-jours-de-priere-vie-pro\/#primaryimage"},"thumbnailUrl":"https:\/\/wp-sites.ccci.org\/c-proactif\/wp-content\/uploads\/sites\/393\/2021\/03\/campagne-avril21.png","datePublished":"2021-03-30T15:19:13+00:00","dateModified":"2024-10-11T10:20:59+00:00","description":"Du 6 au 27 avril, 21 jours de pri\u00e8re pour la situation sanitaire, sociale et \u00e9conomique de notre pays. D\u00e9couvrez le programme et participez !","breadcrumb":{"@id":"https:\/\/wp-sites.ccci.org\/c-proactif\/priere\/21-jours-de-priere-vie-pro\/#breadcrumb"},"inLanguage":"fr-FR","potentialAction":[{"@type":"ReadAction","target":["https:\/\/wp-sites.ccci.org\/c-proactif\/priere\/21-jours-de-priere-vie-pro\/"]}]},{"@type":"ImageObject","inLanguage":"fr-FR","@id":"https:\/\/wp-sites.ccci.org\/c-proactif\/priere\/21-jours-de-priere-vie-pro\/#primaryimage","url":"https:\/\/wp-sites.ccci.org\/c-proactif\/wp-content\/uploads\/sites\/393\/2021\/03\/campagne-avril21.png","contentUrl":"https:\/\/wp-sites.ccci.org\/c-proactif\/wp-content\/uploads\/sites\/393\/2021\/03\/campagne-avril21.png","width":809,"height":448,"caption":"agenda-campagne de priere d'avril 21"},{"@type":"BreadcrumbList","@id":"https:\/\/wp-sites.ccci.org\/c-proactif\/priere\/21-jours-de-priere-vie-pro\/#breadcrumb","itemListElement":[{"@type":"ListItem","position":1,"name":"Accueil","item":"https:\/\/wp-sites.ccci.org\/c-proactif\/"},{"@type":"ListItem","position":2,"name":"Prier pour notre vie professionnelle","item":"https:\/\/wp-sites.ccci.org\/c-proactif\/priere\/"},{"@type":"ListItem","position":3,"name":"21 jours de priere pour notre vie professionelle"}]},{"@type":"WebSite","@id":"https:\/\/wp-sites.ccci.org\/c-proactif\/#website","url":"https:\/\/wp-sites.ccci.org\/c-proactif\/","name":"C-PROACTIF","description":"R\u00e9seau professionnel chr\u00e9tien","publisher":{"@id":"https:\/\/wp-sites.ccci.org\/c-proactif\/#organization"},"potentialAction":[{"@type":"SearchAction","target":{"@type":"EntryPoint","urlTemplate":"https:\/\/wp-sites.ccci.org\/c-proactif\/?s={search_term_string}"},"query-input":{"@type":"PropertyValueSpecification","valueRequired":true,"valueName":"search_term_string"}}],"inLanguage":"fr-FR"},{"@type":"Organization","@id":"https:\/\/wp-sites.ccci.org\/c-proactif\/#organization","name":"C-PROACTIF","url":"https:\/\/wp-sites.ccci.org\/c-proactif\/","logo":{"@type":"ImageObject","inLanguage":"fr-FR","@id":"https:\/\/wp-sites.ccci.org\/c-proactif\/#\/schema\/logo\/image\/","url":"https:\/\/wp-sites.ccci.org\/c-proactif\/wp-content\/uploads\/sites\/393\/2021\/05\/logo-baseline-blanc-300.png","contentUrl":"https:\/\/wp-sites.ccci.org\/c-proactif\/wp-content\/uploads\/sites\/393\/2021\/05\/logo-baseline-blanc-300.png","width":300,"height":113,"caption":"C-PROACTIF"},"image":{"@id":"https:\/\/wp-sites.ccci.org\/c-proactif\/#\/schema\/logo\/image\/"}}]}},"meta_box":[],"_links":{"self":[{"href":"https:\/\/wp-sites.ccci.org\/c-proactif\/wp-json\/wp\/v2\/pages\/7010","targetHints":{"allow":["GET"]}}],"collection":[{"href":"https:\/\/wp-sites.ccci.org\/c-proactif\/wp-json\/wp\/v2\/pages"}],"about":[{"href":"https:\/\/wp-sites.ccci.org\/c-proactif\/wp-json\/wp\/v2\/types\/page"}],"author":[{"embeddable":true,"href":"https:\/\/wp-sites.ccci.org\/c-proactif\/wp-json\/wp\/v2\/users\/14333"}],"replies":[{"embeddable":true,"href":"https:\/\/wp-sites.ccci.org\/c-proactif\/wp-json\/wp\/v2\/comments?post=7010"}],"version-history":[{"count":15,"href":"https:\/\/wp-sites.ccci.org\/c-proactif\/wp-json\/wp\/v2\/pages\/7010\/revisions"}],"predecessor-version":[{"id":15526,"href":"https:\/\/wp-sites.ccci.org\/c-proactif\/wp-json\/wp\/v2\/pages\/7010\/revisions\/15526"}],"up":[{"embeddable":true,"href":"https:\/\/wp-sites.ccci.org\/c-proactif\/wp-json\/wp\/v2\/pages\/3594"}],"wp:featuredmedia":[{"embeddable":true,"href":"https:\/\/wp-sites.ccci.org\/c-proactif\/wp-json\/wp\/v2\/media\/5131"}],"wp:attachment":[{"href":"https:\/\/wp-sites.ccci.org\/c-proactif\/wp-json\/wp\/v2\/media?parent=7010"}],"curies":[{"name":"wp","href":"https:\/\/api.w.org\/{rel}","templated":true}]}}