{"id":7011,"date":"2021-04-05T16:59:45","date_gmt":"2021-04-05T14:59:45","guid":{"rendered":"https:\/\/c-proactif.org\/?page_id=5238"},"modified":"2024-10-11T12:25:54","modified_gmt":"2024-10-11T10:25:54","slug":"priere-itineraire1","status":"publish","type":"page","link":"https:\/\/wp-sites.ccci.org\/c-proactif\/priere\/priere-itineraire1\/","title":{"rendered":"Itin\u00e9raire de 7 jours &#8211; 1  \u00ab\u00a0Seigneur, parle ! Ton serviteur \u00e9coute\u00a0\u00bb"},"content":{"rendered":"\t\t<div data-elementor-type=\"wp-page\" data-elementor-id=\"7011\" class=\"elementor elementor-7011\" data-elementor-post-type=\"page\">\n\t\t\t\t\t\t<section data-particle_enable=\"false\" data-particle-mobile-disabled=\"false\" class=\"elementor-section elementor-top-section elementor-element elementor-element-3e443e9 elementor-section-boxed elementor-section-height-default elementor-section-height-default\" data-id=\"3e443e9\" data-element_type=\"section\">\n\t\t\t\t\t\t<div class=\"elementor-container elementor-column-gap-default\">\n\t\t\t\t\t<div class=\"elementor-column elementor-col-100 elementor-top-column elementor-element elementor-element-45d11d6\" data-id=\"45d11d6\" data-element_type=\"column\">\n\t\t\t<div class=\"elementor-widget-wrap elementor-element-populated\">\n\t\t\t\t\t\t<div class=\"elementor-element elementor-element-923f6fd elementor-widget elementor-widget-text-editor\" data-id=\"923f6fd\" data-element_type=\"widget\" data-widget_type=\"text-editor.default\">\n\t\t\t\t<div class=\"elementor-widget-container\">\n\t\t\t\t\t\t\t\t\t<h4 style=\"text-align: center\">7 JOURS DE PRIERE POUR NOTRE VIE PROFESSIONNELLE, NOTRE IMPACT AU TRAVAIL ET NOTRE TEMOIGNAGE<\/h4><h3>\u00a0<\/h3><h2 style=\"text-align: center\"><span style=\"color: #f06b04\">ITINERAIRE 1\u00a0<br \/><\/span><span style=\"color: #f06b04\"><em>\u00ab Seigneur, parle ! Ton serviteur \u00e9coute \u00bb 1 Sam 3:10<\/em><\/span><\/h2><div><blockquote><div style=\"text-align: left\"><em>\u00a0<strong>\u00ab Au jour du bonheur, sois heureux, et au jour du malheur, r\u00e9fl\u00e9chis : <\/strong><br \/><strong>Dieu a fait l&rsquo;un comme l&rsquo;autre, afin que l&rsquo;homme ne d\u00e9couvre en rien ce qui sera apr\u00e8s lui.\u00bb Ec 7:14 <\/strong><\/em><em>\u00a0<\/em><\/div><\/blockquote><h4><span style=\"color: #f06b04\"><strong>CETTE SEMAINE, NOUS PREPARONS NOS COEURS POUR LE SERVICE\u00a0<\/strong><\/span><\/h4><div style=\"text-align: left\">Seigneur, que veux-tu nous dire ? Qu\u2019attends-tu de nous, ton Eglise ? Comment entrer dans ton projet pour notre vie personnelle, professionnelle, pour nos \u00e9glises, pour notre pays dans ces temps troubl\u00e9s ?\u00a0<span style=\"font-size: 15px\">Avec une profonde humilit\u00e9 et une totale d\u00e9pendance, nous venons chercher ta face afin que tu nous \u00e9claires, que tu nous montres ce que tu attends de nous en cette p\u00e9riode si particuli\u00e8re.<\/span><\/div><div>\u00a0<\/div><div>Nous confessons \u00e0 nouveau que tu es un Dieu juste et mis\u00e9ricordieux, lent \u00e0 la col\u00e8re et riche en bont\u00e9. (Ps 103). Nous confessons que nous n\u2019avons pas toujours recherch\u00e9 ta gloire, bien trop pr\u00e9occup\u00e9s par la poursuite de nos propres objectifs. Nous te demandons pardon, Seigneur et nous te demandons de nous faire gr\u00e2ce. Restaure-nous, gu\u00e9ris notre pays (2Ch 7:14).<\/div><div>\u00a0<\/div><div><h4><span style=\"color: #f06b04\">SUJETS DE PRIERE &#8211; ITINERAIRE 1<\/span><\/h4><div><em>Durant ce premier itin\u00e9raire de 7 jours, nous voulons nous mettre \u00e0 l\u2019\u00e9coute de Dieu afin qu\u2019il nous fa\u00e7onne comme de bons\u00a0 ouvriers, pr\u00eats \u00e0 \u00eatre \u00e0 son service dans les secteurs professionnels o\u00f9 il nous a plac\u00e9s.<\/em><\/div><\/div><div>\u00a0<\/div><\/div>\t\t\t\t\t\t\t\t<\/div>\n\t\t\t\t<\/div>\n\t\t\t\t\t<\/div>\n\t\t<\/div>\n\t\t\t\t\t<\/div>\n\t\t<\/section>\n\t\t\t\t<section data-particle_enable=\"false\" data-particle-mobile-disabled=\"false\" class=\"elementor-section elementor-top-section elementor-element elementor-element-4415558 elementor-section-boxed elementor-section-height-default elementor-section-height-default\" data-id=\"4415558\" data-element_type=\"section\" data-settings=\"{&quot;background_background&quot;:&quot;classic&quot;}\">\n\t\t\t\t\t\t<div class=\"elementor-container elementor-column-gap-default\">\n\t\t\t\t\t<div class=\"elementor-column elementor-col-50 elementor-top-column elementor-element elementor-element-5d13f82\" data-id=\"5d13f82\" data-element_type=\"column\">\n\t\t\t<div class=\"elementor-widget-wrap elementor-element-populated\">\n\t\t\t\t\t\t<div class=\"elementor-element elementor-element-65d3bbb elementor-widget elementor-widget-text-editor\" data-id=\"65d3bbb\" data-element_type=\"widget\" data-widget_type=\"text-editor.default\">\n\t\t\t\t<div class=\"elementor-widget-container\">\n\t\t\t\t\t\t\t\t\t<p><span style=\"color: #f06b04\"><strong>JOUR 1 &#8211; Itin\u00e9raire 1<\/strong><\/span><\/p><p>Pla\u00e7ons-nous devant le Seigneur pour lui demander <strong>un renouvellement de notre \u00e2me, de notre c\u0153ur et de nos pens\u00e9es.<\/strong> Rejetons ce qui le d\u00e9shonore dans notre conduite et rev\u00eatons notre nouvelle identit\u00e9 en lui \u00a0 (Ez 36:25-27, 2 Cor 5:17, Eph 4:22-24)\u00a0<\/p>\t\t\t\t\t\t\t\t<\/div>\n\t\t\t\t<\/div>\n\t\t\t\t\t<\/div>\n\t\t<\/div>\n\t\t\t\t<div class=\"elementor-column elementor-col-50 elementor-top-column elementor-element elementor-element-b12bd55\" data-id=\"b12bd55\" data-element_type=\"column\">\n\t\t\t<div class=\"elementor-widget-wrap elementor-element-populated\">\n\t\t\t\t\t\t<div class=\"elementor-element elementor-element-0c7e391 elementor-widget elementor-widget-text-editor\" data-id=\"0c7e391\" data-element_type=\"widget\" data-widget_type=\"text-editor.default\">\n\t\t\t\t<div class=\"elementor-widget-container\">\n\t\t\t\t\t\t\t\t\t<p><span style=\"color: #f06b04\"><strong>JOUR 2 &#8211; Itin\u00e9raire 1<\/strong><\/span><\/p><p><strong>D\u00e9posons ce qui est pesant dans notre vie professionnelle<\/strong> : les relations entre coll\u00e8gues, l\u2019incertitude, la charge de travail\u2026 Demandons-lui de nous aider \u00e0 r\u00e9agir avec sagesse afin de mener le bon combat non selon des principes humains mais d\u2019une fa\u00e7on qui l\u2019honore (Phil 4:6-7, 2 Cor 10:3-5)<\/p>\t\t\t\t\t\t\t\t<\/div>\n\t\t\t\t<\/div>\n\t\t\t\t\t<\/div>\n\t\t<\/div>\n\t\t\t\t\t<\/div>\n\t\t<\/section>\n\t\t\t\t<section data-particle_enable=\"false\" data-particle-mobile-disabled=\"false\" class=\"elementor-section elementor-top-section elementor-element elementor-element-dc07669 elementor-section-boxed elementor-section-height-default elementor-section-height-default\" data-id=\"dc07669\" data-element_type=\"section\" data-settings=\"{&quot;background_background&quot;:&quot;classic&quot;}\">\n\t\t\t\t\t\t<div class=\"elementor-container elementor-column-gap-default\">\n\t\t\t\t\t<div class=\"elementor-column elementor-col-50 elementor-top-column elementor-element elementor-element-02a7183\" data-id=\"02a7183\" data-element_type=\"column\">\n\t\t\t<div class=\"elementor-widget-wrap elementor-element-populated\">\n\t\t\t\t\t\t<div class=\"elementor-element elementor-element-49f96f2 elementor-widget elementor-widget-text-editor\" data-id=\"49f96f2\" data-element_type=\"widget\" data-widget_type=\"text-editor.default\">\n\t\t\t\t<div class=\"elementor-widget-container\">\n\t\t\t\t\t\t\t\t\t<p><span style=\"color: #f06b04\"><strong>JOUR 3 &#8211; Itin\u00e9raire 1<\/strong><\/span><\/p><p><strong>Prions pour que Dieu transforme notre regard sur nos coll\u00e8gues et nos relations professionnelles.<\/strong> Demandons-lui la gr\u00e2ce de voir chacun d\u2019eux comme un \u00eatre qu\u2019il aime, cr\u00e9\u00e9 \u00e0 son image, qu\u2019Il veut b\u00e9nir et rencontrer, \u00e0 travers nous ! Car c\u2019est nous que Dieu envoie dans cette moisson ! (Mat 9:36-37)<\/p>\t\t\t\t\t\t\t\t<\/div>\n\t\t\t\t<\/div>\n\t\t\t\t\t<\/div>\n\t\t<\/div>\n\t\t\t\t<div class=\"elementor-column elementor-col-50 elementor-top-column elementor-element elementor-element-a5e3afd\" data-id=\"a5e3afd\" data-element_type=\"column\">\n\t\t\t<div class=\"elementor-widget-wrap elementor-element-populated\">\n\t\t\t\t\t\t<div class=\"elementor-element elementor-element-50c8f57 elementor-widget elementor-widget-text-editor\" data-id=\"50c8f57\" data-element_type=\"widget\" data-widget_type=\"text-editor.default\">\n\t\t\t\t<div class=\"elementor-widget-container\">\n\t\t\t\t\t\t\t\t\t<p><strong><span style=\"color: #f06b04\">JOUR 4 &#8211; Itin\u00e9raire 1<\/span><\/strong><\/p><p><strong>Prions pour les besoins sp\u00e9cifiques de nos coll\u00e8gues et relations professionnelles<\/strong>. Recherchons leur bien, demandons au Seigneur de les fortifier et de se r\u00e9v\u00e9ler \u00e0 eux. Traitons-les avec dignit\u00e9 et empathie afin que, \u00e0 travers notre comportement, ils puissent \u2018go\u00fbter\u2019 quelque chose de Dieu (Ps 33:9)<\/p>\t\t\t\t\t\t\t\t<\/div>\n\t\t\t\t<\/div>\n\t\t\t\t\t<\/div>\n\t\t<\/div>\n\t\t\t\t\t<\/div>\n\t\t<\/section>\n\t\t\t\t<section data-particle_enable=\"false\" data-particle-mobile-disabled=\"false\" class=\"elementor-section elementor-top-section elementor-element elementor-element-968d6f6 elementor-section-boxed elementor-section-height-default elementor-section-height-default\" data-id=\"968d6f6\" data-element_type=\"section\" data-settings=\"{&quot;background_background&quot;:&quot;classic&quot;}\">\n\t\t\t\t\t\t<div class=\"elementor-container elementor-column-gap-default\">\n\t\t\t\t\t<div class=\"elementor-column elementor-col-50 elementor-top-column elementor-element elementor-element-0420e1c\" data-id=\"0420e1c\" data-element_type=\"column\">\n\t\t\t<div class=\"elementor-widget-wrap elementor-element-populated\">\n\t\t\t\t\t\t<div class=\"elementor-element elementor-element-66c053e elementor-widget elementor-widget-text-editor\" data-id=\"66c053e\" data-element_type=\"widget\" data-widget_type=\"text-editor.default\">\n\t\t\t\t<div class=\"elementor-widget-container\">\n\t\t\t\t\t\t\t\t\t<p><span style=\"color: #f06b04\"><strong>JOUR 5 &#8211; Itin\u00e9raire 1<\/strong><\/span><\/p><p><strong>Prions pour notre bureau, notre atelier, notre entreprise.<\/strong> Prions pour les relations interpersonnelles, prions pour la qualit\u00e9 du management, prions pour le march\u00e9 et le d\u00e9roulement des affaires en cours. Prions pour la b\u00e9n\u00e9diction de Dieu sur notre entreprise car de son \u00e9panouissement, d\u00e9pend le n\u00f4tre ! (Jer 29:7)<\/p>\t\t\t\t\t\t\t\t<\/div>\n\t\t\t\t<\/div>\n\t\t\t\t\t<\/div>\n\t\t<\/div>\n\t\t\t\t<div class=\"elementor-column elementor-col-50 elementor-top-column elementor-element elementor-element-1b5cb8f\" data-id=\"1b5cb8f\" data-element_type=\"column\">\n\t\t\t<div class=\"elementor-widget-wrap elementor-element-populated\">\n\t\t\t\t\t\t<div class=\"elementor-element elementor-element-ab9359a elementor-widget elementor-widget-text-editor\" data-id=\"ab9359a\" data-element_type=\"widget\" data-widget_type=\"text-editor.default\">\n\t\t\t\t<div class=\"elementor-widget-container\">\n\t\t\t\t\t\t\t\t\t<p><span style=\"color: #f06b04\"><strong>JOUR 6 &#8211; Itin\u00e9raire 1<\/strong><\/span><\/p><p>Louons le Seigneur dans nos communaut\u00e9s respectives et <strong>remercions-le de nous envoyer partout, dans tous les secteurs de la soci\u00e9t\u00e9 pour le servir.<\/strong> Offrons nos corps comme un sacrifice vivant (Rom 12:1-2) et demandons-lui de nous \u00e9quiper pour le servir.<\/p>\t\t\t\t\t\t\t\t<\/div>\n\t\t\t\t<\/div>\n\t\t\t\t\t<\/div>\n\t\t<\/div>\n\t\t\t\t\t<\/div>\n\t\t<\/section>\n\t\t\t\t<section data-particle_enable=\"false\" data-particle-mobile-disabled=\"false\" class=\"elementor-section elementor-top-section elementor-element elementor-element-fa86feb elementor-section-boxed elementor-section-height-default elementor-section-height-default\" data-id=\"fa86feb\" data-element_type=\"section\" data-settings=\"{&quot;background_background&quot;:&quot;classic&quot;}\">\n\t\t\t\t\t\t<div class=\"elementor-container elementor-column-gap-default\">\n\t\t\t\t\t<div class=\"elementor-column elementor-col-50 elementor-top-column elementor-element elementor-element-598d335\" data-id=\"598d335\" data-element_type=\"column\">\n\t\t\t<div class=\"elementor-widget-wrap elementor-element-populated\">\n\t\t\t\t\t\t<div class=\"elementor-element elementor-element-7ef825b elementor-widget elementor-widget-text-editor\" data-id=\"7ef825b\" data-element_type=\"widget\" data-widget_type=\"text-editor.default\">\n\t\t\t\t<div class=\"elementor-widget-container\">\n\t\t\t\t\t\t\t\t\t<p><span style=\"color: #f06b04\"><strong>JOUR 7 &#8211; Itin\u00e9raire 1<\/strong><\/span><\/p><p>Au-del\u00e0 de notre entreprise, <strong>prions pour le secteur professionnel dont nous d\u00e9pendons.<\/strong> Chaque secteur professionnel a ses propres d\u00e9fis, ses propres travers. Demandons au Seigneur de nous les montrer et prions pour ces besoins.<\/p><h4><a href=\"https:\/\/zoom.us\/j\/7062240438\" target=\"_blank\" rel=\"noopener\"><strong>A 12h30, \u00ab\u00a0C&rsquo;est lundi, je prie !\u00a0\u00bb<\/strong><\/a><br \/>RDV en ligne pour remettre notre semaine de travail au Seigneur <a href=\"https:\/\/us02web.zoom.us\/j\/7062240438?pwd=cEwrWVZLRzB2eE5YQ3JlNC9kdmo1QT09&amp;amp_device_id=2640cec8-9c4a-4e80-b4f4-26aa9f4e453a&amp;amp_device_id=2640cec8-9c4a-4e80-b4f4-26aa9f4e453a\" target=\"_blank\" rel=\"noopener\">(Je rejoins la salle de pri\u00e8re)<\/a><\/h4>\t\t\t\t\t\t\t\t<\/div>\n\t\t\t\t<\/div>\n\t\t\t\t\t<\/div>\n\t\t<\/div>\n\t\t\t\t<div class=\"elementor-column elementor-col-50 elementor-top-column elementor-element elementor-element-d320bfe\" data-id=\"d320bfe\" data-element_type=\"column\">\n\t\t\t<div class=\"elementor-widget-wrap elementor-element-populated\">\n\t\t\t\t\t\t<section data-particle_enable=\"false\" data-particle-mobile-disabled=\"false\" class=\"elementor-section elementor-inner-section elementor-element elementor-element-2805764 elementor-section-boxed elementor-section-height-default elementor-section-height-default\" data-id=\"2805764\" data-element_type=\"section\">\n\t\t\t\t\t\t<div class=\"elementor-container elementor-column-gap-default\">\n\t\t\t\t\t<div class=\"elementor-column elementor-col-50 elementor-inner-column elementor-element elementor-element-b718c6c\" data-id=\"b718c6c\" data-element_type=\"column\">\n\t\t\t<div class=\"elementor-widget-wrap elementor-element-populated\">\n\t\t\t\t\t\t<div class=\"elementor-element elementor-element-68a0b71 elementor-widget elementor-widget-image\" data-id=\"68a0b71\" data-element_type=\"widget\" data-widget_type=\"image.default\">\n\t\t\t\t<div class=\"elementor-widget-container\">\n\t\t\t\t\t\t\t\t\t\t\t\t\t\t\t\t<a href=\"https:\/\/wp-sites.ccci.org\/c-proactif\/\/wp-content\/uploads\/sites\/393\/2021\/05\/priere-enseignement.pdf\" target=\"_blank\">\n\t\t\t\t\t\t\t<img decoding=\"async\" src=\"https:\/\/wp-sites.ccci.org\/c-proactif\/wp-content\/uploads\/sites\/393\/2021\/05\/vignette-mini-priere-education.png?w=793\" title=\"vignette-mini-priere-education\" alt=\"vignette-mini-priere-education\" loading=\"lazy\" \/>\t\t\t\t\t\t\t\t<\/a>\n\t\t\t\t\t\t\t\t\t\t\t\t\t\t\t<\/div>\n\t\t\t\t<\/div>\n\t\t\t\t\t<\/div>\n\t\t<\/div>\n\t\t\t\t<div class=\"elementor-column elementor-col-50 elementor-inner-column elementor-element elementor-element-5177239\" data-id=\"5177239\" data-element_type=\"column\">\n\t\t\t<div class=\"elementor-widget-wrap elementor-element-populated\">\n\t\t\t\t\t\t<div class=\"elementor-element elementor-element-fd7e664 elementor-widget elementor-widget-text-editor\" data-id=\"fd7e664\" data-element_type=\"widget\" data-widget_type=\"text-editor.default\">\n\t\t\t\t<div class=\"elementor-widget-container\">\n\t\t\t\t\t\t\t\t\t<h4 style=\"text-align: center\"><strong>PRIERE POUR LE SECTEUR\u00a0 DE L&rsquo;EDUCATION<\/strong><\/h4><p><em>Cliquez sur l&rsquo;image pour acc\u00e9der au guide de pri\u00e8re d\u00e9di\u00e9 au secteur de l&rsquo;Education\u00a0<\/em><\/p>\t\t\t\t\t\t\t\t<\/div>\n\t\t\t\t<\/div>\n\t\t\t\t\t<\/div>\n\t\t<\/div>\n\t\t\t\t\t<\/div>\n\t\t<\/section>\n\t\t\t\t\t<\/div>\n\t\t<\/div>\n\t\t\t\t\t<\/div>\n\t\t<\/section>\n\t\t\t\t<\/div>\n\t\t","protected":false},"excerpt":{"rendered":"<p>7 JOURS DE PRIERE POUR NOTRE VIE PROFESSIONNELLE, NOTRE IMPACT AU TRAVAIL ET NOTRE TEMOIGNAGE ITINERAIRE 1 \u00ab Seigneur, parle ! Ton serviteur \u00e9coute \u00bb 1 Sam 3:10 \u00a0\u00ab Au [&hellip;]<\/p>\n","protected":false},"author":14333,"featured_media":5590,"parent":3594,"menu_order":0,"comment_status":"closed","ping_status":"closed","template":"","meta":{"site-sidebar-layout":"default","site-content-layout":"default","ast-site-content-layout":"default","site-content-style":"default","site-sidebar-style":"default","ast-global-header-display":"","ast-banner-title-visibility":"","ast-main-header-display":"","ast-hfb-above-header-display":"","ast-hfb-below-header-display":"","ast-hfb-mobile-header-display":"","site-post-title":"","ast-breadcrumbs-content":"","ast-featured-img":"disabled","footer-sml-layout":"","ast-disable-related-posts":"","theme-transparent-header-meta":"default","adv-header-id-meta":"","stick-header-meta":"","header-above-stick-meta":"","header-main-stick-meta":"","header-below-stick-meta":"","astra-migrate-meta-layouts":"set","ast-page-background-enabled":"default","ast-page-background-meta":{"desktop":{"background-color":"","background-image":"","background-repeat":"repeat","background-position":"center center","background-size":"auto","background-attachment":"scroll","background-type":"","background-media":"","overlay-type":"","overlay-color":"","overlay-opacity":"","overlay-gradient":""},"tablet":{"background-color":"","background-image":"","background-repeat":"repeat","background-position":"center center","background-size":"auto","background-attachment":"scroll","background-type":"","background-media":"","overlay-type":"","overlay-color":"","overlay-opacity":"","overlay-gradient":""},"mobile":{"background-color":"","background-image":"","background-repeat":"repeat","background-position":"center center","background-size":"auto","background-attachment":"scroll","background-type":"","background-media":"","overlay-type":"","overlay-color":"","overlay-opacity":"","overlay-gradient":""}},"ast-content-background-meta":{"desktop":{"background-color":"var(--ast-global-color-5)","background-image":"","background-repeat":"repeat","background-position":"center center","background-size":"auto","background-attachment":"scroll","background-type":"","background-media":"","overlay-type":"","overlay-color":"","overlay-opacity":"","overlay-gradient":""},"tablet":{"background-color":"var(--ast-global-color-5)","background-image":"","background-repeat":"repeat","background-position":"center center","background-size":"auto","background-attachment":"scroll","background-type":"","background-media":"","overlay-type":"","overlay-color":"","overlay-opacity":"","overlay-gradient":""},"mobile":{"background-color":"var(--ast-global-color-5)","background-image":"","background-repeat":"repeat","background-position":"center center","background-size":"auto","background-attachment":"scroll","background-type":"","background-media":"","overlay-type":"","overlay-color":"","overlay-opacity":"","overlay-gradient":""}},"footnotes":""},"class_list":["post-7011","page","type-page","status-publish","has-post-thumbnail","hentry"],"yoast_head":"<!-- This site is optimized with the Yoast SEO plugin v26.7 - https:\/\/yoast.com\/wordpress\/plugins\/seo\/ -->\n<title>Itin\u00e9raire de 7 jours - 1 &quot;Seigneur, parle ! Ton serviteur \u00e9coute&quot; - C-PROACTIF<\/title>\n<meta name=\"description\" content=\"Les sujets de pri\u00e8re de la premi\u00e8re semaine de notre campagne de 21 jours de pri\u00e8re pour le travail. Theme : pr\u00e9parons nos coeurs !\" \/>\n<meta name=\"robots\" content=\"noindex, follow, max-snippet:-1, max-image-preview:large, max-video-preview:-1\" \/>\n<meta property=\"og:locale\" content=\"fr_FR\" \/>\n<meta property=\"og:type\" content=\"article\" \/>\n<meta property=\"og:title\" content=\"Itin\u00e9raire de 7 jours - 1 &quot;Seigneur, parle ! Ton serviteur \u00e9coute&quot; - C-PROACTIF\" \/>\n<meta property=\"og:description\" content=\"Les sujets de pri\u00e8re de la premi\u00e8re semaine de notre campagne de 21 jours de pri\u00e8re pour le travail. Theme : pr\u00e9parons nos coeurs !\" \/>\n<meta property=\"og:url\" content=\"https:\/\/wp-sites.ccci.org\/c-proactif\/priere\/priere-itineraire1\/\" \/>\n<meta property=\"og:site_name\" content=\"C-PROACTIF\" \/>\n<meta property=\"article:modified_time\" content=\"2024-10-11T10:25:54+00:00\" \/>\n<meta property=\"og:image\" content=\"https:\/\/wp-sites.ccci.org\/c-proactif\/wp-content\/uploads\/sites\/393\/2021\/05\/vignette-mini-priere-education.png\" \/>\n\t<meta property=\"og:image:width\" content=\"793\" \/>\n\t<meta property=\"og:image:height\" content=\"515\" \/>\n\t<meta property=\"og:image:type\" content=\"image\/png\" \/>\n<meta name=\"twitter:card\" content=\"summary_large_image\" \/>\n<meta name=\"twitter:label1\" content=\"Dur\u00e9e de lecture estim\u00e9e\" \/>\n\t<meta name=\"twitter:data1\" content=\"4 minutes\" \/>\n<script type=\"application\/ld+json\" class=\"yoast-schema-graph\">{\"@context\":\"https:\/\/schema.org\",\"@graph\":[{\"@type\":\"WebPage\",\"@id\":\"https:\/\/wp-sites.ccci.org\/c-proactif\/priere\/priere-itineraire1\/\",\"url\":\"https:\/\/wp-sites.ccci.org\/c-proactif\/priere\/priere-itineraire1\/\",\"name\":\"Itin\u00e9raire de 7 jours - 1 \\\"Seigneur, parle ! Ton serviteur \u00e9coute\\\" - C-PROACTIF\",\"isPartOf\":{\"@id\":\"https:\/\/wp-sites.ccci.org\/c-proactif\/#website\"},\"primaryImageOfPage\":{\"@id\":\"https:\/\/wp-sites.ccci.org\/c-proactif\/priere\/priere-itineraire1\/#primaryimage\"},\"image\":{\"@id\":\"https:\/\/wp-sites.ccci.org\/c-proactif\/priere\/priere-itineraire1\/#primaryimage\"},\"thumbnailUrl\":\"https:\/\/wp-sites.ccci.org\/c-proactif\/wp-content\/uploads\/sites\/393\/2021\/05\/vignette-mini-priere-education.png\",\"datePublished\":\"2021-04-05T14:59:45+00:00\",\"dateModified\":\"2024-10-11T10:25:54+00:00\",\"description\":\"Les sujets de pri\u00e8re de la premi\u00e8re semaine de notre campagne de 21 jours de pri\u00e8re pour le travail. Theme : pr\u00e9parons nos coeurs !\",\"breadcrumb\":{\"@id\":\"https:\/\/wp-sites.ccci.org\/c-proactif\/priere\/priere-itineraire1\/#breadcrumb\"},\"inLanguage\":\"fr-FR\",\"potentialAction\":[{\"@type\":\"ReadAction\",\"target\":[\"https:\/\/wp-sites.ccci.org\/c-proactif\/priere\/priere-itineraire1\/\"]}]},{\"@type\":\"ImageObject\",\"inLanguage\":\"fr-FR\",\"@id\":\"https:\/\/wp-sites.ccci.org\/c-proactif\/priere\/priere-itineraire1\/#primaryimage\",\"url\":\"https:\/\/wp-sites.ccci.org\/c-proactif\/wp-content\/uploads\/sites\/393\/2021\/05\/vignette-mini-priere-education.png\",\"contentUrl\":\"https:\/\/wp-sites.ccci.org\/c-proactif\/wp-content\/uploads\/sites\/393\/2021\/05\/vignette-mini-priere-education.png\",\"width\":793,\"height\":515},{\"@type\":\"BreadcrumbList\",\"@id\":\"https:\/\/wp-sites.ccci.org\/c-proactif\/priere\/priere-itineraire1\/#breadcrumb\",\"itemListElement\":[{\"@type\":\"ListItem\",\"position\":1,\"name\":\"Accueil\",\"item\":\"https:\/\/wp-sites.ccci.org\/c-proactif\/\"},{\"@type\":\"ListItem\",\"position\":2,\"name\":\"Prier pour notre vie professionnelle\",\"item\":\"https:\/\/wp-sites.ccci.org\/c-proactif\/priere\/\"},{\"@type\":\"ListItem\",\"position\":3,\"name\":\"Itin\u00e9raire de 7 jours &#8211; 1 \u00ab\u00a0Seigneur, parle ! Ton serviteur \u00e9coute\u00a0\u00bb\"}]},{\"@type\":\"WebSite\",\"@id\":\"https:\/\/wp-sites.ccci.org\/c-proactif\/#website\",\"url\":\"https:\/\/wp-sites.ccci.org\/c-proactif\/\",\"name\":\"C-PROACTIF\",\"description\":\"R\u00e9seau professionnel chr\u00e9tien\",\"publisher\":{\"@id\":\"https:\/\/wp-sites.ccci.org\/c-proactif\/#organization\"},\"potentialAction\":[{\"@type\":\"SearchAction\",\"target\":{\"@type\":\"EntryPoint\",\"urlTemplate\":\"https:\/\/wp-sites.ccci.org\/c-proactif\/?s={search_term_string}\"},\"query-input\":{\"@type\":\"PropertyValueSpecification\",\"valueRequired\":true,\"valueName\":\"search_term_string\"}}],\"inLanguage\":\"fr-FR\"},{\"@type\":\"Organization\",\"@id\":\"https:\/\/wp-sites.ccci.org\/c-proactif\/#organization\",\"name\":\"C-PROACTIF\",\"url\":\"https:\/\/wp-sites.ccci.org\/c-proactif\/\",\"logo\":{\"@type\":\"ImageObject\",\"inLanguage\":\"fr-FR\",\"@id\":\"https:\/\/wp-sites.ccci.org\/c-proactif\/#\/schema\/logo\/image\/\",\"url\":\"https:\/\/wp-sites.ccci.org\/c-proactif\/wp-content\/uploads\/sites\/393\/2021\/05\/logo-baseline-blanc-300.png\",\"contentUrl\":\"https:\/\/wp-sites.ccci.org\/c-proactif\/wp-content\/uploads\/sites\/393\/2021\/05\/logo-baseline-blanc-300.png\",\"width\":300,\"height\":113,\"caption\":\"C-PROACTIF\"},\"image\":{\"@id\":\"https:\/\/wp-sites.ccci.org\/c-proactif\/#\/schema\/logo\/image\/\"}}]}<\/script>\n<!-- \/ Yoast SEO plugin. -->","yoast_head_json":{"title":"Itin\u00e9raire de 7 jours - 1 \"Seigneur, parle ! Ton serviteur \u00e9coute\" - C-PROACTIF","description":"Les sujets de pri\u00e8re de la premi\u00e8re semaine de notre campagne de 21 jours de pri\u00e8re pour le travail. Theme : pr\u00e9parons nos coeurs !","robots":{"index":"noindex","follow":"follow","max-snippet":"max-snippet:-1","max-image-preview":"max-image-preview:large","max-video-preview":"max-video-preview:-1"},"og_locale":"fr_FR","og_type":"article","og_title":"Itin\u00e9raire de 7 jours - 1 \"Seigneur, parle ! Ton serviteur \u00e9coute\" - C-PROACTIF","og_description":"Les sujets de pri\u00e8re de la premi\u00e8re semaine de notre campagne de 21 jours de pri\u00e8re pour le travail. Theme : pr\u00e9parons nos coeurs !","og_url":"https:\/\/wp-sites.ccci.org\/c-proactif\/priere\/priere-itineraire1\/","og_site_name":"C-PROACTIF","article_modified_time":"2024-10-11T10:25:54+00:00","og_image":[{"width":793,"height":515,"url":"https:\/\/wp-sites.ccci.org\/c-proactif\/wp-content\/uploads\/sites\/393\/2021\/05\/vignette-mini-priere-education.png","type":"image\/png"}],"twitter_card":"summary_large_image","twitter_misc":{"Dur\u00e9e de lecture estim\u00e9e":"4 minutes"},"schema":{"@context":"https:\/\/schema.org","@graph":[{"@type":"WebPage","@id":"https:\/\/wp-sites.ccci.org\/c-proactif\/priere\/priere-itineraire1\/","url":"https:\/\/wp-sites.ccci.org\/c-proactif\/priere\/priere-itineraire1\/","name":"Itin\u00e9raire de 7 jours - 1 \"Seigneur, parle ! Ton serviteur \u00e9coute\" - C-PROACTIF","isPartOf":{"@id":"https:\/\/wp-sites.ccci.org\/c-proactif\/#website"},"primaryImageOfPage":{"@id":"https:\/\/wp-sites.ccci.org\/c-proactif\/priere\/priere-itineraire1\/#primaryimage"},"image":{"@id":"https:\/\/wp-sites.ccci.org\/c-proactif\/priere\/priere-itineraire1\/#primaryimage"},"thumbnailUrl":"https:\/\/wp-sites.ccci.org\/c-proactif\/wp-content\/uploads\/sites\/393\/2021\/05\/vignette-mini-priere-education.png","datePublished":"2021-04-05T14:59:45+00:00","dateModified":"2024-10-11T10:25:54+00:00","description":"Les sujets de pri\u00e8re de la premi\u00e8re semaine de notre campagne de 21 jours de pri\u00e8re pour le travail. Theme : pr\u00e9parons nos coeurs !","breadcrumb":{"@id":"https:\/\/wp-sites.ccci.org\/c-proactif\/priere\/priere-itineraire1\/#breadcrumb"},"inLanguage":"fr-FR","potentialAction":[{"@type":"ReadAction","target":["https:\/\/wp-sites.ccci.org\/c-proactif\/priere\/priere-itineraire1\/"]}]},{"@type":"ImageObject","inLanguage":"fr-FR","@id":"https:\/\/wp-sites.ccci.org\/c-proactif\/priere\/priere-itineraire1\/#primaryimage","url":"https:\/\/wp-sites.ccci.org\/c-proactif\/wp-content\/uploads\/sites\/393\/2021\/05\/vignette-mini-priere-education.png","contentUrl":"https:\/\/wp-sites.ccci.org\/c-proactif\/wp-content\/uploads\/sites\/393\/2021\/05\/vignette-mini-priere-education.png","width":793,"height":515},{"@type":"BreadcrumbList","@id":"https:\/\/wp-sites.ccci.org\/c-proactif\/priere\/priere-itineraire1\/#breadcrumb","itemListElement":[{"@type":"ListItem","position":1,"name":"Accueil","item":"https:\/\/wp-sites.ccci.org\/c-proactif\/"},{"@type":"ListItem","position":2,"name":"Prier pour notre vie professionnelle","item":"https:\/\/wp-sites.ccci.org\/c-proactif\/priere\/"},{"@type":"ListItem","position":3,"name":"Itin\u00e9raire de 7 jours &#8211; 1 \u00ab\u00a0Seigneur, parle ! Ton serviteur \u00e9coute\u00a0\u00bb"}]},{"@type":"WebSite","@id":"https:\/\/wp-sites.ccci.org\/c-proactif\/#website","url":"https:\/\/wp-sites.ccci.org\/c-proactif\/","name":"C-PROACTIF","description":"R\u00e9seau professionnel chr\u00e9tien","publisher":{"@id":"https:\/\/wp-sites.ccci.org\/c-proactif\/#organization"},"potentialAction":[{"@type":"SearchAction","target":{"@type":"EntryPoint","urlTemplate":"https:\/\/wp-sites.ccci.org\/c-proactif\/?s={search_term_string}"},"query-input":{"@type":"PropertyValueSpecification","valueRequired":true,"valueName":"search_term_string"}}],"inLanguage":"fr-FR"},{"@type":"Organization","@id":"https:\/\/wp-sites.ccci.org\/c-proactif\/#organization","name":"C-PROACTIF","url":"https:\/\/wp-sites.ccci.org\/c-proactif\/","logo":{"@type":"ImageObject","inLanguage":"fr-FR","@id":"https:\/\/wp-sites.ccci.org\/c-proactif\/#\/schema\/logo\/image\/","url":"https:\/\/wp-sites.ccci.org\/c-proactif\/wp-content\/uploads\/sites\/393\/2021\/05\/logo-baseline-blanc-300.png","contentUrl":"https:\/\/wp-sites.ccci.org\/c-proactif\/wp-content\/uploads\/sites\/393\/2021\/05\/logo-baseline-blanc-300.png","width":300,"height":113,"caption":"C-PROACTIF"},"image":{"@id":"https:\/\/wp-sites.ccci.org\/c-proactif\/#\/schema\/logo\/image\/"}}]}},"meta_box":[],"_links":{"self":[{"href":"https:\/\/wp-sites.ccci.org\/c-proactif\/wp-json\/wp\/v2\/pages\/7011","targetHints":{"allow":["GET"]}}],"collection":[{"href":"https:\/\/wp-sites.ccci.org\/c-proactif\/wp-json\/wp\/v2\/pages"}],"about":[{"href":"https:\/\/wp-sites.ccci.org\/c-proactif\/wp-json\/wp\/v2\/types\/page"}],"author":[{"embeddable":true,"href":"https:\/\/wp-sites.ccci.org\/c-proactif\/wp-json\/wp\/v2\/users\/14333"}],"replies":[{"embeddable":true,"href":"https:\/\/wp-sites.ccci.org\/c-proactif\/wp-json\/wp\/v2\/comments?post=7011"}],"version-history":[{"count":9,"href":"https:\/\/wp-sites.ccci.org\/c-proactif\/wp-json\/wp\/v2\/pages\/7011\/revisions"}],"predecessor-version":[{"id":15530,"href":"https:\/\/wp-sites.ccci.org\/c-proactif\/wp-json\/wp\/v2\/pages\/7011\/revisions\/15530"}],"up":[{"embeddable":true,"href":"https:\/\/wp-sites.ccci.org\/c-proactif\/wp-json\/wp\/v2\/pages\/3594"}],"wp:featuredmedia":[{"embeddable":true,"href":"https:\/\/wp-sites.ccci.org\/c-proactif\/wp-json\/wp\/v2\/media\/5590"}],"wp:attachment":[{"href":"https:\/\/wp-sites.ccci.org\/c-proactif\/wp-json\/wp\/v2\/media?parent=7011"}],"curies":[{"name":"wp","href":"https:\/\/api.w.org\/{rel}","templated":true}]}}