{"id":7012,"date":"2021-04-07T10:24:25","date_gmt":"2021-04-07T08:24:25","guid":{"rendered":"https:\/\/c-proactif.org\/?page_id=5273"},"modified":"2024-10-11T12:28:05","modified_gmt":"2024-10-11T10:28:05","slug":"priere-itineraire2","status":"publish","type":"page","link":"https:\/\/wp-sites.ccci.org\/c-proactif\/priere\/priere-itineraire2\/","title":{"rendered":"Itin\u00e9raire de 7 jours &#8211; 2 : \u00ab\u00a0Nous sommes les sentinelles du Seigneur\u00a0\u00bb"},"content":{"rendered":"\t\t<div data-elementor-type=\"wp-page\" data-elementor-id=\"7012\" class=\"elementor elementor-7012\" data-elementor-post-type=\"page\">\n\t\t\t\t\t\t<section data-particle_enable=\"false\" data-particle-mobile-disabled=\"false\" class=\"elementor-section elementor-top-section elementor-element elementor-element-3e443e9 elementor-section-boxed elementor-section-height-default elementor-section-height-default\" data-id=\"3e443e9\" data-element_type=\"section\">\n\t\t\t\t\t\t<div class=\"elementor-container elementor-column-gap-default\">\n\t\t\t\t\t<div class=\"elementor-column elementor-col-100 elementor-top-column elementor-element elementor-element-45d11d6\" data-id=\"45d11d6\" data-element_type=\"column\">\n\t\t\t<div class=\"elementor-widget-wrap elementor-element-populated\">\n\t\t\t\t\t\t<div class=\"elementor-element elementor-element-923f6fd elementor-widget elementor-widget-text-editor\" data-id=\"923f6fd\" data-element_type=\"widget\" data-widget_type=\"text-editor.default\">\n\t\t\t\t<div class=\"elementor-widget-container\">\n\t\t\t\t\t\t\t\t\t<h4 style=\"text-align: center\">7 JOURS DE PRIERE POUR NOTRE VIE PROFESSIONNELLE, NOTRE IMPACT AU TRAVAIL ET NOTRE TEMOIGNAGE<\/h4><h2 style=\"text-align: center\"><em><span style=\"color: #f06b04\">ITINERAIRE 2<br \/>\u00ab\u00a0Nous sommes les sentinelles du Seigneur\u00a0\u00bb (Ez 33:7)<\/span><\/em><\/h2><div>\u00a0<\/div><div><div>La situation de pand\u00e9mie dans laquelle nous nous sommes trouv\u00e9s depuis de si longs mois donne lieu \u00e0 beaucoup d\u2019interpr\u00e9tations dans les milieux chr\u00e9tiens : s\u2019adresse-t-elle en priorit\u00e9 \u00e0 l\u2019Eglise afin qu\u2019elle se ressaisisse pour entrer plus pleinement dans les \u0153uvres du Royaume ? Est-elle une punition pour les m\u0153urs de plus en plus \u00e9loign\u00e9s des principes bibliques de notre soci\u00e9t\u00e9 ? Est-elle juste un ph\u00e9nom\u00e8ne \u2018normal\u2019 et pr\u00e9visible de nos modes de vie avides qui ne respectent plus la cr\u00e9ation ?<\/div><div>Bien s\u00fbr, chacune de ces interpr\u00e9tations, pouss\u00e9e \u00e0 son terme, engendrera une\u00a0 attitude diff\u00e9rente dans notre fa\u00e7on de la vivre au quotidien et de nous y impliquer en termes de pri\u00e8re. Il nous faut donc chercher dans la Parole des guides s\u00fbrs et invariants pour nous guider dans la pri\u00e8re.<\/div><h4><span style=\"color: #f06b04\"><strong>COMMENT ORIENTER NOTRE PRIERE ?\u00a0<\/strong><\/span><\/h4><p>Ces guides s\u00fbrs, nous pouvons les trouver dans de multiples passages de la Bible, mais je vous propose de nous arr\u00eater sur le chapitre 33 d\u2019Ezechiel. Voil\u00e0 un peuple en mauvaise posture, en proie \u00e0 des \u00e9preuves tr\u00e8s douloureuses, fruits de ses mauvais comportements et du jugement de Dieu ! Et que dit Dieu ? Comment demande-t-il \u00e0 ses enfants de r\u00e9agir ?<\/p><ol><li>Il demande \u00e0 ses enfants de se mobiliser et de se poster comme des \u00ab sentinelles \u00bb pour avertir \u00able m\u00e9chant afin qu\u2019il abandonne sa mauvaise conduite\u00bb (Ez 33:2-9)<\/li><li>Il nous d\u00e9voile son dessein qui est la gu\u00e9rison et le salut de tous !<\/li><\/ol><blockquote><h5>\u00ab\u00a0Dis-leur: je suis vivant ! dit le Seigneur, l&rsquo;Eternel. <strong>Ce que je d\u00e9sire, ce n&rsquo;est pas que le m\u00e9chant meure, c&rsquo;est qu&rsquo;il change de conduite et qu&rsquo;il vive<\/strong>\u00ab\u00a0. (Ez 33:11)<\/h5><\/blockquote><p>Dieu ne d\u00e9sire pas que le \u00ab m\u00e9chant \u00bb meure mais qu\u2019Il vive ! Sa main est toujours tendue ! A nous de la saisir et d\u2019interc\u00e9der pour tous ceux qui autour de nous souffrent, comme nous-m\u00eames nous souffrons, des cons\u00e9quences de cette pand\u00e9mie. Prions qu\u2019ils soient soulag\u00e9s, comme nous, dans leur \u00e9preuve et que celle-ci les am\u00e8ne, par notre pr\u00e9sence de sentinelle aimante et efficace \u00e0 Le rencontrer ! C\u2019est ce que nous voulons prier cette semaine afin que la gloire de Dieu se r\u00e9v\u00e8le au milieu de cette \u00e9preuve et qu\u2019Il am\u00e8ne beaucoup de nos contemporains \u00e0 le reconnaitre et \u00e0 r\u00e9former leurs voies.<\/p><div><h4><span style=\"color: #f06b04\">SUJETS DE PRIERE\u00a0 &#8211; ITINERAIRE 2<\/span><\/h4><div><em>Voici rang\u00e9s par cat\u00e9gories et par jour, les diff\u00e9rents sujets de pri\u00e8re que nous vous proposons. Ils sont forc\u00e9ment restreints car nous ne disposons que de 7 jours ! Sentez-vous donc libres d\u2019y rajouter tout ce que le Saint-Esprit vous inspire et toutes les situations critiques que vous c\u00f4toyez au jour le jour dans vos diff\u00e9rents environnements et contextes professionnels. <\/em><\/div><\/div><div>\u00a0<\/div><\/div>\t\t\t\t\t\t\t\t<\/div>\n\t\t\t\t<\/div>\n\t\t\t\t\t<\/div>\n\t\t<\/div>\n\t\t\t\t\t<\/div>\n\t\t<\/section>\n\t\t\t\t<section data-particle_enable=\"false\" data-particle-mobile-disabled=\"false\" class=\"elementor-section elementor-top-section elementor-element elementor-element-4415558 elementor-section-boxed elementor-section-height-default elementor-section-height-default\" data-id=\"4415558\" data-element_type=\"section\" data-settings=\"{&quot;background_background&quot;:&quot;classic&quot;}\">\n\t\t\t\t\t\t<div class=\"elementor-container elementor-column-gap-default\">\n\t\t\t\t\t<div class=\"elementor-column elementor-col-50 elementor-top-column elementor-element elementor-element-5d13f82\" data-id=\"5d13f82\" data-element_type=\"column\">\n\t\t\t<div class=\"elementor-widget-wrap elementor-element-populated\">\n\t\t\t\t\t\t<div class=\"elementor-element elementor-element-65d3bbb elementor-widget elementor-widget-text-editor\" data-id=\"65d3bbb\" data-element_type=\"widget\" data-widget_type=\"text-editor.default\">\n\t\t\t\t<div class=\"elementor-widget-container\">\n\t\t\t\t\t\t\t\t\t<p><span style=\"color: #f06b04\"><strong>JOUR 1 &#8211; Itin\u00e9raire 2<\/strong><\/span><\/p><p><strong>Prions pour la responsabilit\u00e9 civique de nos concitoyens.<\/strong> La longueur de la pand\u00e9mie a us\u00e9 les r\u00e9sistances et la vigilance se rel\u00e2che. Les pol\u00e9miques se multiplient \u00e0 propos du gouvernement ou des vaccins. Prions pour les autorit\u00e9s en charge des d\u00e9cisions afin que la sagesse de Dieu mais aussi le bien commun les inspirent. Prions pour la paix civile car d\u2019elle d\u00e9pend la prosp\u00e9rit\u00e9 de l\u2019Eglise (1 Tim 2:2)<\/p>\t\t\t\t\t\t\t\t<\/div>\n\t\t\t\t<\/div>\n\t\t\t\t\t<\/div>\n\t\t<\/div>\n\t\t\t\t<div class=\"elementor-column elementor-col-50 elementor-top-column elementor-element elementor-element-b12bd55\" data-id=\"b12bd55\" data-element_type=\"column\">\n\t\t\t<div class=\"elementor-widget-wrap elementor-element-populated\">\n\t\t\t\t\t\t<div class=\"elementor-element elementor-element-0c7e391 elementor-widget elementor-widget-text-editor\" data-id=\"0c7e391\" data-element_type=\"widget\" data-widget_type=\"text-editor.default\">\n\t\t\t\t<div class=\"elementor-widget-container\">\n\t\t\t\t\t\t\t\t\t<p><span style=\"color: #f06b04\"><strong>JOUR 2 &#8211; Itin\u00e9raire 2<\/strong><\/span><\/p><p><strong>Prions pour les soignants<\/strong>. Comme en mars 2020, le secteur m\u00e9dical est mis \u00e0 rude \u00e9preuve mais cette fois-ci, les autorit\u00e9s et le pays semblent bien moins conciliants \u00e0 leurs \u00e9gards ! Alors que la charge de travail et les situations difficiles sont aussi lourdes ! Prions que le Seigneur les assiste et renouvelle leurs forces. Prions pour tous les chr\u00e9tiens \u0153uvrant dans ce secteur afin qu\u2019ils soient les sentinelles que le Seigneur y a plac\u00e9es.<\/p>\t\t\t\t\t\t\t\t<\/div>\n\t\t\t\t<\/div>\n\t\t\t\t\t<\/div>\n\t\t<\/div>\n\t\t\t\t\t<\/div>\n\t\t<\/section>\n\t\t\t\t<section data-particle_enable=\"false\" data-particle-mobile-disabled=\"false\" class=\"elementor-section elementor-top-section elementor-element elementor-element-dc07669 elementor-section-boxed elementor-section-height-default elementor-section-height-default\" data-id=\"dc07669\" data-element_type=\"section\" data-settings=\"{&quot;background_background&quot;:&quot;classic&quot;}\">\n\t\t\t\t\t\t<div class=\"elementor-container elementor-column-gap-default\">\n\t\t\t\t\t<div class=\"elementor-column elementor-col-50 elementor-top-column elementor-element elementor-element-02a7183\" data-id=\"02a7183\" data-element_type=\"column\">\n\t\t\t<div class=\"elementor-widget-wrap elementor-element-populated\">\n\t\t\t\t\t\t<div class=\"elementor-element elementor-element-49f96f2 elementor-widget elementor-widget-text-editor\" data-id=\"49f96f2\" data-element_type=\"widget\" data-widget_type=\"text-editor.default\">\n\t\t\t\t<div class=\"elementor-widget-container\">\n\t\t\t\t\t\t\t\t\t<p><span style=\"color: #f06b04\"><strong>JOUR 3 &#8211; Itin\u00e9raire 2<\/strong><\/span><\/p><p><strong>Demandons la gr\u00e2ce de Dieu sur notre pays afin que la pand\u00e9mie recule !<\/strong> (2 Ch 7:14) Le Seigneur ne d\u00e9sire pas la mort du m\u00e9chant mais qu\u2019il vive ! Interc\u00e9dons pour les malades afin qu\u2019ils re\u00e7oivent les soins dont ils ont besoin et qu\u2019ils entendent la voix du Seigneur dans leur faiblesse. Prions pour un d\u00e9ploiement optimal de la campagne de vaccination et remercions le Seigneur de pouvoir vivre dans un pays o\u00f9 tous ces soins sont accessibles.<\/p>\t\t\t\t\t\t\t\t<\/div>\n\t\t\t\t<\/div>\n\t\t\t\t\t<\/div>\n\t\t<\/div>\n\t\t\t\t<div class=\"elementor-column elementor-col-50 elementor-top-column elementor-element elementor-element-a5e3afd\" data-id=\"a5e3afd\" data-element_type=\"column\">\n\t\t\t<div class=\"elementor-widget-wrap elementor-element-populated\">\n\t\t\t\t\t\t<div class=\"elementor-element elementor-element-50c8f57 elementor-widget elementor-widget-text-editor\" data-id=\"50c8f57\" data-element_type=\"widget\" data-widget_type=\"text-editor.default\">\n\t\t\t\t<div class=\"elementor-widget-container\">\n\t\t\t\t\t\t\t\t\t<p><span style=\"color: #f06b04\"><strong>JOUR 4 &#8211; Itin\u00e9raire 2<\/strong><\/span><\/p><p><strong>Prions pour tous les professionnels dont l\u2019activit\u00e9 a \u00e9t\u00e9 jug\u00e9 \u00abnon-essentielle\u00bb<\/strong> (petits commerces, tourisme, monde du spectacle \u2026). Priez pour ceux que vous connaissez personnellement dans cette situation, qu\u2019ils soient chr\u00e9tiens ou non-chr\u00e9tiens. Prions qu\u2019ils soient prot\u00e9g\u00e9s du d\u00e9sespoir et qu\u2019ils trouvent, une main secourable pour les assister.<\/p>\t\t\t\t\t\t\t\t<\/div>\n\t\t\t\t<\/div>\n\t\t\t\t\t<\/div>\n\t\t<\/div>\n\t\t\t\t\t<\/div>\n\t\t<\/section>\n\t\t\t\t<section data-particle_enable=\"false\" data-particle-mobile-disabled=\"false\" class=\"elementor-section elementor-top-section elementor-element elementor-element-968d6f6 elementor-section-boxed elementor-section-height-default elementor-section-height-default\" data-id=\"968d6f6\" data-element_type=\"section\" data-settings=\"{&quot;background_background&quot;:&quot;classic&quot;}\">\n\t\t\t\t\t\t<div class=\"elementor-container elementor-column-gap-default\">\n\t\t\t\t\t<div class=\"elementor-column elementor-col-50 elementor-top-column elementor-element elementor-element-0420e1c\" data-id=\"0420e1c\" data-element_type=\"column\">\n\t\t\t<div class=\"elementor-widget-wrap elementor-element-populated\">\n\t\t\t\t\t\t<div class=\"elementor-element elementor-element-66c053e elementor-widget elementor-widget-text-editor\" data-id=\"66c053e\" data-element_type=\"widget\" data-widget_type=\"text-editor.default\">\n\t\t\t\t<div class=\"elementor-widget-container\">\n\t\t\t\t\t\t\t\t\t<p><span style=\"color: #f06b04\"><strong>JOUR 5 &#8211; Itin\u00e9raire 2<\/strong><\/span><\/p><p><strong>Prions pour toutes les personnes qui ont \u00e9t\u00e9 plong\u00e9es par la crise dans une situation de pr\u00e9carit\u00e9 financi\u00e8re mais aussi psychologique<\/strong> : les personnes isol\u00e9es, les personnes ayant perdu leur emploi, les familles dysfonctionnelles forc\u00e9es \u00e0 un confinement malsain, les personnes dont les soins ont \u00e9t\u00e9 d\u00e9grad\u00e9s, les \u00e9tudiants \u2026 Ajoutez vos propres noms \u00e0 cette liste et priez de fa\u00e7on pr\u00e9cise pour eux.<\/p>\t\t\t\t\t\t\t\t<\/div>\n\t\t\t\t<\/div>\n\t\t\t\t\t<\/div>\n\t\t<\/div>\n\t\t\t\t<div class=\"elementor-column elementor-col-50 elementor-top-column elementor-element elementor-element-1b5cb8f\" data-id=\"1b5cb8f\" data-element_type=\"column\">\n\t\t\t<div class=\"elementor-widget-wrap elementor-element-populated\">\n\t\t\t\t\t\t<div class=\"elementor-element elementor-element-ab9359a elementor-widget elementor-widget-text-editor\" data-id=\"ab9359a\" data-element_type=\"widget\" data-widget_type=\"text-editor.default\">\n\t\t\t\t<div class=\"elementor-widget-container\">\n\t\t\t\t\t\t\t\t\t<p><span style=\"color: #f06b04\"><strong>JOUR 6 &#8211; Itin\u00e9raire 2<\/strong><\/span><\/p><p><strong>Remercions le Seigneur pour toutes les aides sanitaires, sociales et \u00e9conomiques dont peuvent b\u00e9n\u00e9ficier les citoyens de notre pays.<\/strong> Prions que nous, les chr\u00e9tiens en soyons de fid\u00e8les dispensateurs et que nous mettions en place des m\u00e9canismes de solidarit\u00e9 au sein de nos \u00e9glises, de nos entreprises et de nos quartiers qui manifestent l\u2019amour de Dieu.<\/p>\t\t\t\t\t\t\t\t<\/div>\n\t\t\t\t<\/div>\n\t\t\t\t\t<\/div>\n\t\t<\/div>\n\t\t\t\t\t<\/div>\n\t\t<\/section>\n\t\t\t\t<section data-particle_enable=\"false\" data-particle-mobile-disabled=\"false\" class=\"elementor-section elementor-top-section elementor-element elementor-element-fa86feb elementor-section-boxed elementor-section-height-default elementor-section-height-default\" data-id=\"fa86feb\" data-element_type=\"section\" data-settings=\"{&quot;background_background&quot;:&quot;classic&quot;}\">\n\t\t\t\t\t\t<div class=\"elementor-container elementor-column-gap-default\">\n\t\t\t\t\t<div class=\"elementor-column elementor-col-50 elementor-top-column elementor-element elementor-element-598d335\" data-id=\"598d335\" data-element_type=\"column\">\n\t\t\t<div class=\"elementor-widget-wrap elementor-element-populated\">\n\t\t\t\t\t\t<div class=\"elementor-element elementor-element-7ef825b elementor-widget elementor-widget-text-editor\" data-id=\"7ef825b\" data-element_type=\"widget\" data-widget_type=\"text-editor.default\">\n\t\t\t\t<div class=\"elementor-widget-container\">\n\t\t\t\t\t\t\t\t\t<h4><span style=\"color: #f06b04\"><strong>JOUR 7 &#8211; Itin\u00e9raire 2<\/strong><\/span><\/h4><p><strong>Prions pour nos managers et les responsables des diff\u00e9rents secteurs \u00e9conomiques<\/strong>. Ils sont si importants pour le climat social de notre pays. Prions que le Seigneur les visite afin que leurs projets se conforment au plan cr\u00e9ationnel de Dieu qui est de fournir des ressources aux \u00eatres humains dans le respect des droits individuels et la bonne sant\u00e9 de la plan\u00e8te. Prions pour qu\u2019ils posent des actes courageux et entrent dans leur mission v\u00e9ritable.<\/p><h4><a href=\"https:\/\/zoom.us\/j\/7062240438\" target=\"_blank\" rel=\"noopener\"><strong>A 12h30, \u00ab\u00a0C&rsquo;est lundi, je prie !\u00a0\u00bb<\/strong><\/a><br \/>RDV en ligne pour remettre notre semaine de travail au Seigneur \u00a0<a href=\"https:\/\/us02web.zoom.us\/j\/7062240438?pwd=cEwrWVZLRzB2eE5YQ3JlNC9kdmo1QT09&amp;amp_device_id=2640cec8-9c4a-4e80-b4f4-26aa9f4e453a&amp;amp_device_id=2640cec8-9c4a-4e80-b4f4-26aa9f4e453a\" target=\"_blank\" rel=\"noopener\">(je rejoins la salle de pri\u00e8re)\u00a0<\/a><\/h4>\t\t\t\t\t\t\t\t<\/div>\n\t\t\t\t<\/div>\n\t\t\t\t\t<\/div>\n\t\t<\/div>\n\t\t\t\t<div class=\"elementor-column elementor-col-50 elementor-top-column elementor-element elementor-element-d320bfe\" data-id=\"d320bfe\" data-element_type=\"column\">\n\t\t\t<div class=\"elementor-widget-wrap elementor-element-populated\">\n\t\t\t\t\t\t<section data-particle_enable=\"false\" data-particle-mobile-disabled=\"false\" class=\"elementor-section elementor-inner-section elementor-element elementor-element-9046c5b elementor-section-boxed elementor-section-height-default elementor-section-height-default\" data-id=\"9046c5b\" data-element_type=\"section\">\n\t\t\t\t\t\t<div class=\"elementor-container elementor-column-gap-default\">\n\t\t\t\t\t<div class=\"elementor-column elementor-col-50 elementor-inner-column elementor-element elementor-element-a5577ad\" data-id=\"a5577ad\" data-element_type=\"column\">\n\t\t\t<div class=\"elementor-widget-wrap elementor-element-populated\">\n\t\t\t\t\t\t<div class=\"elementor-element elementor-element-32cc2f7 elementor-widget elementor-widget-image\" data-id=\"32cc2f7\" data-element_type=\"widget\" data-widget_type=\"image.default\">\n\t\t\t\t<div class=\"elementor-widget-container\">\n\t\t\t\t\t\t\t\t\t\t\t\t\t\t\t\t<a href=\"https:\/\/wp-sites.ccci.org\/c-proactif\/\/wp-content\/uploads\/sites\/393\/2021\/05\/priere-secteur-medical.pdf\" target=\"_blank\">\n\t\t\t\t\t\t\t<img decoding=\"async\" src=\"https:\/\/wp-sites.ccci.org\/c-proactif\/wp-content\/uploads\/sites\/393\/2021\/05\/vignette-mini-priere-sante.png?w=551\" title=\"vignette-mini-priere-sante\" alt=\"vignette-mini-priere-sante\" loading=\"lazy\" \/>\t\t\t\t\t\t\t\t<\/a>\n\t\t\t\t\t\t\t\t\t\t\t\t\t\t\t<\/div>\n\t\t\t\t<\/div>\n\t\t\t\t\t<\/div>\n\t\t<\/div>\n\t\t\t\t<div class=\"elementor-column elementor-col-50 elementor-inner-column elementor-element elementor-element-289c8a3\" data-id=\"289c8a3\" data-element_type=\"column\">\n\t\t\t<div class=\"elementor-widget-wrap elementor-element-populated\">\n\t\t\t\t\t\t<div class=\"elementor-element elementor-element-a0c3c37 elementor-widget elementor-widget-text-editor\" data-id=\"a0c3c37\" data-element_type=\"widget\" data-widget_type=\"text-editor.default\">\n\t\t\t\t<div class=\"elementor-widget-container\">\n\t\t\t\t\t\t\t\t\t<h3 style=\"text-align: center\"><strong>PRIERE POUR LES SOIGNANTS ET LE SECTEUR DE LA SANTE<\/strong><\/h3><p><em>Cliquez sur l&rsquo;image pour t\u00e9l\u00e9charger le guide\u00a0 de pri\u00e8re d\u00e9di\u00e9 \u00e0 la Sant\u00e9<\/em><\/p>\t\t\t\t\t\t\t\t<\/div>\n\t\t\t\t<\/div>\n\t\t\t\t\t<\/div>\n\t\t<\/div>\n\t\t\t\t\t<\/div>\n\t\t<\/section>\n\t\t\t\t\t<\/div>\n\t\t<\/div>\n\t\t\t\t\t<\/div>\n\t\t<\/section>\n\t\t\t\t<\/div>\n\t\t","protected":false},"excerpt":{"rendered":"<p>7 JOURS DE PRIERE POUR NOTRE VIE PROFESSIONNELLE, NOTRE IMPACT AU TRAVAIL ET NOTRE TEMOIGNAGE ITINERAIRE 2 \u00ab\u00a0Nous sommes les sentinelles du Seigneur\u00a0\u00bb (Ez 33:7) La situation de pand\u00e9mie dans [&hellip;]<\/p>\n","protected":false},"author":14333,"featured_media":5589,"parent":3594,"menu_order":0,"comment_status":"closed","ping_status":"closed","template":"","meta":{"site-sidebar-layout":"default","site-content-layout":"default","ast-site-content-layout":"default","site-content-style":"default","site-sidebar-style":"default","ast-global-header-display":"","ast-banner-title-visibility":"","ast-main-header-display":"","ast-hfb-above-header-display":"","ast-hfb-below-header-display":"","ast-hfb-mobile-header-display":"","site-post-title":"","ast-breadcrumbs-content":"","ast-featured-img":"disabled","footer-sml-layout":"","ast-disable-related-posts":"","theme-transparent-header-meta":"default","adv-header-id-meta":"","stick-header-meta":"","header-above-stick-meta":"","header-main-stick-meta":"","header-below-stick-meta":"","astra-migrate-meta-layouts":"set","ast-page-background-enabled":"default","ast-page-background-meta":{"desktop":{"background-color":"","background-image":"","background-repeat":"repeat","background-position":"center center","background-size":"auto","background-attachment":"scroll","background-type":"","background-media":"","overlay-type":"","overlay-color":"","overlay-opacity":"","overlay-gradient":""},"tablet":{"background-color":"","background-image":"","background-repeat":"repeat","background-position":"center center","background-size":"auto","background-attachment":"scroll","background-type":"","background-media":"","overlay-type":"","overlay-color":"","overlay-opacity":"","overlay-gradient":""},"mobile":{"background-color":"","background-image":"","background-repeat":"repeat","background-position":"center center","background-size":"auto","background-attachment":"scroll","background-type":"","background-media":"","overlay-type":"","overlay-color":"","overlay-opacity":"","overlay-gradient":""}},"ast-content-background-meta":{"desktop":{"background-color":"var(--ast-global-color-5)","background-image":"","background-repeat":"repeat","background-position":"center center","background-size":"auto","background-attachment":"scroll","background-type":"","background-media":"","overlay-type":"","overlay-color":"","overlay-opacity":"","overlay-gradient":""},"tablet":{"background-color":"var(--ast-global-color-5)","background-image":"","background-repeat":"repeat","background-position":"center center","background-size":"auto","background-attachment":"scroll","background-type":"","background-media":"","overlay-type":"","overlay-color":"","overlay-opacity":"","overlay-gradient":""},"mobile":{"background-color":"var(--ast-global-color-5)","background-image":"","background-repeat":"repeat","background-position":"center center","background-size":"auto","background-attachment":"scroll","background-type":"","background-media":"","overlay-type":"","overlay-color":"","overlay-opacity":"","overlay-gradient":""}},"footnotes":""},"class_list":["post-7012","page","type-page","status-publish","has-post-thumbnail","hentry"],"yoast_head":"<!-- This site is optimized with the Yoast SEO plugin v26.7 - https:\/\/yoast.com\/wordpress\/plugins\/seo\/ -->\n<title>Itin\u00e9raire de 7 jours - 2 : &quot;Nous sommes les sentinelles du Seigneur&quot; - C-PROACTIF<\/title>\n<meta name=\"description\" content=\"Les sujets de pri\u00e8re de la deuxi\u00e8me semaine de notre campagne de 21 jours de pri\u00e8re pour le travail. Theme : Sentinelles du Seigneur !\" \/>\n<meta name=\"robots\" content=\"noindex, follow, max-snippet:-1, max-image-preview:large, max-video-preview:-1\" \/>\n<meta property=\"og:locale\" content=\"fr_FR\" \/>\n<meta property=\"og:type\" content=\"article\" \/>\n<meta property=\"og:title\" content=\"Itin\u00e9raire de 7 jours - 2 : &quot;Nous sommes les sentinelles du Seigneur&quot; - C-PROACTIF\" \/>\n<meta property=\"og:description\" content=\"Les sujets de pri\u00e8re de la deuxi\u00e8me semaine de notre campagne de 21 jours de pri\u00e8re pour le travail. Theme : Sentinelles du Seigneur !\" \/>\n<meta property=\"og:url\" content=\"https:\/\/wp-sites.ccci.org\/c-proactif\/priere\/priere-itineraire2\/\" \/>\n<meta property=\"og:site_name\" content=\"C-PROACTIF\" \/>\n<meta property=\"article:modified_time\" content=\"2024-10-11T10:28:05+00:00\" \/>\n<meta property=\"og:image\" content=\"https:\/\/wp-sites.ccci.org\/c-proactif\/wp-content\/uploads\/sites\/393\/2021\/05\/vignette-mini-priere-sante.png\" \/>\n\t<meta property=\"og:image:width\" content=\"551\" \/>\n\t<meta property=\"og:image:height\" content=\"367\" \/>\n\t<meta property=\"og:image:type\" content=\"image\/png\" \/>\n<meta name=\"twitter:card\" content=\"summary_large_image\" \/>\n<meta name=\"twitter:label1\" content=\"Dur\u00e9e de lecture estim\u00e9e\" \/>\n\t<meta name=\"twitter:data1\" content=\"6 minutes\" \/>\n<script type=\"application\/ld+json\" class=\"yoast-schema-graph\">{\"@context\":\"https:\/\/schema.org\",\"@graph\":[{\"@type\":\"WebPage\",\"@id\":\"https:\/\/wp-sites.ccci.org\/c-proactif\/priere\/priere-itineraire2\/\",\"url\":\"https:\/\/wp-sites.ccci.org\/c-proactif\/priere\/priere-itineraire2\/\",\"name\":\"Itin\u00e9raire de 7 jours - 2 : \\\"Nous sommes les sentinelles du Seigneur\\\" - C-PROACTIF\",\"isPartOf\":{\"@id\":\"https:\/\/wp-sites.ccci.org\/c-proactif\/#website\"},\"primaryImageOfPage\":{\"@id\":\"https:\/\/wp-sites.ccci.org\/c-proactif\/priere\/priere-itineraire2\/#primaryimage\"},\"image\":{\"@id\":\"https:\/\/wp-sites.ccci.org\/c-proactif\/priere\/priere-itineraire2\/#primaryimage\"},\"thumbnailUrl\":\"https:\/\/wp-sites.ccci.org\/c-proactif\/wp-content\/uploads\/sites\/393\/2021\/05\/vignette-mini-priere-sante.png\",\"datePublished\":\"2021-04-07T08:24:25+00:00\",\"dateModified\":\"2024-10-11T10:28:05+00:00\",\"description\":\"Les sujets de pri\u00e8re de la deuxi\u00e8me semaine de notre campagne de 21 jours de pri\u00e8re pour le travail. Theme : Sentinelles du Seigneur !\",\"breadcrumb\":{\"@id\":\"https:\/\/wp-sites.ccci.org\/c-proactif\/priere\/priere-itineraire2\/#breadcrumb\"},\"inLanguage\":\"fr-FR\",\"potentialAction\":[{\"@type\":\"ReadAction\",\"target\":[\"https:\/\/wp-sites.ccci.org\/c-proactif\/priere\/priere-itineraire2\/\"]}]},{\"@type\":\"ImageObject\",\"inLanguage\":\"fr-FR\",\"@id\":\"https:\/\/wp-sites.ccci.org\/c-proactif\/priere\/priere-itineraire2\/#primaryimage\",\"url\":\"https:\/\/wp-sites.ccci.org\/c-proactif\/wp-content\/uploads\/sites\/393\/2021\/05\/vignette-mini-priere-sante.png\",\"contentUrl\":\"https:\/\/wp-sites.ccci.org\/c-proactif\/wp-content\/uploads\/sites\/393\/2021\/05\/vignette-mini-priere-sante.png\",\"width\":551,\"height\":367},{\"@type\":\"BreadcrumbList\",\"@id\":\"https:\/\/wp-sites.ccci.org\/c-proactif\/priere\/priere-itineraire2\/#breadcrumb\",\"itemListElement\":[{\"@type\":\"ListItem\",\"position\":1,\"name\":\"Accueil\",\"item\":\"https:\/\/wp-sites.ccci.org\/c-proactif\/\"},{\"@type\":\"ListItem\",\"position\":2,\"name\":\"Prier pour notre vie professionnelle\",\"item\":\"https:\/\/wp-sites.ccci.org\/c-proactif\/priere\/\"},{\"@type\":\"ListItem\",\"position\":3,\"name\":\"Itin\u00e9raire de 7 jours &#8211; 2 : \u00ab\u00a0Nous sommes les sentinelles du Seigneur\u00a0\u00bb\"}]},{\"@type\":\"WebSite\",\"@id\":\"https:\/\/wp-sites.ccci.org\/c-proactif\/#website\",\"url\":\"https:\/\/wp-sites.ccci.org\/c-proactif\/\",\"name\":\"C-PROACTIF\",\"description\":\"R\u00e9seau professionnel chr\u00e9tien\",\"publisher\":{\"@id\":\"https:\/\/wp-sites.ccci.org\/c-proactif\/#organization\"},\"potentialAction\":[{\"@type\":\"SearchAction\",\"target\":{\"@type\":\"EntryPoint\",\"urlTemplate\":\"https:\/\/wp-sites.ccci.org\/c-proactif\/?s={search_term_string}\"},\"query-input\":{\"@type\":\"PropertyValueSpecification\",\"valueRequired\":true,\"valueName\":\"search_term_string\"}}],\"inLanguage\":\"fr-FR\"},{\"@type\":\"Organization\",\"@id\":\"https:\/\/wp-sites.ccci.org\/c-proactif\/#organization\",\"name\":\"C-PROACTIF\",\"url\":\"https:\/\/wp-sites.ccci.org\/c-proactif\/\",\"logo\":{\"@type\":\"ImageObject\",\"inLanguage\":\"fr-FR\",\"@id\":\"https:\/\/wp-sites.ccci.org\/c-proactif\/#\/schema\/logo\/image\/\",\"url\":\"https:\/\/wp-sites.ccci.org\/c-proactif\/wp-content\/uploads\/sites\/393\/2021\/05\/logo-baseline-blanc-300.png\",\"contentUrl\":\"https:\/\/wp-sites.ccci.org\/c-proactif\/wp-content\/uploads\/sites\/393\/2021\/05\/logo-baseline-blanc-300.png\",\"width\":300,\"height\":113,\"caption\":\"C-PROACTIF\"},\"image\":{\"@id\":\"https:\/\/wp-sites.ccci.org\/c-proactif\/#\/schema\/logo\/image\/\"}}]}<\/script>\n<!-- \/ Yoast SEO plugin. -->","yoast_head_json":{"title":"Itin\u00e9raire de 7 jours - 2 : \"Nous sommes les sentinelles du Seigneur\" - C-PROACTIF","description":"Les sujets de pri\u00e8re de la deuxi\u00e8me semaine de notre campagne de 21 jours de pri\u00e8re pour le travail. Theme : Sentinelles du Seigneur !","robots":{"index":"noindex","follow":"follow","max-snippet":"max-snippet:-1","max-image-preview":"max-image-preview:large","max-video-preview":"max-video-preview:-1"},"og_locale":"fr_FR","og_type":"article","og_title":"Itin\u00e9raire de 7 jours - 2 : \"Nous sommes les sentinelles du Seigneur\" - C-PROACTIF","og_description":"Les sujets de pri\u00e8re de la deuxi\u00e8me semaine de notre campagne de 21 jours de pri\u00e8re pour le travail. Theme : Sentinelles du Seigneur !","og_url":"https:\/\/wp-sites.ccci.org\/c-proactif\/priere\/priere-itineraire2\/","og_site_name":"C-PROACTIF","article_modified_time":"2024-10-11T10:28:05+00:00","og_image":[{"width":551,"height":367,"url":"https:\/\/wp-sites.ccci.org\/c-proactif\/wp-content\/uploads\/sites\/393\/2021\/05\/vignette-mini-priere-sante.png","type":"image\/png"}],"twitter_card":"summary_large_image","twitter_misc":{"Dur\u00e9e de lecture estim\u00e9e":"6 minutes"},"schema":{"@context":"https:\/\/schema.org","@graph":[{"@type":"WebPage","@id":"https:\/\/wp-sites.ccci.org\/c-proactif\/priere\/priere-itineraire2\/","url":"https:\/\/wp-sites.ccci.org\/c-proactif\/priere\/priere-itineraire2\/","name":"Itin\u00e9raire de 7 jours - 2 : \"Nous sommes les sentinelles du Seigneur\" - C-PROACTIF","isPartOf":{"@id":"https:\/\/wp-sites.ccci.org\/c-proactif\/#website"},"primaryImageOfPage":{"@id":"https:\/\/wp-sites.ccci.org\/c-proactif\/priere\/priere-itineraire2\/#primaryimage"},"image":{"@id":"https:\/\/wp-sites.ccci.org\/c-proactif\/priere\/priere-itineraire2\/#primaryimage"},"thumbnailUrl":"https:\/\/wp-sites.ccci.org\/c-proactif\/wp-content\/uploads\/sites\/393\/2021\/05\/vignette-mini-priere-sante.png","datePublished":"2021-04-07T08:24:25+00:00","dateModified":"2024-10-11T10:28:05+00:00","description":"Les sujets de pri\u00e8re de la deuxi\u00e8me semaine de notre campagne de 21 jours de pri\u00e8re pour le travail. Theme : Sentinelles du Seigneur !","breadcrumb":{"@id":"https:\/\/wp-sites.ccci.org\/c-proactif\/priere\/priere-itineraire2\/#breadcrumb"},"inLanguage":"fr-FR","potentialAction":[{"@type":"ReadAction","target":["https:\/\/wp-sites.ccci.org\/c-proactif\/priere\/priere-itineraire2\/"]}]},{"@type":"ImageObject","inLanguage":"fr-FR","@id":"https:\/\/wp-sites.ccci.org\/c-proactif\/priere\/priere-itineraire2\/#primaryimage","url":"https:\/\/wp-sites.ccci.org\/c-proactif\/wp-content\/uploads\/sites\/393\/2021\/05\/vignette-mini-priere-sante.png","contentUrl":"https:\/\/wp-sites.ccci.org\/c-proactif\/wp-content\/uploads\/sites\/393\/2021\/05\/vignette-mini-priere-sante.png","width":551,"height":367},{"@type":"BreadcrumbList","@id":"https:\/\/wp-sites.ccci.org\/c-proactif\/priere\/priere-itineraire2\/#breadcrumb","itemListElement":[{"@type":"ListItem","position":1,"name":"Accueil","item":"https:\/\/wp-sites.ccci.org\/c-proactif\/"},{"@type":"ListItem","position":2,"name":"Prier pour notre vie professionnelle","item":"https:\/\/wp-sites.ccci.org\/c-proactif\/priere\/"},{"@type":"ListItem","position":3,"name":"Itin\u00e9raire de 7 jours &#8211; 2 : \u00ab\u00a0Nous sommes les sentinelles du Seigneur\u00a0\u00bb"}]},{"@type":"WebSite","@id":"https:\/\/wp-sites.ccci.org\/c-proactif\/#website","url":"https:\/\/wp-sites.ccci.org\/c-proactif\/","name":"C-PROACTIF","description":"R\u00e9seau professionnel chr\u00e9tien","publisher":{"@id":"https:\/\/wp-sites.ccci.org\/c-proactif\/#organization"},"potentialAction":[{"@type":"SearchAction","target":{"@type":"EntryPoint","urlTemplate":"https:\/\/wp-sites.ccci.org\/c-proactif\/?s={search_term_string}"},"query-input":{"@type":"PropertyValueSpecification","valueRequired":true,"valueName":"search_term_string"}}],"inLanguage":"fr-FR"},{"@type":"Organization","@id":"https:\/\/wp-sites.ccci.org\/c-proactif\/#organization","name":"C-PROACTIF","url":"https:\/\/wp-sites.ccci.org\/c-proactif\/","logo":{"@type":"ImageObject","inLanguage":"fr-FR","@id":"https:\/\/wp-sites.ccci.org\/c-proactif\/#\/schema\/logo\/image\/","url":"https:\/\/wp-sites.ccci.org\/c-proactif\/wp-content\/uploads\/sites\/393\/2021\/05\/logo-baseline-blanc-300.png","contentUrl":"https:\/\/wp-sites.ccci.org\/c-proactif\/wp-content\/uploads\/sites\/393\/2021\/05\/logo-baseline-blanc-300.png","width":300,"height":113,"caption":"C-PROACTIF"},"image":{"@id":"https:\/\/wp-sites.ccci.org\/c-proactif\/#\/schema\/logo\/image\/"}}]}},"meta_box":[],"_links":{"self":[{"href":"https:\/\/wp-sites.ccci.org\/c-proactif\/wp-json\/wp\/v2\/pages\/7012","targetHints":{"allow":["GET"]}}],"collection":[{"href":"https:\/\/wp-sites.ccci.org\/c-proactif\/wp-json\/wp\/v2\/pages"}],"about":[{"href":"https:\/\/wp-sites.ccci.org\/c-proactif\/wp-json\/wp\/v2\/types\/page"}],"author":[{"embeddable":true,"href":"https:\/\/wp-sites.ccci.org\/c-proactif\/wp-json\/wp\/v2\/users\/14333"}],"replies":[{"embeddable":true,"href":"https:\/\/wp-sites.ccci.org\/c-proactif\/wp-json\/wp\/v2\/comments?post=7012"}],"version-history":[{"count":6,"href":"https:\/\/wp-sites.ccci.org\/c-proactif\/wp-json\/wp\/v2\/pages\/7012\/revisions"}],"predecessor-version":[{"id":15534,"href":"https:\/\/wp-sites.ccci.org\/c-proactif\/wp-json\/wp\/v2\/pages\/7012\/revisions\/15534"}],"up":[{"embeddable":true,"href":"https:\/\/wp-sites.ccci.org\/c-proactif\/wp-json\/wp\/v2\/pages\/3594"}],"wp:featuredmedia":[{"embeddable":true,"href":"https:\/\/wp-sites.ccci.org\/c-proactif\/wp-json\/wp\/v2\/media\/5589"}],"wp:attachment":[{"href":"https:\/\/wp-sites.ccci.org\/c-proactif\/wp-json\/wp\/v2\/media?parent=7012"}],"curies":[{"name":"wp","href":"https:\/\/api.w.org\/{rel}","templated":true}]}}