{"id":822,"date":"2019-08-15T12:22:57","date_gmt":"2019-08-15T10:22:57","guid":{"rendered":"https:\/\/test.c-proactif.org\/?page_id=822"},"modified":"2021-07-29T18:02:46","modified_gmt":"2021-07-29T18:02:46","slug":"forum-mondial-du-travail","status":"publish","type":"page","link":"https:\/\/wp-sites.ccci.org\/c-proactif\/forum-mondial-du-travail\/","title":{"rendered":"Le Forum Mondial du Travail &#8211; Comit\u00e9 de Lausanne"},"content":{"rendered":"\t\t<div data-elementor-type=\"wp-post\" data-elementor-id=\"822\" class=\"elementor elementor-822\" data-elementor-post-type=\"page\">\n\t\t\t\t\t\t<section data-particle_enable=\"false\" data-particle-mobile-disabled=\"false\" class=\"elementor-section elementor-top-section elementor-element elementor-element-191a814 elementor-section-content-middle section-image-left elementor-section-boxed elementor-section-height-default elementor-section-height-default\" data-id=\"191a814\" data-element_type=\"section\" data-settings=\"{&quot;background_background&quot;:&quot;classic&quot;}\">\n\t\t\t\t\t\t\t<div class=\"elementor-background-overlay\"><\/div>\n\t\t\t\t\t\t\t<div class=\"elementor-container elementor-column-gap-no\">\n\t\t\t\t\t<div class=\"elementor-column elementor-col-50 elementor-top-column elementor-element elementor-element-7588421\" data-id=\"7588421\" data-element_type=\"column\" data-settings=\"{&quot;background_background&quot;:&quot;classic&quot;}\">\n\t\t\t<div class=\"elementor-widget-wrap elementor-element-populated\">\n\t\t\t\t\t\t\t<\/div>\n\t\t<\/div>\n\t\t\t\t<div class=\"elementor-column elementor-col-50 elementor-top-column elementor-element elementor-element-231c7e3\" data-id=\"231c7e3\" data-element_type=\"column\" data-settings=\"{&quot;background_background&quot;:&quot;classic&quot;}\">\n\t\t\t<div class=\"elementor-widget-wrap elementor-element-populated\">\n\t\t\t\t\t\t<div class=\"elementor-element elementor-element-2ca0a48 epigraph elementor-widget elementor-widget-heading\" data-id=\"2ca0a48\" data-element_type=\"widget\" data-widget_type=\"heading.default\">\n\t\t\t\t<div class=\"elementor-widget-container\">\n\t\t\t\t\t<p class=\"elementor-heading-title elementor-size-default\">\u00ab La prochaine grande \u0153uvre de Dieu s\u2019accomplira par les croyants sur leur lieu de travail \u00bb<\/p>\t\t\t\t<\/div>\n\t\t\t\t<\/div>\n\t\t\t\t<div class=\"elementor-element elementor-element-f71addf elementor-widget elementor-widget-text-editor\" data-id=\"f71addf\" data-element_type=\"widget\" data-widget_type=\"text-editor.default\">\n\t\t\t\t<div class=\"elementor-widget-container\">\n\t\t\t\t\t\t\t\t\t<p style=\"text-align: center\">Billy GRAHAM &#8211; Fondateur du Mouvement de Lausanne\u00a0<\/p>\t\t\t\t\t\t\t\t<\/div>\n\t\t\t\t<\/div>\n\t\t\t\t\t<\/div>\n\t\t<\/div>\n\t\t\t\t\t<\/div>\n\t\t<\/section>\n\t\t\t\t<section data-particle_enable=\"false\" data-particle-mobile-disabled=\"false\" class=\"elementor-section elementor-top-section elementor-element elementor-element-67a5f44 elementor-section-boxed elementor-section-height-default elementor-section-height-default\" data-id=\"67a5f44\" data-element_type=\"section\">\n\t\t\t\t\t\t<div class=\"elementor-container elementor-column-gap-default\">\n\t\t\t\t\t<div class=\"elementor-column elementor-col-100 elementor-top-column elementor-element elementor-element-9a80954\" data-id=\"9a80954\" data-element_type=\"column\">\n\t\t\t<div class=\"elementor-widget-wrap elementor-element-populated\">\n\t\t\t\t\t\t<div class=\"elementor-element elementor-element-bc3af28 elementor-widget elementor-widget-text-editor\" data-id=\"bc3af28\" data-element_type=\"widget\" data-widget_type=\"text-editor.default\">\n\t\t\t\t<div class=\"elementor-widget-container\">\n\t\t\t\t\t\t\t\t\t<h2 style=\"text-align: left\">Le Mouvement de Lausanne et l&rsquo;Engagement du Cap<\/h2><p style=\"text-align: left\">Le Mouvement de Lausanne cr\u00e9\u00e9 en 1974 par Billy Graham s\u2019est donn\u00e9 pour mission de \u00ab\u00a0<strong>mobiliser toute l\u2019Eglise<\/strong> pour annoncer <strong>tout l\u2019Evangile<\/strong> \u00e0 <strong>tous les \u00eatres humains\u00a0\u00bb.\u00a0<\/strong><\/p><p>Lors de son troisi\u00e8me congr\u00e8s pour l\u2019\u00e9vang\u00e9lisation du monde qui s\u2019est tenu au Cap (Afrique du Sud) en octobre 2010, les 4200 d\u00e9l\u00e9gu\u00e9s pr\u00e9sents ont produit un document de r\u00e9f\u00e9rence : <a href=\"https:\/\/www.lausanne.org\/fr\/mediatheque\/lengagement-du-cap\/engagement-du-cap\" target=\"_blank\" rel=\"noopener\">l\u2019Engagement du CAP,<\/a>\u00a0 qui s\u2019inscrit dans la droite ligne des deux documents de r\u00e9f\u00e9rence pr\u00e9c\u00e9dents : <a href=\"https:\/\/www.lausanne.org\/fr\/mediatheque\/la-declaration-de-lausanne\/la-declaration-de-lausanne\" target=\"_blank\" rel=\"noopener\">la D\u00e9claration de Lausanne<\/a> (1974) et <a href=\"https:\/\/www.lausanne.org\/fr\/mediatheque\/le-manifeste-de-manille\/manifeste-de-manille\" target=\"_blank\" rel=\"noopener\">le Manifeste de Manille<\/a> (1989).\u00a0\u00a0<span style=\"font-size: 15px\">\u00a0<\/span><\/p><p>Dans sa seconde partie, <a href=\"https:\/\/www.lausanne.org\/fr\/mediatheque\/lengagement-du-cap\/engagement-du-cap\" target=\"_blank\" rel=\"noopener\">l\u2019Engagement du CAP <\/a><span style=\"font-size: 15px\">propose des pistes d\u2019actions sur diff\u00e9rents th\u00e8mes soci\u00e9taux dont un, particuli\u00e8rement d\u00e9di\u00e9 au travail. Celui-ci sert aujourd\u2019hui de r\u00e9f\u00e9rence doctrinale et missionnelle pour tout chr\u00e9tien et responsable de communaut\u00e9, souhaitant entrer dans le projet de Dieu pour la vie du chr\u00e9tien dans son travail.\u00a0<\/span><\/p>\t\t\t\t\t\t\t\t<\/div>\n\t\t\t\t<\/div>\n\t\t\t\t\t<\/div>\n\t\t<\/div>\n\t\t\t\t\t<\/div>\n\t\t<\/section>\n\t\t\t\t<section data-particle_enable=\"false\" data-particle-mobile-disabled=\"false\" class=\"elementor-section elementor-top-section elementor-element elementor-element-e507731 dark elementor-section-boxed elementor-section-height-default elementor-section-height-default\" data-id=\"e507731\" data-element_type=\"section\" data-settings=\"{&quot;background_background&quot;:&quot;classic&quot;}\">\n\t\t\t\t\t\t<div class=\"elementor-container elementor-column-gap-default\">\n\t\t\t\t\t<div class=\"elementor-column elementor-col-50 elementor-top-column elementor-element elementor-element-763563b\" data-id=\"763563b\" data-element_type=\"column\">\n\t\t\t<div class=\"elementor-widget-wrap elementor-element-populated\">\n\t\t\t\t\t\t<div class=\"elementor-element elementor-element-9fb702c elementor-widget elementor-widget-text-editor\" data-id=\"9fb702c\" data-element_type=\"widget\" data-widget_type=\"text-editor.default\">\n\t\t\t\t<div class=\"elementor-widget-container\">\n\t\t\t\t\t\t\t\t\t<h4>\u00a0<\/h4><h4>Le Forum Mondial du Travail s\u2019est d\u00e9roul\u00e9 du 19 au 25 Juin 2019 \u00e0 Manille. Il s&rsquo;agit d&rsquo;une initiative unique du Mouvement de Lausanne.<\/h4><div>\u00a0<\/div><p>Son objectif :\u00a0<span style=\"font-size: 15px\">Rassembler des d\u00e9l\u00e9gu\u00e9s du monde entier pour mettre en \u0153uvre <strong><a href=\"https:\/\/www.lausanne.org\/fr\/mediatheque\/lengagement-du-cap\/engagement-du-cap\" target=\"_blank\" rel=\"noopener\">les directives de l&rsquo;Engagement du Cap <\/a><\/strong>sur l\u2019implication des chr\u00e9tiens dans le monde du travail.\u00a0\u00a0<\/span><span style=\"font-size: 15px\">\u00a0<\/span><\/p>\t\t\t\t\t\t\t\t<\/div>\n\t\t\t\t<\/div>\n\t\t\t\t\t<\/div>\n\t\t<\/div>\n\t\t\t\t<div class=\"elementor-column elementor-col-50 elementor-top-column elementor-element elementor-element-1ccbedf\" data-id=\"1ccbedf\" data-element_type=\"column\">\n\t\t\t<div class=\"elementor-widget-wrap elementor-element-populated\">\n\t\t\t\t\t\t<div class=\"elementor-element elementor-element-f3282f1 elementor-widget elementor-widget-text-editor\" data-id=\"f3282f1\" data-element_type=\"widget\" data-widget_type=\"text-editor.default\">\n\t\t\t\t<div class=\"elementor-widget-container\">\n\t\t\t\t\t\t\t\t\t<p><strong>Chiffres-clefs :<\/strong><\/p><ul><li style=\"text-align: justify\">\u00a0900 participants\u00a0 + 200 autres suivant le programme en ligne\u00a0<\/li><li style=\"text-align: justify\">110 pays repr\u00e9sent\u00e9s\u00a0<\/li><li style=\"text-align: justify\">4 d\u00e9l\u00e9gu\u00e9s fran\u00e7ais (dont 3 issus du monde du travail)<\/li><li style=\"text-align: justify\">Une diversit\u00e9 de fonctions repr\u00e9sent\u00e9es : ouvriers, PDG, entrepreneurs,\u00a0 investisseurs, fonctions lib\u00e9rales\u2026<\/li><li style=\"text-align: justify\">Une diversit\u00e9 de secteurs : entreprises, sant\u00e9, services, acad\u00e9mies,\u00a0 \u00a0 \u00a0 \u00a0 \u00a0commerce, finances\u2026\u00a0 \u00a0<\/li><\/ul>\t\t\t\t\t\t\t\t<\/div>\n\t\t\t\t<\/div>\n\t\t\t\t\t<\/div>\n\t\t<\/div>\n\t\t\t\t\t<\/div>\n\t\t<\/section>\n\t\t\t\t<section data-particle_enable=\"false\" data-particle-mobile-disabled=\"false\" class=\"elementor-section elementor-top-section elementor-element elementor-element-e754de1 elementor-section-boxed elementor-section-height-default elementor-section-height-default\" data-id=\"e754de1\" data-element_type=\"section\" data-settings=\"{&quot;background_background&quot;:&quot;classic&quot;}\">\n\t\t\t\t\t\t<div class=\"elementor-container elementor-column-gap-default\">\n\t\t\t\t\t<div class=\"elementor-column elementor-col-100 elementor-top-column elementor-element elementor-element-215b27d\" data-id=\"215b27d\" data-element_type=\"column\">\n\t\t\t<div class=\"elementor-widget-wrap elementor-element-populated\">\n\t\t\t\t\t\t<div class=\"elementor-element elementor-element-b72f5ba elementor-widget elementor-widget-text-editor\" data-id=\"b72f5ba\" data-element_type=\"widget\" data-widget_type=\"text-editor.default\">\n\t\t\t\t<div class=\"elementor-widget-container\">\n\t\t\t\t\t\t\t\t\t<h2>Les directives de l\u2019Engagement du Cap sur le travail dans la perspective chr\u00e9tienne\u00a0<\/h2><h3>Etat des lieux<\/h3><p>La Bible nous montre la v\u00e9rit\u00e9 de Dieu concernant le travail humain : il fait partie du dessein bienveillant de Dieu pour la cr\u00e9ation. La Bible place la totalit\u00e9 de notre vie de travail dans la sph\u00e8re du service, parce que nous servons Dieu en travaillant, chacun selon son appel. Le mensonge d\u2019un \u00ab partage entre le sacr\u00e9 et le s\u00e9culier \u00bb devenu omnipr\u00e9sent dans la pens\u00e9e et l\u2019action de l\u2019\u00c9glise, est \u00e0 rejeter avec force. Ce partage laisse \u00e0 penser que seule l\u2019activit\u00e9 strictement religieuse appartient \u00e0 Dieu tandis que les autres activit\u00e9s ne lui appartiennent pas. Ce mensonge a pour cons\u00e9quence de laisser croire aux chr\u00e9tiens que leur travail auquel ils consacrent la majeure partie de leur temps, n\u2019a que peu de valeur spirituelle.\u00a0 Mais Dieu est Seigneur de toute la vie. \u00ab\u00a0Quel que soit votre travail, faites-le de tout votre c\u0153ur, et cela par \u00e9gard pour le Seigneur et non par \u00e9gard pour des hommes \u00ab\u00a0, dit Paul \u00e0 des esclaves du monde du travail pa\u00efen.<\/p><p>En d\u00e9pit des possibilit\u00e9s \u00e9normes d\u2019\u00e9vang\u00e9lisation et de transformation de la soci\u00e9t\u00e9 que pr\u00e9sente le monde du travail, o\u00f9 les chr\u00e9tiens entretiennent la plupart de leurs relations avec des non-chr\u00e9tiens, peu d\u2019\u00c9glises ont la vision d\u2019\u00e9quiper leurs membres pour qu\u2019ils les saisissent. Ce faisant, nous avons \u00e9chou\u00e9 \u00e0 consid\u00e9rer le travail en lui-m\u00eame comme ayant une importance intrins\u00e8que et biblique, tout comme nous avons \u00e9chou\u00e9 \u00e0 placer la totalit\u00e9 de notre vie sous la seigneurie du Christ.<\/p><h3>Nos directives<\/h3><p>A &#8211;\u00a0<strong>Nous d\u00e9clarons que le partage entre le sacr\u00e9 et le s\u00e9culier est l\u2019un des principaux obstacles \u00e0 la<\/strong>\u00a0mobilisation de tout le peuple de Dieu dans la mission de Dieu et nous en appelons aux chr\u00e9tiens du monde entier pour qu\u2019ils rejettent cette id\u00e9e toute faite qui n\u2019est pas biblique et qu\u2019ils r\u00e9sistent \u00e0 ses effets dommageables. Nous mettons en question la tendance \u00e0 consid\u00e9rer le service et la mission (tant localement que de fa\u00e7on transculturelle) comme relevant principalement du travail de responsables d\u2019\u00c9glise et de missionnaires pay\u00e9s par l\u2019\u00c9glise, qui constituent un faible pourcentage du Corps du Christ pris dans son ensemble.<\/p><p>B &#8211; <strong>Nous encourageons tous les croyants \u00e0 accepter et \u00e0 affirmer que tout travail auquel Dieu les a appel\u00e9s, quel qu\u2019en soit l\u2019endroit, constitue leur propre minist\u00e8re et<\/strong> <strong>mission journaliers.<\/strong> Nous interpellons les pasteurs et les responsables d\u2019\u00c9glise pour qu\u2019ils soutiennent les personnes engag\u00e9es dans de tels services \u2013 dans la communaut\u00e9 et dans le monde du travail \u2013 \u00ab pour que ceux qui appartiennent \u00e0 Dieu soient rendus aptes \u00e0 accomplir leur appel\u00bb \u2013 dans tous les domaines de leur vie.<\/p><p>C &#8211; <strong>Nous devons faire des efforts intensifs pour former tout le peuple de Dieu \u00e0 vivre une vie de disciple<\/strong> couvrant la totalit\u00e9 de la vie, c\u2019est-\u00e0-dire vivre, penser, travailler et parler depuis une vision du monde biblique et avec une efficacit\u00e9 missionnelle en tout lieu et en toutes circonstances de la vie et du travail quotidiens.<\/p><p>Les chr\u00e9tiens impliqu\u00e9s dans le monde du travail sont pr\u00e9sents dans tous les secteurs de la soci\u00e9t\u00e9, l\u00e0 o\u00f9 ne peuvent souvent pas aller les implanteurs d\u2019\u00c9glise et les \u00e9vang\u00e9listes. Ce que font ces \u00ab faiseurs de tentes \u00bb et hommes d\u2019affaires dans le monde du travail doit \u00eatre appr\u00e9ci\u00e9 comme un aspect du minist\u00e8re des \u00c9glises locales.<\/p><p>D &#8211; <strong>Nous exhortons vivement les responsables d\u2019\u00c9glise \u00e0 comprendre la port\u00e9e strat\u00e9gique du minist\u00e8re sur le lieu de travail et \u00e0 mobiliser, \u00e9quiper et envoyer les membres de l\u2019\u00c9glise comme des missionnaires dans le monde du travail, <\/strong>\u00e0 la fois dans leur propre communaut\u00e9 locale et dans des pays qui sont ferm\u00e9s aux formes traditionnelles de t\u00e9moignage \u00e9vang\u00e9lique.<\/p><p>E &#8211; Nous exhortons vivement les responsables de mission \u00e0 int\u00e9grer \u00e0 part enti\u00e8re les \u00ab faiseurs de tente \u00bb dans la strat\u00e9gie missionnelle mondiale.<span style=\"font-size: 15px\">\u00a0<\/span><\/p>\t\t\t\t\t\t\t\t<\/div>\n\t\t\t\t<\/div>\n\t\t\t\t\t<\/div>\n\t\t<\/div>\n\t\t\t\t\t<\/div>\n\t\t<\/section>\n\t\t\t\t<\/div>\n\t\t","protected":false},"excerpt":{"rendered":"<p>\u00ab La prochaine grande \u0153uvre de Dieu s\u2019accomplira par les croyants sur leur lieu de travail \u00bb Billy GRAHAM &#8211; Fondateur du Mouvement de Lausanne\u00a0 Le Mouvement de Lausanne et [&hellip;]<\/p>\n","protected":false},"author":14333,"featured_media":0,"parent":0,"menu_order":0,"comment_status":"closed","ping_status":"closed","template":"","meta":{"site-sidebar-layout":"default","site-content-layout":"default","ast-site-content-layout":"default","site-content-style":"default","site-sidebar-style":"default","ast-global-header-display":"","ast-banner-title-visibility":"","ast-main-header-display":"","ast-hfb-above-header-display":"","ast-hfb-below-header-display":"","ast-hfb-mobile-header-display":"","site-post-title":"","ast-breadcrumbs-content":"","ast-featured-img":"disabled","footer-sml-layout":"","ast-disable-related-posts":"","theme-transparent-header-meta":"default","adv-header-id-meta":"","stick-header-meta":"","header-above-stick-meta":"","header-main-stick-meta":"","header-below-stick-meta":"","astra-migrate-meta-layouts":"default","ast-page-background-enabled":"default","ast-page-background-meta":{"desktop":{"background-color":"","background-image":"","background-repeat":"repeat","background-position":"center center","background-size":"auto","background-attachment":"scroll","background-type":"","background-media":"","overlay-type":"","overlay-color":"","overlay-opacity":"","overlay-gradient":""},"tablet":{"background-color":"","background-image":"","background-repeat":"repeat","background-position":"center center","background-size":"auto","background-attachment":"scroll","background-type":"","background-media":"","overlay-type":"","overlay-color":"","overlay-opacity":"","overlay-gradient":""},"mobile":{"background-color":"","background-image":"","background-repeat":"repeat","background-position":"center center","background-size":"auto","background-attachment":"scroll","background-type":"","background-media":"","overlay-type":"","overlay-color":"","overlay-opacity":"","overlay-gradient":""}},"ast-content-background-meta":{"desktop":{"background-color":"var(--ast-global-color-5)","background-image":"","background-repeat":"repeat","background-position":"center center","background-size":"auto","background-attachment":"scroll","background-type":"","background-media":"","overlay-type":"","overlay-color":"","overlay-opacity":"","overlay-gradient":""},"tablet":{"background-color":"var(--ast-global-color-5)","background-image":"","background-repeat":"repeat","background-position":"center center","background-size":"auto","background-attachment":"scroll","background-type":"","background-media":"","overlay-type":"","overlay-color":"","overlay-opacity":"","overlay-gradient":""},"mobile":{"background-color":"var(--ast-global-color-5)","background-image":"","background-repeat":"repeat","background-position":"center center","background-size":"auto","background-attachment":"scroll","background-type":"","background-media":"","overlay-type":"","overlay-color":"","overlay-opacity":"","overlay-gradient":""}},"footnotes":""},"class_list":["post-822","page","type-page","status-publish","hentry"],"yoast_head":"<!-- This site is optimized with the Yoast SEO plugin v26.7 - https:\/\/yoast.com\/wordpress\/plugins\/seo\/ -->\n<title>Le Forum Mondial du Travail - Comit\u00e9 de Lausanne - C-PROACTIF<\/title>\n<meta name=\"description\" content=\"En Juin 2019, \u00e0 Manille a eu lieu le premier Forum Mondial du Travail, organis\u00e9 par le Comit\u00e9 de Lausanne pour mobiliser les chr\u00e9tiens au travail.\" \/>\n<meta name=\"robots\" content=\"noindex, follow, max-snippet:-1, max-image-preview:large, max-video-preview:-1\" \/>\n<meta property=\"og:locale\" content=\"fr_FR\" \/>\n<meta property=\"og:type\" content=\"article\" \/>\n<meta property=\"og:title\" content=\"Le Forum Mondial du Travail - Comit\u00e9 de Lausanne - C-PROACTIF\" \/>\n<meta property=\"og:description\" content=\"En Juin 2019, \u00e0 Manille a eu lieu le premier Forum Mondial du Travail, organis\u00e9 par le Comit\u00e9 de Lausanne pour mobiliser les chr\u00e9tiens au travail.\" \/>\n<meta property=\"og:url\" content=\"https:\/\/wp-sites.ccci.org\/c-proactif\/forum-mondial-du-travail\/\" \/>\n<meta property=\"og:site_name\" content=\"C-PROACTIF\" \/>\n<meta property=\"article:modified_time\" content=\"2021-07-29T18:02:46+00:00\" \/>\n<meta name=\"twitter:card\" content=\"summary_large_image\" \/>\n<meta name=\"twitter:label1\" content=\"Dur\u00e9e de lecture estim\u00e9e\" \/>\n\t<meta name=\"twitter:data1\" content=\"4 minutes\" \/>\n<script type=\"application\/ld+json\" class=\"yoast-schema-graph\">{\"@context\":\"https:\/\/schema.org\",\"@graph\":[{\"@type\":\"WebPage\",\"@id\":\"https:\/\/wp-sites.ccci.org\/c-proactif\/forum-mondial-du-travail\/\",\"url\":\"https:\/\/wp-sites.ccci.org\/c-proactif\/forum-mondial-du-travail\/\",\"name\":\"Le Forum Mondial du Travail - Comit\u00e9 de Lausanne - C-PROACTIF\",\"isPartOf\":{\"@id\":\"https:\/\/wp-sites.ccci.org\/c-proactif\/#website\"},\"datePublished\":\"2019-08-15T10:22:57+00:00\",\"dateModified\":\"2021-07-29T18:02:46+00:00\",\"description\":\"En Juin 2019, \u00e0 Manille a eu lieu le premier Forum Mondial du Travail, organis\u00e9 par le Comit\u00e9 de Lausanne pour mobiliser les chr\u00e9tiens au travail.\",\"breadcrumb\":{\"@id\":\"https:\/\/wp-sites.ccci.org\/c-proactif\/forum-mondial-du-travail\/#breadcrumb\"},\"inLanguage\":\"fr-FR\",\"potentialAction\":[{\"@type\":\"ReadAction\",\"target\":[\"https:\/\/wp-sites.ccci.org\/c-proactif\/forum-mondial-du-travail\/\"]}]},{\"@type\":\"BreadcrumbList\",\"@id\":\"https:\/\/wp-sites.ccci.org\/c-proactif\/forum-mondial-du-travail\/#breadcrumb\",\"itemListElement\":[{\"@type\":\"ListItem\",\"position\":1,\"name\":\"Accueil\",\"item\":\"https:\/\/wp-sites.ccci.org\/c-proactif\/\"},{\"@type\":\"ListItem\",\"position\":2,\"name\":\"Le Forum Mondial du Travail &#8211; Comit\u00e9 de Lausanne\"}]},{\"@type\":\"WebSite\",\"@id\":\"https:\/\/wp-sites.ccci.org\/c-proactif\/#website\",\"url\":\"https:\/\/wp-sites.ccci.org\/c-proactif\/\",\"name\":\"C-PROACTIF\",\"description\":\"R\u00e9seau professionnel chr\u00e9tien\",\"publisher\":{\"@id\":\"https:\/\/wp-sites.ccci.org\/c-proactif\/#organization\"},\"potentialAction\":[{\"@type\":\"SearchAction\",\"target\":{\"@type\":\"EntryPoint\",\"urlTemplate\":\"https:\/\/wp-sites.ccci.org\/c-proactif\/?s={search_term_string}\"},\"query-input\":{\"@type\":\"PropertyValueSpecification\",\"valueRequired\":true,\"valueName\":\"search_term_string\"}}],\"inLanguage\":\"fr-FR\"},{\"@type\":\"Organization\",\"@id\":\"https:\/\/wp-sites.ccci.org\/c-proactif\/#organization\",\"name\":\"C-PROACTIF\",\"url\":\"https:\/\/wp-sites.ccci.org\/c-proactif\/\",\"logo\":{\"@type\":\"ImageObject\",\"inLanguage\":\"fr-FR\",\"@id\":\"https:\/\/wp-sites.ccci.org\/c-proactif\/#\/schema\/logo\/image\/\",\"url\":\"https:\/\/wp-sites.ccci.org\/c-proactif\/wp-content\/uploads\/sites\/393\/2021\/05\/logo-baseline-blanc-300.png\",\"contentUrl\":\"https:\/\/wp-sites.ccci.org\/c-proactif\/wp-content\/uploads\/sites\/393\/2021\/05\/logo-baseline-blanc-300.png\",\"width\":300,\"height\":113,\"caption\":\"C-PROACTIF\"},\"image\":{\"@id\":\"https:\/\/wp-sites.ccci.org\/c-proactif\/#\/schema\/logo\/image\/\"}}]}<\/script>\n<!-- \/ Yoast SEO plugin. -->","yoast_head_json":{"title":"Le Forum Mondial du Travail - Comit\u00e9 de Lausanne - C-PROACTIF","description":"En Juin 2019, \u00e0 Manille a eu lieu le premier Forum Mondial du Travail, organis\u00e9 par le Comit\u00e9 de Lausanne pour mobiliser les chr\u00e9tiens au travail.","robots":{"index":"noindex","follow":"follow","max-snippet":"max-snippet:-1","max-image-preview":"max-image-preview:large","max-video-preview":"max-video-preview:-1"},"og_locale":"fr_FR","og_type":"article","og_title":"Le Forum Mondial du Travail - Comit\u00e9 de Lausanne - C-PROACTIF","og_description":"En Juin 2019, \u00e0 Manille a eu lieu le premier Forum Mondial du Travail, organis\u00e9 par le Comit\u00e9 de Lausanne pour mobiliser les chr\u00e9tiens au travail.","og_url":"https:\/\/wp-sites.ccci.org\/c-proactif\/forum-mondial-du-travail\/","og_site_name":"C-PROACTIF","article_modified_time":"2021-07-29T18:02:46+00:00","twitter_card":"summary_large_image","twitter_misc":{"Dur\u00e9e de lecture estim\u00e9e":"4 minutes"},"schema":{"@context":"https:\/\/schema.org","@graph":[{"@type":"WebPage","@id":"https:\/\/wp-sites.ccci.org\/c-proactif\/forum-mondial-du-travail\/","url":"https:\/\/wp-sites.ccci.org\/c-proactif\/forum-mondial-du-travail\/","name":"Le Forum Mondial du Travail - Comit\u00e9 de Lausanne - C-PROACTIF","isPartOf":{"@id":"https:\/\/wp-sites.ccci.org\/c-proactif\/#website"},"datePublished":"2019-08-15T10:22:57+00:00","dateModified":"2021-07-29T18:02:46+00:00","description":"En Juin 2019, \u00e0 Manille a eu lieu le premier Forum Mondial du Travail, organis\u00e9 par le Comit\u00e9 de Lausanne pour mobiliser les chr\u00e9tiens au travail.","breadcrumb":{"@id":"https:\/\/wp-sites.ccci.org\/c-proactif\/forum-mondial-du-travail\/#breadcrumb"},"inLanguage":"fr-FR","potentialAction":[{"@type":"ReadAction","target":["https:\/\/wp-sites.ccci.org\/c-proactif\/forum-mondial-du-travail\/"]}]},{"@type":"BreadcrumbList","@id":"https:\/\/wp-sites.ccci.org\/c-proactif\/forum-mondial-du-travail\/#breadcrumb","itemListElement":[{"@type":"ListItem","position":1,"name":"Accueil","item":"https:\/\/wp-sites.ccci.org\/c-proactif\/"},{"@type":"ListItem","position":2,"name":"Le Forum Mondial du Travail &#8211; Comit\u00e9 de Lausanne"}]},{"@type":"WebSite","@id":"https:\/\/wp-sites.ccci.org\/c-proactif\/#website","url":"https:\/\/wp-sites.ccci.org\/c-proactif\/","name":"C-PROACTIF","description":"R\u00e9seau professionnel chr\u00e9tien","publisher":{"@id":"https:\/\/wp-sites.ccci.org\/c-proactif\/#organization"},"potentialAction":[{"@type":"SearchAction","target":{"@type":"EntryPoint","urlTemplate":"https:\/\/wp-sites.ccci.org\/c-proactif\/?s={search_term_string}"},"query-input":{"@type":"PropertyValueSpecification","valueRequired":true,"valueName":"search_term_string"}}],"inLanguage":"fr-FR"},{"@type":"Organization","@id":"https:\/\/wp-sites.ccci.org\/c-proactif\/#organization","name":"C-PROACTIF","url":"https:\/\/wp-sites.ccci.org\/c-proactif\/","logo":{"@type":"ImageObject","inLanguage":"fr-FR","@id":"https:\/\/wp-sites.ccci.org\/c-proactif\/#\/schema\/logo\/image\/","url":"https:\/\/wp-sites.ccci.org\/c-proactif\/wp-content\/uploads\/sites\/393\/2021\/05\/logo-baseline-blanc-300.png","contentUrl":"https:\/\/wp-sites.ccci.org\/c-proactif\/wp-content\/uploads\/sites\/393\/2021\/05\/logo-baseline-blanc-300.png","width":300,"height":113,"caption":"C-PROACTIF"},"image":{"@id":"https:\/\/wp-sites.ccci.org\/c-proactif\/#\/schema\/logo\/image\/"}}]}},"meta_box":[],"_links":{"self":[{"href":"https:\/\/wp-sites.ccci.org\/c-proactif\/wp-json\/wp\/v2\/pages\/822","targetHints":{"allow":["GET"]}}],"collection":[{"href":"https:\/\/wp-sites.ccci.org\/c-proactif\/wp-json\/wp\/v2\/pages"}],"about":[{"href":"https:\/\/wp-sites.ccci.org\/c-proactif\/wp-json\/wp\/v2\/types\/page"}],"author":[{"embeddable":true,"href":"https:\/\/wp-sites.ccci.org\/c-proactif\/wp-json\/wp\/v2\/users\/14333"}],"replies":[{"embeddable":true,"href":"https:\/\/wp-sites.ccci.org\/c-proactif\/wp-json\/wp\/v2\/comments?post=822"}],"version-history":[{"count":15,"href":"https:\/\/wp-sites.ccci.org\/c-proactif\/wp-json\/wp\/v2\/pages\/822\/revisions"}],"predecessor-version":[{"id":6815,"href":"https:\/\/wp-sites.ccci.org\/c-proactif\/wp-json\/wp\/v2\/pages\/822\/revisions\/6815"}],"wp:attachment":[{"href":"https:\/\/wp-sites.ccci.org\/c-proactif\/wp-json\/wp\/v2\/media?parent=822"}],"curies":[{"name":"wp","href":"https:\/\/api.w.org\/{rel}","templated":true}]}}