{"id":880,"date":"2019-08-19T15:35:42","date_gmt":"2019-08-19T13:35:42","guid":{"rendered":"https:\/\/test.c-proactif.org\/?page_id=880"},"modified":"2021-09-14T10:03:25","modified_gmt":"2021-09-14T08:03:25","slug":"partenaires","status":"publish","type":"page","link":"https:\/\/wp-sites.ccci.org\/c-proactif\/partenaires\/","title":{"rendered":"Partenaires"},"content":{"rendered":"\t\t<div data-elementor-type=\"wp-post\" data-elementor-id=\"880\" class=\"elementor elementor-880\" data-elementor-post-type=\"page\">\n\t\t\t\t\t\t<section data-particle_enable=\"false\" data-particle-mobile-disabled=\"false\" class=\"elementor-section elementor-top-section elementor-element elementor-element-5588872 elementor-section-boxed elementor-section-height-default elementor-section-height-default\" data-id=\"5588872\" data-element_type=\"section\">\n\t\t\t\t\t\t<div class=\"elementor-container elementor-column-gap-default\">\n\t\t\t\t\t<div class=\"elementor-column elementor-col-100 elementor-top-column elementor-element elementor-element-dfb32e8\" data-id=\"dfb32e8\" data-element_type=\"column\">\n\t\t\t<div class=\"elementor-widget-wrap elementor-element-populated\">\n\t\t\t\t\t\t<div class=\"elementor-element elementor-element-cd2ff48 elementor-widget elementor-widget-text-editor\" data-id=\"cd2ff48\" data-element_type=\"widget\" data-widget_type=\"text-editor.default\">\n\t\t\t\t<div class=\"elementor-widget-container\">\n\t\t\t\t\t\t\t\t\t<p>Le r\u00e9seau C-PROACTIF rassemble des chr\u00e9tiens de toutes origines religieuses et socio-professionnelles, impliqu\u00e9s dans la vie active.<br \/>Il valorise la compl\u00e9mentarit\u00e9 et la diversit\u00e9 car celles-ci sont n\u00e9cessaires pour cr\u00e9er d\u00e9bat et consensus.<br \/>Il s\u2019appuie sur les comp\u00e9tences de tous ses membres, d\u00e9sireux de contribuer \u00e0 l\u2019\u00e9dification collective.<br \/>Quels que soient votre m\u00e9tier, votre secteur d\u2019activit\u00e9 et votre origine socio-professionnelle, votre participation \u00e0 tous est bienvenue !<\/p>\t\t\t\t\t\t\t\t<\/div>\n\t\t\t\t<\/div>\n\t\t\t\t\t<\/div>\n\t\t<\/div>\n\t\t\t\t\t<\/div>\n\t\t<\/section>\n\t\t\t\t<section data-particle_enable=\"false\" data-particle-mobile-disabled=\"false\" class=\"elementor-section elementor-top-section elementor-element elementor-element-c571d70 elementor-section-boxed elementor-section-height-default elementor-section-height-default\" data-id=\"c571d70\" data-element_type=\"section\" data-settings=\"{&quot;background_background&quot;:&quot;classic&quot;}\">\n\t\t\t\t\t\t<div class=\"elementor-container elementor-column-gap-default\">\n\t\t\t\t\t<div class=\"elementor-column elementor-col-100 elementor-top-column elementor-element elementor-element-1659005\" data-id=\"1659005\" data-element_type=\"column\">\n\t\t\t<div class=\"elementor-widget-wrap elementor-element-populated\">\n\t\t\t\t\t\t<div class=\"elementor-element elementor-element-1efd179 epigraph elementor-widget elementor-widget-heading\" data-id=\"1efd179\" data-element_type=\"widget\" data-widget_type=\"heading.default\">\n\t\t\t\t<div class=\"elementor-widget-container\">\n\t\t\t\t\t<p class=\"elementor-heading-title elementor-size-default\">C-PROACTIF est un minist\u00e8re d\u2019Agap\u00e9 France\u200b en partenariat avec plusieurs associations chr\u00e9tiennes fortement engag\u00e9es dans le t\u00e9moignage au sein de la sph\u00e8re professionnelle :\u200b<\/p>\t\t\t\t<\/div>\n\t\t\t\t<\/div>\n\t\t\t\t\t<\/div>\n\t\t<\/div>\n\t\t\t\t\t<\/div>\n\t\t<\/section>\n\t\t\t\t<section data-particle_enable=\"false\" data-particle-mobile-disabled=\"false\" class=\"elementor-section elementor-top-section elementor-element elementor-element-1e4b58a white-box-same-height image-limited-height elementor-section-boxed elementor-section-height-default elementor-section-height-default\" data-id=\"1e4b58a\" data-element_type=\"section\" data-settings=\"{&quot;background_background&quot;:&quot;classic&quot;}\">\n\t\t\t\t\t\t<div class=\"elementor-container elementor-column-gap-default\">\n\t\t\t\t\t<div class=\"elementor-column elementor-col-25 elementor-top-column elementor-element elementor-element-7b93093\" data-id=\"7b93093\" data-element_type=\"column\">\n\t\t\t<div class=\"elementor-widget-wrap elementor-element-populated\">\n\t\t\t\t\t\t<div class=\"elementor-element elementor-element-98da05f elementor-position-top elementor-widget elementor-widget-image-box\" data-id=\"98da05f\" data-element_type=\"widget\" data-widget_type=\"image-box.default\">\n\t\t\t\t<div class=\"elementor-widget-container\">\n\t\t\t\t\t<div class=\"elementor-image-box-wrapper\"><figure class=\"elementor-image-box-img\"><a href=\"https:\/\/www.agapefrance.org\/\" target=\"_blank\" tabindex=\"-1\"><img fetchpriority=\"high\" decoding=\"async\" width=\"700\" height=\"300\" src=\"https:\/\/wp-sites.ccci.org\/c-proactif\/wp-content\/uploads\/sites\/393\/2019\/08\/agape-france.png\" class=\"attachment-full size-full wp-image-883\" alt=\"\" srcset=\"https:\/\/wp-sites.ccci.org\/c-proactif\/wp-content\/uploads\/sites\/393\/2019\/08\/agape-france.png 700w, https:\/\/wp-sites.ccci.org\/c-proactif\/wp-content\/uploads\/sites\/393\/2019\/08\/agape-france.png?resize=300,129 300w\" sizes=\"(max-width: 700px) 100vw, 700px\" \/><\/a><\/figure><div class=\"elementor-image-box-content\"><p class=\"elementor-image-box-description\">soutient les chr\u00e9tiens des diff\u00e9rents secteurs de la soci\u00e9t\u00e9 civile \u00e0 travers ses outils, ses s\u00e9minaires, et ses minist\u00e8res d\u00e9di\u00e9s (sport, \u00e9tudiants, vie pro, femmes, famille, medias\u2026).<\/p><\/div><\/div>\t\t\t\t<\/div>\n\t\t\t\t<\/div>\n\t\t\t\t\t<\/div>\n\t\t<\/div>\n\t\t\t\t<div class=\"elementor-column elementor-col-25 elementor-top-column elementor-element elementor-element-536b4da\" data-id=\"536b4da\" data-element_type=\"column\">\n\t\t\t<div class=\"elementor-widget-wrap elementor-element-populated\">\n\t\t\t\t\t\t<div class=\"elementor-element elementor-element-1831d74 elementor-position-top elementor-widget elementor-widget-image-box\" data-id=\"1831d74\" data-element_type=\"widget\" data-widget_type=\"image-box.default\">\n\t\t\t\t<div class=\"elementor-widget-container\">\n\t\t\t\t\t<div class=\"elementor-image-box-wrapper\"><figure class=\"elementor-image-box-img\"><a href=\"https:\/\/www.ctm-fgbmfi.fr\/\" target=\"_blank\" tabindex=\"-1\"><img decoding=\"async\" width=\"150\" height=\"91\" src=\"https:\/\/wp-sites.ccci.org\/c-proactif\/wp-content\/uploads\/sites\/393\/2019\/08\/logo-CTM.png\" class=\"attachment-full size-full wp-image-938\" alt=\"\" \/><\/a><\/figure><div class=\"elementor-image-box-content\"><p class=\"elementor-image-box-description\">mobilise les chr\u00e9tiens de tous les secteurs professionnels  \u00e0 travers ses s\u00e9minaires, sa convention annuelle et ses groupes locaux.<\/p><\/div><\/div>\t\t\t\t<\/div>\n\t\t\t\t<\/div>\n\t\t\t\t\t<\/div>\n\t\t<\/div>\n\t\t\t\t<div class=\"elementor-column elementor-col-25 elementor-top-column elementor-element elementor-element-03a749c\" data-id=\"03a749c\" data-element_type=\"column\">\n\t\t\t<div class=\"elementor-widget-wrap elementor-element-populated\">\n\t\t\t\t\t\t<div class=\"elementor-element elementor-element-7ab8dbc elementor-position-top elementor-widget elementor-widget-image-box\" data-id=\"7ab8dbc\" data-element_type=\"widget\" data-widget_type=\"image-box.default\">\n\t\t\t\t<div class=\"elementor-widget-container\">\n\t\t\t\t\t<div class=\"elementor-image-box-wrapper\"><figure class=\"elementor-image-box-img\"><a href=\"http:\/\/www.gbe-france.org\/\" target=\"_blank\" tabindex=\"-1\"><img decoding=\"async\" width=\"150\" height=\"123\" src=\"https:\/\/wp-sites.ccci.org\/c-proactif\/wp-content\/uploads\/sites\/393\/2019\/08\/GBE-logo-1.png\" class=\"attachment-full size-full wp-image-940\" alt=\"\" \/><\/a><\/figure><div class=\"elementor-image-box-content\"><p class=\"elementor-image-box-description\">centrent leurs activit\u00e9s sur la mise en place de groupes de discussion locaux en entreprise qui favorisent le partage et la d\u00e9couverte de la Bible.<\/p><\/div><\/div>\t\t\t\t<\/div>\n\t\t\t\t<\/div>\n\t\t\t\t\t<\/div>\n\t\t<\/div>\n\t\t\t\t<div class=\"elementor-column elementor-col-25 elementor-top-column elementor-element elementor-element-89707fe\" data-id=\"89707fe\" data-element_type=\"column\">\n\t\t\t<div class=\"elementor-widget-wrap elementor-element-populated\">\n\t\t\t\t\t\t<div class=\"elementor-element elementor-element-c94ca07 elementor-position-top elementor-widget elementor-widget-image-box\" data-id=\"c94ca07\" data-element_type=\"widget\" data-widget_type=\"image-box.default\">\n\t\t\t\t<div class=\"elementor-widget-container\">\n\t\t\t\t\t<div class=\"elementor-image-box-wrapper\"><figure class=\"elementor-image-box-img\"><a href=\"https:\/\/iccc-france.org\/\" target=\"_blank\" tabindex=\"-1\"><img loading=\"lazy\" decoding=\"async\" width=\"75\" height=\"125\" src=\"https:\/\/wp-sites.ccci.org\/c-proactif\/wp-content\/uploads\/sites\/393\/2019\/08\/ICCC-france-logo.jpg\" class=\"attachment-full size-full wp-image-884\" alt=\"\" \/><\/a><\/figure><div class=\"elementor-image-box-content\"><p class=\"elementor-image-box-description\">ICCC-France vise les entrepreneurs. Il leur propose des formations sur les principes bibliques dans les affaires : conf\u00e9rences nationale, r\u00e9gionales et groupes locaux.<\/p><\/div><\/div>\t\t\t\t<\/div>\n\t\t\t\t<\/div>\n\t\t\t\t\t<\/div>\n\t\t<\/div>\n\t\t\t\t\t<\/div>\n\t\t<\/section>\n\t\t\t\t<section data-particle_enable=\"false\" data-particle-mobile-disabled=\"false\" class=\"elementor-section elementor-top-section elementor-element elementor-element-5ecf6ee elementor-section-boxed elementor-section-height-default elementor-section-height-default\" data-id=\"5ecf6ee\" data-element_type=\"section\">\n\t\t\t\t\t\t<div class=\"elementor-container elementor-column-gap-default\">\n\t\t\t\t\t<div class=\"elementor-column elementor-col-100 elementor-top-column elementor-element elementor-element-e43b8de\" data-id=\"e43b8de\" data-element_type=\"column\">\n\t\t\t<div class=\"elementor-widget-wrap elementor-element-populated\">\n\t\t\t\t\t\t<div class=\"elementor-element elementor-element-544515d elementor-widget elementor-widget-spacer\" data-id=\"544515d\" data-element_type=\"widget\" data-widget_type=\"spacer.default\">\n\t\t\t\t<div class=\"elementor-widget-container\">\n\t\t\t\t\t\t\t<div class=\"elementor-spacer\">\n\t\t\t<div class=\"elementor-spacer-inner\"><\/div>\n\t\t<\/div>\n\t\t\t\t\t\t<\/div>\n\t\t\t\t<\/div>\n\t\t\t\t<div class=\"elementor-element elementor-element-77ef129 epigraph elementor-widget elementor-widget-heading\" data-id=\"77ef129\" data-element_type=\"widget\" data-widget_type=\"heading.default\">\n\t\t\t\t<div class=\"elementor-widget-container\">\n\t\t\t\t\t<p class=\"elementor-heading-title elementor-size-default\">C-PROACTIF s'inscrit en communion de pens\u00e9e et d'action avec deux mouvements importants du protestantisme \u00e9vang\u00e9lique\u00a0:<\/p>\t\t\t\t<\/div>\n\t\t\t\t<\/div>\n\t\t\t\t\t<\/div>\n\t\t<\/div>\n\t\t\t\t\t<\/div>\n\t\t<\/section>\n\t\t\t\t<section data-particle_enable=\"false\" data-particle-mobile-disabled=\"false\" class=\"elementor-section elementor-top-section elementor-element elementor-element-857c7b6 elementor-section-boxed elementor-section-height-default elementor-section-height-default\" data-id=\"857c7b6\" data-element_type=\"section\">\n\t\t\t\t\t\t<div class=\"elementor-container elementor-column-gap-default\">\n\t\t\t\t\t<div class=\"elementor-column elementor-col-50 elementor-top-column elementor-element elementor-element-866eb86\" data-id=\"866eb86\" data-element_type=\"column\">\n\t\t\t<div class=\"elementor-widget-wrap elementor-element-populated\">\n\t\t\t\t\t\t<div class=\"elementor-element elementor-element-4039b2e elementor-position-top elementor-widget elementor-widget-image-box\" data-id=\"4039b2e\" data-element_type=\"widget\" data-widget_type=\"image-box.default\">\n\t\t\t\t<div class=\"elementor-widget-container\">\n\t\t\t\t\t<div class=\"elementor-image-box-wrapper\"><figure class=\"elementor-image-box-img\"><a href=\"https:\/\/www.lecnef.org\/page\/170867-le-cnef\" target=\"_blank\" tabindex=\"-1\"><img loading=\"lazy\" decoding=\"async\" width=\"1200\" height=\"575\" src=\"https:\/\/wp-sites.ccci.org\/c-proactif\/wp-content\/uploads\/sites\/393\/2019\/08\/Logo-CNEF-long.jpeg\" class=\"attachment-full size-full wp-image-941\" alt=\"\" srcset=\"https:\/\/wp-sites.ccci.org\/c-proactif\/wp-content\/uploads\/sites\/393\/2019\/08\/Logo-CNEF-long.jpeg 1333w, https:\/\/wp-sites.ccci.org\/c-proactif\/wp-content\/uploads\/sites\/393\/2019\/08\/Logo-CNEF-long.jpeg?resize=300,144 300w, https:\/\/wp-sites.ccci.org\/c-proactif\/wp-content\/uploads\/sites\/393\/2019\/08\/Logo-CNEF-long.jpeg?resize=768,368 768w, https:\/\/wp-sites.ccci.org\/c-proactif\/wp-content\/uploads\/sites\/393\/2019\/08\/Logo-CNEF-long.jpeg?resize=1024,491 1024w\" sizes=\"(max-width: 1200px) 100vw, 1200px\" \/><\/a><\/figure><div class=\"elementor-image-box-content\"><h3 class=\"elementor-image-box-title\"><a href=\"https:\/\/www.lecnef.org\/page\/170867-le-cnef\" target=\"_blank\">Le Conseil National des \u00e9vang\u00e9liques de France <\/a><\/h3><p class=\"elementor-image-box-description\">C-PROACTIF adh\u00e8re \u00e0 sa confession de foi et inscrit toutes ses actions dans le cadre de son code d\u00e9ontologique   et de ses missions pour l'\u00e9vang\u00e9lisation et la croissance de l'Eglise. <\/p><\/div><\/div>\t\t\t\t<\/div>\n\t\t\t\t<\/div>\n\t\t\t\t\t<\/div>\n\t\t<\/div>\n\t\t\t\t<div class=\"elementor-column elementor-col-50 elementor-top-column elementor-element elementor-element-b2c7edc\" data-id=\"b2c7edc\" data-element_type=\"column\">\n\t\t\t<div class=\"elementor-widget-wrap elementor-element-populated\">\n\t\t\t\t\t\t<div class=\"elementor-element elementor-element-3bae59f elementor-position-top elementor-widget elementor-widget-image-box\" data-id=\"3bae59f\" data-element_type=\"widget\" data-widget_type=\"image-box.default\">\n\t\t\t\t<div class=\"elementor-widget-container\">\n\t\t\t\t\t<div class=\"elementor-image-box-wrapper\"><figure class=\"elementor-image-box-img\"><a href=\"https:\/\/wp-sites.ccci.org\/c-proactif\/\/forum-mondial-du-travail\/\" target=\"_blank\" tabindex=\"-1\"><img loading=\"lazy\" decoding=\"async\" width=\"326\" height=\"88\" src=\"https:\/\/wp-sites.ccci.org\/c-proactif\/wp-content\/uploads\/sites\/393\/2019\/08\/logo-lausanne.png\" class=\"attachment-full size-full wp-image-942\" alt=\"\" srcset=\"https:\/\/wp-sites.ccci.org\/c-proactif\/wp-content\/uploads\/sites\/393\/2019\/08\/logo-lausanne.png 326w, https:\/\/wp-sites.ccci.org\/c-proactif\/wp-content\/uploads\/sites\/393\/2019\/08\/logo-lausanne.png?resize=300,81 300w\" sizes=\"(max-width: 326px) 100vw, 326px\" \/><\/a><\/figure><div class=\"elementor-image-box-content\"><h3 class=\"elementor-image-box-title\"><a href=\"https:\/\/wp-sites.ccci.org\/c-proactif\/\/forum-mondial-du-travail\/\" target=\"_blank\">Le mouvement de Lausanne <\/a><\/h3><p class=\"elementor-image-box-description\">C-PROACTIF s'inscrit dans toutes les directives du Comit\u00e9 de Lausanne pour la mission sur le lieu de travail, telles qu'elles ont \u00e9t\u00e9 d\u00e9finies lors du Forum Mondial du Travail (en 2019) et de l\u2019engagement du Cap (en 2010). <\/p><\/div><\/div>\t\t\t\t<\/div>\n\t\t\t\t<\/div>\n\t\t\t\t\t<\/div>\n\t\t<\/div>\n\t\t\t\t\t<\/div>\n\t\t<\/section>\n\t\t\t\t<\/div>\n\t\t","protected":false},"excerpt":{"rendered":"<p>Le r\u00e9seau C-PROACTIF rassemble des chr\u00e9tiens de toutes origines religieuses et socio-professionnelles, impliqu\u00e9s dans la vie active. Il valorise la compl\u00e9mentarit\u00e9 et la diversit\u00e9 car celles-ci sont n\u00e9cessaires pour cr\u00e9er [&hellip;]<\/p>\n","protected":false},"author":14333,"featured_media":0,"parent":0,"menu_order":0,"comment_status":"closed","ping_status":"closed","template":"","meta":{"site-sidebar-layout":"default","site-content-layout":"default","ast-site-content-layout":"default","site-content-style":"default","site-sidebar-style":"default","ast-global-header-display":"","ast-banner-title-visibility":"","ast-main-header-display":"","ast-hfb-above-header-display":"","ast-hfb-below-header-display":"","ast-hfb-mobile-header-display":"","site-post-title":"","ast-breadcrumbs-content":"","ast-featured-img":"disabled","footer-sml-layout":"","ast-disable-related-posts":"","theme-transparent-header-meta":"default","adv-header-id-meta":"","stick-header-meta":"","header-above-stick-meta":"","header-main-stick-meta":"","header-below-stick-meta":"","astra-migrate-meta-layouts":"default","ast-page-background-enabled":"default","ast-page-background-meta":{"desktop":{"background-color":"","background-image":"","background-repeat":"repeat","background-position":"center center","background-size":"auto","background-attachment":"scroll","background-type":"","background-media":"","overlay-type":"","overlay-color":"","overlay-opacity":"","overlay-gradient":""},"tablet":{"background-color":"","background-image":"","background-repeat":"repeat","background-position":"center center","background-size":"auto","background-attachment":"scroll","background-type":"","background-media":"","overlay-type":"","overlay-color":"","overlay-opacity":"","overlay-gradient":""},"mobile":{"background-color":"","background-image":"","background-repeat":"repeat","background-position":"center center","background-size":"auto","background-attachment":"scroll","background-type":"","background-media":"","overlay-type":"","overlay-color":"","overlay-opacity":"","overlay-gradient":""}},"ast-content-background-meta":{"desktop":{"background-color":"var(--ast-global-color-5)","background-image":"","background-repeat":"repeat","background-position":"center center","background-size":"auto","background-attachment":"scroll","background-type":"","background-media":"","overlay-type":"","overlay-color":"","overlay-opacity":"","overlay-gradient":""},"tablet":{"background-color":"var(--ast-global-color-5)","background-image":"","background-repeat":"repeat","background-position":"center center","background-size":"auto","background-attachment":"scroll","background-type":"","background-media":"","overlay-type":"","overlay-color":"","overlay-opacity":"","overlay-gradient":""},"mobile":{"background-color":"var(--ast-global-color-5)","background-image":"","background-repeat":"repeat","background-position":"center center","background-size":"auto","background-attachment":"scroll","background-type":"","background-media":"","overlay-type":"","overlay-color":"","overlay-opacity":"","overlay-gradient":""}},"footnotes":""},"class_list":["post-880","page","type-page","status-publish","hentry"],"yoast_head":"<!-- This site is optimized with the Yoast SEO plugin v26.7 - https:\/\/yoast.com\/wordpress\/plugins\/seo\/ -->\n<title>Partenaires - C-PROACTIF<\/title>\n<meta name=\"description\" content=\"C-PROACTIF, un minist\u00e8re d&#039;Agape France pour le monde du travail - en lien avec ses partenaires d\u00e9di\u00e9s : le GBE, ICCC et CTM.\" \/>\n<meta name=\"robots\" content=\"noindex, follow, max-snippet:-1, max-image-preview:large, max-video-preview:-1\" \/>\n<meta property=\"og:locale\" content=\"fr_FR\" \/>\n<meta property=\"og:type\" content=\"article\" \/>\n<meta property=\"og:title\" content=\"Partenaires - C-PROACTIF\" \/>\n<meta property=\"og:description\" content=\"C-PROACTIF, un minist\u00e8re d&#039;Agape France pour le monde du travail - en lien avec ses partenaires d\u00e9di\u00e9s : le GBE, ICCC et CTM.\" \/>\n<meta property=\"og:url\" content=\"https:\/\/wp-sites.ccci.org\/c-proactif\/partenaires\/\" \/>\n<meta property=\"og:site_name\" content=\"C-PROACTIF\" \/>\n<meta property=\"article:modified_time\" content=\"2021-09-14T08:03:25+00:00\" \/>\n<meta property=\"og:image\" content=\"https:\/\/c-proactif.org\/wp-content\/uploads\/sites\/393\/2019\/08\/agape-france.png\" \/>\n<meta name=\"twitter:card\" content=\"summary_large_image\" \/>\n<meta name=\"twitter:label1\" content=\"Dur\u00e9e de lecture estim\u00e9e\" \/>\n\t<meta name=\"twitter:data1\" content=\"3 minutes\" \/>\n<script type=\"application\/ld+json\" class=\"yoast-schema-graph\">{\"@context\":\"https:\/\/schema.org\",\"@graph\":[{\"@type\":\"WebPage\",\"@id\":\"https:\/\/wp-sites.ccci.org\/c-proactif\/partenaires\/\",\"url\":\"https:\/\/wp-sites.ccci.org\/c-proactif\/partenaires\/\",\"name\":\"Partenaires - C-PROACTIF\",\"isPartOf\":{\"@id\":\"https:\/\/wp-sites.ccci.org\/c-proactif\/#website\"},\"primaryImageOfPage\":{\"@id\":\"https:\/\/wp-sites.ccci.org\/c-proactif\/partenaires\/#primaryimage\"},\"image\":{\"@id\":\"https:\/\/wp-sites.ccci.org\/c-proactif\/partenaires\/#primaryimage\"},\"thumbnailUrl\":\"https:\/\/c-proactif.org\/wp-content\/uploads\/sites\/393\/2019\/08\/agape-france.png\",\"datePublished\":\"2019-08-19T13:35:42+00:00\",\"dateModified\":\"2021-09-14T08:03:25+00:00\",\"description\":\"C-PROACTIF, un minist\u00e8re d'Agape France pour le monde du travail - en lien avec ses partenaires d\u00e9di\u00e9s : le GBE, ICCC et CTM.\",\"breadcrumb\":{\"@id\":\"https:\/\/wp-sites.ccci.org\/c-proactif\/partenaires\/#breadcrumb\"},\"inLanguage\":\"fr-FR\",\"potentialAction\":[{\"@type\":\"ReadAction\",\"target\":[\"https:\/\/wp-sites.ccci.org\/c-proactif\/partenaires\/\"]}]},{\"@type\":\"ImageObject\",\"inLanguage\":\"fr-FR\",\"@id\":\"https:\/\/wp-sites.ccci.org\/c-proactif\/partenaires\/#primaryimage\",\"url\":\"https:\/\/c-proactif.org\/wp-content\/uploads\/sites\/393\/2019\/08\/agape-france.png\",\"contentUrl\":\"https:\/\/c-proactif.org\/wp-content\/uploads\/sites\/393\/2019\/08\/agape-france.png\"},{\"@type\":\"BreadcrumbList\",\"@id\":\"https:\/\/wp-sites.ccci.org\/c-proactif\/partenaires\/#breadcrumb\",\"itemListElement\":[{\"@type\":\"ListItem\",\"position\":1,\"name\":\"Accueil\",\"item\":\"https:\/\/wp-sites.ccci.org\/c-proactif\/\"},{\"@type\":\"ListItem\",\"position\":2,\"name\":\"Partenaires\"}]},{\"@type\":\"WebSite\",\"@id\":\"https:\/\/wp-sites.ccci.org\/c-proactif\/#website\",\"url\":\"https:\/\/wp-sites.ccci.org\/c-proactif\/\",\"name\":\"C-PROACTIF\",\"description\":\"R\u00e9seau professionnel chr\u00e9tien\",\"publisher\":{\"@id\":\"https:\/\/wp-sites.ccci.org\/c-proactif\/#organization\"},\"potentialAction\":[{\"@type\":\"SearchAction\",\"target\":{\"@type\":\"EntryPoint\",\"urlTemplate\":\"https:\/\/wp-sites.ccci.org\/c-proactif\/?s={search_term_string}\"},\"query-input\":{\"@type\":\"PropertyValueSpecification\",\"valueRequired\":true,\"valueName\":\"search_term_string\"}}],\"inLanguage\":\"fr-FR\"},{\"@type\":\"Organization\",\"@id\":\"https:\/\/wp-sites.ccci.org\/c-proactif\/#organization\",\"name\":\"C-PROACTIF\",\"url\":\"https:\/\/wp-sites.ccci.org\/c-proactif\/\",\"logo\":{\"@type\":\"ImageObject\",\"inLanguage\":\"fr-FR\",\"@id\":\"https:\/\/wp-sites.ccci.org\/c-proactif\/#\/schema\/logo\/image\/\",\"url\":\"https:\/\/wp-sites.ccci.org\/c-proactif\/wp-content\/uploads\/sites\/393\/2021\/05\/logo-baseline-blanc-300.png\",\"contentUrl\":\"https:\/\/wp-sites.ccci.org\/c-proactif\/wp-content\/uploads\/sites\/393\/2021\/05\/logo-baseline-blanc-300.png\",\"width\":300,\"height\":113,\"caption\":\"C-PROACTIF\"},\"image\":{\"@id\":\"https:\/\/wp-sites.ccci.org\/c-proactif\/#\/schema\/logo\/image\/\"}}]}<\/script>\n<!-- \/ Yoast SEO plugin. -->","yoast_head_json":{"title":"Partenaires - C-PROACTIF","description":"C-PROACTIF, un minist\u00e8re d'Agape France pour le monde du travail - en lien avec ses partenaires d\u00e9di\u00e9s : le GBE, ICCC et CTM.","robots":{"index":"noindex","follow":"follow","max-snippet":"max-snippet:-1","max-image-preview":"max-image-preview:large","max-video-preview":"max-video-preview:-1"},"og_locale":"fr_FR","og_type":"article","og_title":"Partenaires - C-PROACTIF","og_description":"C-PROACTIF, un minist\u00e8re d'Agape France pour le monde du travail - en lien avec ses partenaires d\u00e9di\u00e9s : le GBE, ICCC et CTM.","og_url":"https:\/\/wp-sites.ccci.org\/c-proactif\/partenaires\/","og_site_name":"C-PROACTIF","article_modified_time":"2021-09-14T08:03:25+00:00","og_image":[{"url":"https:\/\/c-proactif.org\/wp-content\/uploads\/sites\/393\/2019\/08\/agape-france.png","type":"","width":"","height":""}],"twitter_card":"summary_large_image","twitter_misc":{"Dur\u00e9e de lecture estim\u00e9e":"3 minutes"},"schema":{"@context":"https:\/\/schema.org","@graph":[{"@type":"WebPage","@id":"https:\/\/wp-sites.ccci.org\/c-proactif\/partenaires\/","url":"https:\/\/wp-sites.ccci.org\/c-proactif\/partenaires\/","name":"Partenaires - C-PROACTIF","isPartOf":{"@id":"https:\/\/wp-sites.ccci.org\/c-proactif\/#website"},"primaryImageOfPage":{"@id":"https:\/\/wp-sites.ccci.org\/c-proactif\/partenaires\/#primaryimage"},"image":{"@id":"https:\/\/wp-sites.ccci.org\/c-proactif\/partenaires\/#primaryimage"},"thumbnailUrl":"https:\/\/c-proactif.org\/wp-content\/uploads\/sites\/393\/2019\/08\/agape-france.png","datePublished":"2019-08-19T13:35:42+00:00","dateModified":"2021-09-14T08:03:25+00:00","description":"C-PROACTIF, un minist\u00e8re d'Agape France pour le monde du travail - en lien avec ses partenaires d\u00e9di\u00e9s : le GBE, ICCC et CTM.","breadcrumb":{"@id":"https:\/\/wp-sites.ccci.org\/c-proactif\/partenaires\/#breadcrumb"},"inLanguage":"fr-FR","potentialAction":[{"@type":"ReadAction","target":["https:\/\/wp-sites.ccci.org\/c-proactif\/partenaires\/"]}]},{"@type":"ImageObject","inLanguage":"fr-FR","@id":"https:\/\/wp-sites.ccci.org\/c-proactif\/partenaires\/#primaryimage","url":"https:\/\/c-proactif.org\/wp-content\/uploads\/sites\/393\/2019\/08\/agape-france.png","contentUrl":"https:\/\/c-proactif.org\/wp-content\/uploads\/sites\/393\/2019\/08\/agape-france.png"},{"@type":"BreadcrumbList","@id":"https:\/\/wp-sites.ccci.org\/c-proactif\/partenaires\/#breadcrumb","itemListElement":[{"@type":"ListItem","position":1,"name":"Accueil","item":"https:\/\/wp-sites.ccci.org\/c-proactif\/"},{"@type":"ListItem","position":2,"name":"Partenaires"}]},{"@type":"WebSite","@id":"https:\/\/wp-sites.ccci.org\/c-proactif\/#website","url":"https:\/\/wp-sites.ccci.org\/c-proactif\/","name":"C-PROACTIF","description":"R\u00e9seau professionnel chr\u00e9tien","publisher":{"@id":"https:\/\/wp-sites.ccci.org\/c-proactif\/#organization"},"potentialAction":[{"@type":"SearchAction","target":{"@type":"EntryPoint","urlTemplate":"https:\/\/wp-sites.ccci.org\/c-proactif\/?s={search_term_string}"},"query-input":{"@type":"PropertyValueSpecification","valueRequired":true,"valueName":"search_term_string"}}],"inLanguage":"fr-FR"},{"@type":"Organization","@id":"https:\/\/wp-sites.ccci.org\/c-proactif\/#organization","name":"C-PROACTIF","url":"https:\/\/wp-sites.ccci.org\/c-proactif\/","logo":{"@type":"ImageObject","inLanguage":"fr-FR","@id":"https:\/\/wp-sites.ccci.org\/c-proactif\/#\/schema\/logo\/image\/","url":"https:\/\/wp-sites.ccci.org\/c-proactif\/wp-content\/uploads\/sites\/393\/2021\/05\/logo-baseline-blanc-300.png","contentUrl":"https:\/\/wp-sites.ccci.org\/c-proactif\/wp-content\/uploads\/sites\/393\/2021\/05\/logo-baseline-blanc-300.png","width":300,"height":113,"caption":"C-PROACTIF"},"image":{"@id":"https:\/\/wp-sites.ccci.org\/c-proactif\/#\/schema\/logo\/image\/"}}]}},"meta_box":[],"_links":{"self":[{"href":"https:\/\/wp-sites.ccci.org\/c-proactif\/wp-json\/wp\/v2\/pages\/880","targetHints":{"allow":["GET"]}}],"collection":[{"href":"https:\/\/wp-sites.ccci.org\/c-proactif\/wp-json\/wp\/v2\/pages"}],"about":[{"href":"https:\/\/wp-sites.ccci.org\/c-proactif\/wp-json\/wp\/v2\/types\/page"}],"author":[{"embeddable":true,"href":"https:\/\/wp-sites.ccci.org\/c-proactif\/wp-json\/wp\/v2\/users\/14333"}],"replies":[{"embeddable":true,"href":"https:\/\/wp-sites.ccci.org\/c-proactif\/wp-json\/wp\/v2\/comments?post=880"}],"version-history":[{"count":7,"href":"https:\/\/wp-sites.ccci.org\/c-proactif\/wp-json\/wp\/v2\/pages\/880\/revisions"}],"predecessor-version":[{"id":8002,"href":"https:\/\/wp-sites.ccci.org\/c-proactif\/wp-json\/wp\/v2\/pages\/880\/revisions\/8002"}],"wp:attachment":[{"href":"https:\/\/wp-sites.ccci.org\/c-proactif\/wp-json\/wp\/v2\/media?parent=880"}],"curies":[{"name":"wp","href":"https:\/\/api.w.org\/{rel}","templated":true}]}}